{"id":2351,"date":"2023-08-24T14:18:41","date_gmt":"2023-08-24T12:18:41","guid":{"rendered":"https:\/\/www.vallourec.com\/our-governance\/"},"modified":"2026-04-29T12:10:10","modified_gmt":"2026-04-29T10:10:10","slug":"notre-gouvernance","status":"publish","type":"page","link":"https:\/\/www.vallourec.com\/fr\/identite\/notre-gouvernance\/","title":{"rendered":"Notre gouvernance"},"content":{"rendered":"\t\t<div data-elementor-type=\"wp-page\" data-elementor-id=\"2351\" class=\"elementor elementor-2351 elementor-1204\">\n\t\t\t\t\t\t<section class=\"elementor-section elementor-top-section elementor-element elementor-element-c9b6131 elementor-section-boxed elementor-section-height-default elementor-section-height-default\" data-id=\"c9b6131\" data-element_type=\"section\" data-e-type=\"section\">\n\t\t\t\t\t\t<div class=\"elementor-container elementor-column-gap-default\">\n\t\t\t\t\t<div class=\"elementor-column elementor-col-50 elementor-top-column elementor-element elementor-element-1569415\" data-id=\"1569415\" data-element_type=\"column\" data-e-type=\"column\">\n\t\t\t<div class=\"elementor-widget-wrap elementor-element-populated\">\n\t\t\t\t\t\t<div class=\"elementor-element elementor-element-5ae6057 elementor-widget elementor-widget-text-editor\" data-id=\"5ae6057\" data-element_type=\"widget\" data-e-type=\"widget\" data-widget_type=\"text-editor.default\">\n\t\t\t\t\t\t\t\t\t<p>Depuis le 1er juillet 2021, le mode de gouvernance de la Soci\u00e9t\u00e9 repose sur une organisation \u00e0 Conseil d&rsquo;Administration.<br \/><br \/><\/p><p>A ce jour, le Conseil d&rsquo;Administration est compos\u00e9 de 9 membres. Parmi les 9 administrateurs, 5 membres sont ind\u00e9pendants au regard des crit\u00e8res du Code AFEP-MEDEF tel qu&rsquo;appr\u00e9ci\u00e9s par le Conseil d&rsquo;Administration et deux repr\u00e9sentants des salari\u00e9s.<br \/><br \/><\/p><p>Le Conseil d&rsquo;Administration b\u00e9n\u00e9ficie des travaux de 4 Comit\u00e9s sp\u00e9cialis\u00e9s pour examiner des sujets sp\u00e9cifiques : le Comit\u00e9 d&rsquo;Audit, le Comit\u00e9 des R\u00e9mun\u00e9rations, le Comit\u00e9 des Nominations et de la Gouvernance et le Comit\u00e9 de la Responsabilit\u00e9 Sociale, Environnementale et Soci\u00e9tale (RSE).<\/p>\t\t\t\t\t\t\t\t<\/div>\n\t\t\t\t\t<\/div>\n\t\t<\/div>\n\t\t\t\t<div class=\"elementor-column elementor-col-50 elementor-top-column elementor-element elementor-element-7751904\" data-id=\"7751904\" data-element_type=\"column\" data-e-type=\"column\">\n\t\t\t<div class=\"elementor-widget-wrap elementor-element-populated\">\n\t\t\t\t\t\t<div class=\"elementor-element elementor-element-439eb94 elementor-widget elementor-widget-text-editor\" data-id=\"439eb94\" data-element_type=\"widget\" data-e-type=\"widget\" data-widget_type=\"text-editor.default\">\n\t\t\t\t\t\t\t\t\t<p>L&rsquo;organisation op\u00e9rationnelle de la Direction G\u00e9n\u00e9rale du Groupe s&rsquo;appuie par ailleurs sur un Comit\u00e9 Ex\u00e9cutif.<br \/><br \/>Vallourec se r\u00e9f\u00e8re au code AFEP-MEDEF de gouvernement d\u2019entreprise des soci\u00e9t\u00e9s cot\u00e9es.<\/p>\t\t\t\t\t\t\t\t<\/div>\n\t\t\t\t\t<\/div>\n\t\t<\/div>\n\t\t\t\t\t<\/div>\n\t\t<\/section>\n\t\t\t\t<section class=\"elementor-section elementor-top-section elementor-element elementor-element-2c1be74 elementor-section-boxed elementor-section-height-default elementor-section-height-default\" data-id=\"2c1be74\" data-element_type=\"section\" data-e-type=\"section\">\n\t\t\t\t\t\t<div class=\"elementor-container elementor-column-gap-default\">\n\t\t\t\t\t<div class=\"elementor-column elementor-col-100 elementor-top-column elementor-element elementor-element-8b1e581\" data-id=\"8b1e581\" data-element_type=\"column\" data-e-type=\"column\">\n\t\t\t<div class=\"elementor-widget-wrap elementor-element-populated\">\n\t\t\t\t\t\t<div class=\"elementor-element elementor-element-d14008e elementor-widget elementor-widget-spacer\" data-id=\"d14008e\" data-element_type=\"widget\" data-e-type=\"widget\" data-widget_type=\"spacer.default\">\n\t\t\t\t\t\t\t<div class=\"elementor-spacer\">\n\t\t\t<div class=\"elementor-spacer-inner\"><\/div>\n\t\t<\/div>\n\t\t\t\t\t\t<\/div>\n\t\t\t\t<div class=\"elementor-element elementor-element-00c3c4b elementor-widget elementor-widget-title\" data-id=\"00c3c4b\" data-element_type=\"widget\" data-e-type=\"widget\" data-widget_type=\"title.default\">\n\t\t\t\t<div class=\"elementor-widget-container\">\n\t\t\t\t\t<div>\n      <div class=\"block mb-[3rem] md:mb-none md:flex relative\">\n      <h2 class=\"w-fit title-h2 pb-2 md:pb-0 \">Comex<\/h2>\n      <div class=\"title-divider ml-0 mr-0 md:ml-3 self-center\"><\/div>\n      <p class=\"title-anchor -bottom-[2rem] md:bottom-[50%] right-0 hasAnchor\" id=\"comex\">Comex<\/p>\n    <\/div>\n  <\/div>\n\t\t\t\t<\/div>\n\t\t\t\t<\/div>\n\t\t\t\t<div class=\"elementor-element elementor-element-792ee75 elementor-widget elementor-widget-text-editor\" data-id=\"792ee75\" data-element_type=\"widget\" data-e-type=\"widget\" data-widget_type=\"text-editor.default\">\n\t\t\t\t\t\t\t\t\t<p>L\u2019\u00e9quipe dirigeante du Comex de Vallourec est en charge du pilotage du Groupe.<br \/><br \/>Elle met en \u0153uvre les d\u00e9cisions strat\u00e9giques et les orientations d\u00e9finies par le Conseil d\u2019Administration sous la pr\u00e9sidence de Philippe Guillemot.<\/p>\t\t\t\t\t\t\t\t<\/div>\n\t\t\t\t<div class=\"elementor-element elementor-element-d0a9ed4 elementor-widget elementor-widget-profiles_list\" data-id=\"d0a9ed4\" data-element_type=\"widget\" data-e-type=\"widget\" data-widget_type=\"profiles_list.default\">\n\t\t\t\t<div class=\"elementor-widget-container\">\n\t\t\t\t\t<div class=\"px-4 lg:px-0\" x-data=\"advancedTextBlocd62d09a677()\" id=\"advancedTextBlocd62d09a677\">\n  <div class=\"block md:grid md:grid-cols-3 gap-x-0 md:gap-x-16\">\n                      <div class=\"flex flex-col px-2 md:p-0\" x-data=\"{ hovering: false }\">\n  \n  <div\n    class=\"relative cursor-pointer aspect-square rounded-lg overflow-hidden\"\n    @click=\"selectId('0')\" @mouseenter=\"hovering = true\" @mouseleave=\"hovering = false\"\n  >\n    <picture class=\"absolute flex justify-center w-full h-full\">\n      <source srcset=\"\" media=\"(max-width: 639px)\">\n      <img decoding=\"async\" src=\"https:\/\/www.vallourec.com\/app\/uploads\/2023\/06\/Philippe_Guillemot_Portrait-scaled.jpg\" alt=\"\" loading=\"lazy\" class=\"w-auto h-auto object-cover select-none pointer-events-none\">\n    <\/picture>\n    <div\n      class=\"absolute bg-blue-secondary-900 w-full h-full opacity-0 transition\"\n      :class=\"{ 'opacity-50': hovering }\"\n    ><\/div>\n  <\/div>\n\n  \n  <div\n    class=\"max-w-fit mt-4 font-bold text-[1.2rem] text-left cursor-pointer transition\"\n    :class=\"{ 'text-blue-primary-brand': hovering }\"\n    @click=\"selectId('0')\" @mouseenter=\"hovering = true\" @mouseleave=\"hovering = false\"\n  >\n    Philippe Guillemot\n  <\/div>\n\n  \n  <div\n    class=\"max-w-fit mt-4 text-left flex-1 cursor-pointer transition\"\n    :class=\"{ 'text-blue-primary-brand': hovering }\"\n    @click=\"selectId('0')\" @mouseenter=\"hovering = true\" @mouseleave=\"hovering = false\"\n  >\n    Pr\u00e9sident-Directeur G\u00e9n\u00e9ral\n  <\/div>\n\n  \n  <div class=\"self-center text-blue-secondary-600 invisible icon-selected -mb-[1px]\">\n    <svg width=\"36\" height=\"33\" viewBox=\"0 0 36 33\" fill=\"currentColor\" xmlns=\"http:\/\/www.w3.org\/2000\/svg\">\n  <path d=\"M18 0L35.3205 32.4H0.679491L18 0Z\" \/>\n<\/svg>\n  <\/div>\n<\/div>\n                      <div class=\"flex flex-col px-2 md:p-0\" x-data=\"{ hovering: false }\">\n  \n  <div\n    class=\"relative cursor-pointer aspect-square rounded-lg overflow-hidden\"\n    @click=\"selectId('1')\" @mouseenter=\"hovering = true\" @mouseleave=\"hovering = false\"\n  >\n    <picture class=\"absolute flex justify-center w-full h-full\">\n      <source srcset=\"\" media=\"(max-width: 639px)\">\n      <img decoding=\"async\" src=\"https:\/\/www.vallourec.com\/app\/uploads\/2025\/12\/nathalie-delbreuve-cfo.jpg\" alt=\"\" loading=\"lazy\" class=\"w-auto h-auto object-cover select-none pointer-events-none\">\n    <\/picture>\n    <div\n      class=\"absolute bg-blue-secondary-900 w-full h-full opacity-0 transition\"\n      :class=\"{ 'opacity-50': hovering }\"\n    ><\/div>\n  <\/div>\n\n  \n  <div\n    class=\"max-w-fit mt-4 font-bold text-[1.2rem] text-left cursor-pointer transition\"\n    :class=\"{ 'text-blue-primary-brand': hovering }\"\n    @click=\"selectId('1')\" @mouseenter=\"hovering = true\" @mouseleave=\"hovering = false\"\n  >\n    Nathalie Delbreuve\n  <\/div>\n\n  \n  <div\n    class=\"max-w-fit mt-4 text-left flex-1 cursor-pointer transition\"\n    :class=\"{ 'text-blue-primary-brand': hovering }\"\n    @click=\"selectId('1')\" @mouseenter=\"hovering = true\" @mouseleave=\"hovering = false\"\n  >\n    Directrice Financi\u00e8re Groupe\n  <\/div>\n\n  \n  <div class=\"self-center text-blue-secondary-600 invisible icon-selected -mb-[1px]\">\n    <svg width=\"36\" height=\"33\" viewBox=\"0 0 36 33\" fill=\"currentColor\" xmlns=\"http:\/\/www.w3.org\/2000\/svg\">\n  <path d=\"M18 0L35.3205 32.4H0.679491L18 0Z\" \/>\n<\/svg>\n  <\/div>\n<\/div>\n                      <div class=\"flex flex-col px-2 md:p-0\" x-data=\"{ hovering: false }\">\n  \n  <div\n    class=\"relative cursor-pointer aspect-square rounded-lg overflow-hidden\"\n    @click=\"selectId('2')\" @mouseenter=\"hovering = true\" @mouseleave=\"hovering = false\"\n  >\n    <picture class=\"absolute flex justify-center w-full h-full\">\n      <source srcset=\"\" media=\"(max-width: 639px)\">\n      <img decoding=\"async\" src=\"https:\/\/www.vallourec.com\/app\/uploads\/2023\/06\/phillipe-carlier-portrait.jpg\" alt=\"\" loading=\"lazy\" class=\"w-auto h-auto object-cover select-none pointer-events-none\">\n    <\/picture>\n    <div\n      class=\"absolute bg-blue-secondary-900 w-full h-full opacity-0 transition\"\n      :class=\"{ 'opacity-50': hovering }\"\n    ><\/div>\n  <\/div>\n\n  \n  <div\n    class=\"max-w-fit mt-4 font-bold text-[1.2rem] text-left cursor-pointer transition\"\n    :class=\"{ 'text-blue-primary-brand': hovering }\"\n    @click=\"selectId('2')\" @mouseenter=\"hovering = true\" @mouseleave=\"hovering = false\"\n  >\n    Philippe Carlier\n  <\/div>\n\n  \n  <div\n    class=\"max-w-fit mt-4 text-left flex-1 cursor-pointer transition\"\n    :class=\"{ 'text-blue-primary-brand': hovering }\"\n    @click=\"selectId('2')\" @mouseenter=\"hovering = true\" @mouseleave=\"hovering = false\"\n  >\n    Directeur Process et Ing\u00e9nierie\n  <\/div>\n\n  \n  <div class=\"self-center text-blue-secondary-600 invisible icon-selected -mb-[1px]\">\n    <svg width=\"36\" height=\"33\" viewBox=\"0 0 36 33\" fill=\"currentColor\" xmlns=\"http:\/\/www.w3.org\/2000\/svg\">\n  <path d=\"M18 0L35.3205 32.4H0.679491L18 0Z\" \/>\n<\/svg>\n  <\/div>\n<\/div>\n                      <div class=\"flex flex-col px-2 md:p-0\" x-data=\"{ hovering: false }\">\n  \n  <div\n    class=\"relative cursor-pointer aspect-square rounded-lg overflow-hidden\"\n    @click=\"selectId('3')\" @mouseenter=\"hovering = true\" @mouseleave=\"hovering = false\"\n  >\n    <picture class=\"absolute flex justify-center w-full h-full\">\n      <source srcset=\"\" media=\"(max-width: 639px)\">\n      <img decoding=\"async\" src=\"https:\/\/www.vallourec.com\/app\/uploads\/2023\/08\/sarah-dib.jpg\" alt=\"\" loading=\"lazy\" class=\"w-auto h-auto object-cover select-none pointer-events-none\">\n    <\/picture>\n    <div\n      class=\"absolute bg-blue-secondary-900 w-full h-full opacity-0 transition\"\n      :class=\"{ 'opacity-50': hovering }\"\n    ><\/div>\n  <\/div>\n\n  \n  <div\n    class=\"max-w-fit mt-4 font-bold text-[1.2rem] text-left cursor-pointer transition\"\n    :class=\"{ 'text-blue-primary-brand': hovering }\"\n    @click=\"selectId('3')\" @mouseenter=\"hovering = true\" @mouseleave=\"hovering = false\"\n  >\n    Sarah Dib \n  <\/div>\n\n  \n  <div\n    class=\"max-w-fit mt-4 text-left flex-1 cursor-pointer transition\"\n    :class=\"{ 'text-blue-primary-brand': hovering }\"\n    @click=\"selectId('3')\" @mouseenter=\"hovering = true\" @mouseleave=\"hovering = false\"\n  >\n    Secr\u00e9taire G\u00e9n\u00e9rale du Groupe\n  <\/div>\n\n  \n  <div class=\"self-center text-blue-secondary-600 invisible icon-selected -mb-[1px]\">\n    <svg width=\"36\" height=\"33\" viewBox=\"0 0 36 33\" fill=\"currentColor\" xmlns=\"http:\/\/www.w3.org\/2000\/svg\">\n  <path d=\"M18 0L35.3205 32.4H0.679491L18 0Z\" \/>\n<\/svg>\n  <\/div>\n<\/div>\n                      <div class=\"flex flex-col px-2 md:p-0\" x-data=\"{ hovering: false }\">\n  \n  <div\n    class=\"relative  aspect-square rounded-lg overflow-hidden\"\n    \n  >\n    <picture class=\"absolute flex justify-center w-full h-full\">\n      <source srcset=\"\" media=\"(max-width: 639px)\">\n      <img decoding=\"async\" src=\"https:\/\/www.vallourec.com\/app\/uploads\/2025\/09\/jerome_favre_senior_vice_president_octg.jpg\" alt=\"\" loading=\"lazy\" class=\"w-auto h-auto object-cover select-none pointer-events-none\">\n    <\/picture>\n    <div\n      class=\"absolute bg-blue-secondary-900 w-full h-full opacity-0 transition\"\n      :class=\"{ 'opacity-50': hovering }\"\n    ><\/div>\n  <\/div>\n\n  \n  <div\n    class=\"max-w-fit mt-4 font-bold text-[1.2rem] text-left  transition\"\n    :class=\"{ 'text-blue-primary-brand': hovering }\"\n    \n  >\n    J\u00e9r\u00f4me Favre\n  <\/div>\n\n  \n  <div\n    class=\"max-w-fit mt-4 text-left flex-1  transition\"\n    :class=\"{ 'text-blue-primary-brand': hovering }\"\n    \n  >\n    Directeur Business Line OCTG Services et Accessoires\n  <\/div>\n\n  \n  <div class=\"self-center text-blue-secondary-600 invisible icon-selected -mb-[1px]\">\n    <svg width=\"36\" height=\"33\" viewBox=\"0 0 36 33\" fill=\"currentColor\" xmlns=\"http:\/\/www.w3.org\/2000\/svg\">\n  <path d=\"M18 0L35.3205 32.4H0.679491L18 0Z\" \/>\n<\/svg>\n  <\/div>\n<\/div>\n                      <div class=\"flex flex-col px-2 md:p-0\" x-data=\"{ hovering: false }\">\n  \n  <div\n    class=\"relative cursor-pointer aspect-square rounded-lg overflow-hidden\"\n    @click=\"selectId('5')\" @mouseenter=\"hovering = true\" @mouseleave=\"hovering = false\"\n  >\n    <picture class=\"absolute flex justify-center w-full h-full\">\n      <source srcset=\"\" media=\"(max-width: 639px)\">\n      <img decoding=\"async\" src=\"https:\/\/www.vallourec.com\/app\/uploads\/2023\/08\/valeria-fernandes.jpg\" alt=\"\" loading=\"lazy\" class=\"w-auto h-auto object-cover select-none pointer-events-none\">\n    <\/picture>\n    <div\n      class=\"absolute bg-blue-secondary-900 w-full h-full opacity-0 transition\"\n      :class=\"{ 'opacity-50': hovering }\"\n    ><\/div>\n  <\/div>\n\n  \n  <div\n    class=\"max-w-fit mt-4 font-bold text-[1.2rem] text-left cursor-pointer transition\"\n    :class=\"{ 'text-blue-primary-brand': hovering }\"\n    @click=\"selectId('5')\" @mouseenter=\"hovering = true\" @mouseleave=\"hovering = false\"\n  >\n    Valeria Fernandes \n  <\/div>\n\n  \n  <div\n    class=\"max-w-fit mt-4 text-left flex-1 cursor-pointer transition\"\n    :class=\"{ 'text-blue-primary-brand': hovering }\"\n    @click=\"selectId('5')\" @mouseenter=\"hovering = true\" @mouseleave=\"hovering = false\"\n  >\n    Directrice Digital &amp; Syst\u00e8mes d\u2019Information\n  <\/div>\n\n  \n  <div class=\"self-center text-blue-secondary-600 invisible icon-selected -mb-[1px]\">\n    <svg width=\"36\" height=\"33\" viewBox=\"0 0 36 33\" fill=\"currentColor\" xmlns=\"http:\/\/www.w3.org\/2000\/svg\">\n  <path d=\"M18 0L35.3205 32.4H0.679491L18 0Z\" \/>\n<\/svg>\n  <\/div>\n<\/div>\n                      <div class=\"flex flex-col px-2 md:p-0\" x-data=\"{ hovering: false }\">\n  \n  <div\n    class=\"relative cursor-pointer aspect-square rounded-lg overflow-hidden\"\n    @click=\"selectId('6')\" @mouseenter=\"hovering = true\" @mouseleave=\"hovering = false\"\n  >\n    <picture class=\"absolute flex justify-center w-full h-full\">\n      <source srcset=\"\" media=\"(max-width: 639px)\">\n      <img decoding=\"async\" src=\"https:\/\/www.vallourec.com\/app\/uploads\/2023\/08\/Bertrand-Frischman-portrait.jpg\" alt=\"\" loading=\"lazy\" class=\"w-auto h-auto object-cover select-none pointer-events-none\">\n    <\/picture>\n    <div\n      class=\"absolute bg-blue-secondary-900 w-full h-full opacity-0 transition\"\n      :class=\"{ 'opacity-50': hovering }\"\n    ><\/div>\n  <\/div>\n\n  \n  <div\n    class=\"max-w-fit mt-4 font-bold text-[1.2rem] text-left cursor-pointer transition\"\n    :class=\"{ 'text-blue-primary-brand': hovering }\"\n    @click=\"selectId('6')\" @mouseenter=\"hovering = true\" @mouseleave=\"hovering = false\"\n  >\n    Bertrand Frischmann \n  <\/div>\n\n  \n  <div\n    class=\"max-w-fit mt-4 text-left flex-1 cursor-pointer transition\"\n    :class=\"{ 'text-blue-primary-brand': hovering }\"\n    @click=\"selectId('6')\" @mouseenter=\"hovering = true\" @mouseleave=\"hovering = false\"\n  >\n    Directeur des Op\u00e9rations (COO)\n  <\/div>\n\n  \n  <div class=\"self-center text-blue-secondary-600 invisible icon-selected -mb-[1px]\">\n    <svg width=\"36\" height=\"33\" viewBox=\"0 0 36 33\" fill=\"currentColor\" xmlns=\"http:\/\/www.w3.org\/2000\/svg\">\n  <path d=\"M18 0L35.3205 32.4H0.679491L18 0Z\" \/>\n<\/svg>\n  <\/div>\n<\/div>\n                      <div class=\"flex flex-col px-2 md:p-0\" x-data=\"{ hovering: false }\">\n  \n  <div\n    class=\"relative  aspect-square rounded-lg overflow-hidden\"\n    \n  >\n    <picture class=\"absolute flex justify-center w-full h-full\">\n      <source srcset=\"\" media=\"(max-width: 639px)\">\n      <img decoding=\"async\" src=\"https:\/\/www.vallourec.com\/app\/uploads\/2024\/06\/andre_lacerda.jpg\" alt=\"\" loading=\"lazy\" class=\"w-auto h-auto object-cover select-none pointer-events-none\">\n    <\/picture>\n    <div\n      class=\"absolute bg-blue-secondary-900 w-full h-full opacity-0 transition\"\n      :class=\"{ 'opacity-50': hovering }\"\n    ><\/div>\n  <\/div>\n\n  \n  <div\n    class=\"max-w-fit mt-4 font-bold text-[1.2rem] text-left  transition\"\n    :class=\"{ 'text-blue-primary-brand': hovering }\"\n    \n  >\n    Andr\u00e9 Lacerda\n  <\/div>\n\n  \n  <div\n    class=\"max-w-fit mt-4 text-left flex-1  transition\"\n    :class=\"{ 'text-blue-primary-brand': hovering }\"\n    \n  >\n    Directeur Am\u00e9rique du Sud (Activit\u00e9s Tubes)\n  <\/div>\n\n  \n  <div class=\"self-center text-blue-secondary-600 invisible icon-selected -mb-[1px]\">\n    <svg width=\"36\" height=\"33\" viewBox=\"0 0 36 33\" fill=\"currentColor\" xmlns=\"http:\/\/www.w3.org\/2000\/svg\">\n  <path d=\"M18 0L35.3205 32.4H0.679491L18 0Z\" \/>\n<\/svg>\n  <\/div>\n<\/div>\n                      <div class=\"flex flex-col px-2 md:p-0\" x-data=\"{ hovering: false }\">\n  \n  <div\n    class=\"relative cursor-pointer aspect-square rounded-lg overflow-hidden\"\n    @click=\"selectId('8')\" @mouseenter=\"hovering = true\" @mouseleave=\"hovering = false\"\n  >\n    <picture class=\"absolute flex justify-center w-full h-full\">\n      <source srcset=\"\" media=\"(max-width: 639px)\">\n      <img decoding=\"async\" src=\"https:\/\/www.vallourec.com\/app\/uploads\/2023\/08\/jacky-massaglia-scaled.jpg\" alt=\"\" loading=\"lazy\" class=\"w-auto h-auto object-cover select-none pointer-events-none\">\n    <\/picture>\n    <div\n      class=\"absolute bg-blue-secondary-900 w-full h-full opacity-0 transition\"\n      :class=\"{ 'opacity-50': hovering }\"\n    ><\/div>\n  <\/div>\n\n  \n  <div\n    class=\"max-w-fit mt-4 font-bold text-[1.2rem] text-left cursor-pointer transition\"\n    :class=\"{ 'text-blue-primary-brand': hovering }\"\n    @click=\"selectId('8')\" @mouseenter=\"hovering = true\" @mouseleave=\"hovering = false\"\n  >\n    Jacky Massaglia \n  <\/div>\n\n  \n  <div\n    class=\"max-w-fit mt-4 text-left flex-1 cursor-pointer transition\"\n    :class=\"{ 'text-blue-primary-brand': hovering }\"\n    @click=\"selectId('8')\" @mouseenter=\"hovering = true\" @mouseleave=\"hovering = false\"\n  >\n    Directeur de la r\u00e9gion Am\u00e9rique du Nord\n  <\/div>\n\n  \n  <div class=\"self-center text-blue-secondary-600 invisible icon-selected -mb-[1px]\">\n    <svg width=\"36\" height=\"33\" viewBox=\"0 0 36 33\" fill=\"currentColor\" xmlns=\"http:\/\/www.w3.org\/2000\/svg\">\n  <path d=\"M18 0L35.3205 32.4H0.679491L18 0Z\" \/>\n<\/svg>\n  <\/div>\n<\/div>\n                      <div class=\"flex flex-col px-2 md:p-0\" x-data=\"{ hovering: false }\">\n  \n  <div\n    class=\"relative cursor-pointer aspect-square rounded-lg overflow-hidden\"\n    @click=\"selectId('9')\" @mouseenter=\"hovering = true\" @mouseleave=\"hovering = false\"\n  >\n    <picture class=\"absolute flex justify-center w-full h-full\">\n      <source srcset=\"\" media=\"(max-width: 639px)\">\n      <img decoding=\"async\" src=\"https:\/\/www.vallourec.com\/app\/uploads\/2023\/08\/ludovic_oster.jpg\" alt=\"\" loading=\"lazy\" class=\"w-auto h-auto object-cover select-none pointer-events-none\">\n    <\/picture>\n    <div\n      class=\"absolute bg-blue-secondary-900 w-full h-full opacity-0 transition\"\n      :class=\"{ 'opacity-50': hovering }\"\n    ><\/div>\n  <\/div>\n\n  \n  <div\n    class=\"max-w-fit mt-4 font-bold text-[1.2rem] text-left cursor-pointer transition\"\n    :class=\"{ 'text-blue-primary-brand': hovering }\"\n    @click=\"selectId('9')\" @mouseenter=\"hovering = true\" @mouseleave=\"hovering = false\"\n  >\n    Ludovic Oster \n  <\/div>\n\n  \n  <div\n    class=\"max-w-fit mt-4 text-left flex-1 cursor-pointer transition\"\n    :class=\"{ 'text-blue-primary-brand': hovering }\"\n    @click=\"selectId('9')\" @mouseenter=\"hovering = true\" @mouseleave=\"hovering = false\"\n  >\n    Directeur des Ressources Humaines du Groupe\n  <\/div>\n\n  \n  <div class=\"self-center text-blue-secondary-600 invisible icon-selected -mb-[1px]\">\n    <svg width=\"36\" height=\"33\" viewBox=\"0 0 36 33\" fill=\"currentColor\" xmlns=\"http:\/\/www.w3.org\/2000\/svg\">\n  <path d=\"M18 0L35.3205 32.4H0.679491L18 0Z\" \/>\n<\/svg>\n  <\/div>\n<\/div>\n                      <div class=\"flex flex-col px-2 md:p-0\" x-data=\"{ hovering: false }\">\n  \n  <div\n    class=\"relative cursor-pointer aspect-square rounded-lg overflow-hidden\"\n    @click=\"selectId('10')\" @mouseenter=\"hovering = true\" @mouseleave=\"hovering = false\"\n  >\n    <picture class=\"absolute flex justify-center w-full h-full\">\n      <source srcset=\"\" media=\"(max-width: 639px)\">\n      <img decoding=\"async\" src=\"https:\/\/www.vallourec.com\/app\/uploads\/2024\/02\/Damien-Rebourg_2-e1707464281909.jpg\" alt=\"\" loading=\"lazy\" class=\"w-auto h-auto object-cover select-none pointer-events-none\">\n    <\/picture>\n    <div\n      class=\"absolute bg-blue-secondary-900 w-full h-full opacity-0 transition\"\n      :class=\"{ 'opacity-50': hovering }\"\n    ><\/div>\n  <\/div>\n\n  \n  <div\n    class=\"max-w-fit mt-4 font-bold text-[1.2rem] text-left cursor-pointer transition\"\n    :class=\"{ 'text-blue-primary-brand': hovering }\"\n    @click=\"selectId('10')\" @mouseenter=\"hovering = true\" @mouseleave=\"hovering = false\"\n  >\n    Damien Rebourg\n  <\/div>\n\n  \n  <div\n    class=\"max-w-fit mt-4 text-left flex-1 cursor-pointer transition\"\n    :class=\"{ 'text-blue-primary-brand': hovering }\"\n    @click=\"selectId('10')\" @mouseenter=\"hovering = true\" @mouseleave=\"hovering = false\"\n  >\n    Directeur de la Communication et des Affaires Publiques\n  <\/div>\n\n  \n  <div class=\"self-center text-blue-secondary-600 invisible icon-selected -mb-[1px]\">\n    <svg width=\"36\" height=\"33\" viewBox=\"0 0 36 33\" fill=\"currentColor\" xmlns=\"http:\/\/www.w3.org\/2000\/svg\">\n  <path d=\"M18 0L35.3205 32.4H0.679491L18 0Z\" \/>\n<\/svg>\n  <\/div>\n<\/div>\n                      <div class=\"flex flex-col px-2 md:p-0\" x-data=\"{ hovering: false }\">\n  \n  <div\n    class=\"relative  aspect-square rounded-lg overflow-hidden\"\n    \n  >\n    <picture class=\"absolute flex justify-center w-full h-full\">\n      <source srcset=\"\" media=\"(max-width: 639px)\">\n      <img decoding=\"async\" src=\"https:\/\/www.vallourec.com\/app\/uploads\/2024\/06\/Bertrand-de-Rotalier-portrait-scaled.jpg\" alt=\"\" loading=\"lazy\" class=\"w-auto h-auto object-cover select-none pointer-events-none\">\n    <\/picture>\n    <div\n      class=\"absolute bg-blue-secondary-900 w-full h-full opacity-0 transition\"\n      :class=\"{ 'opacity-50': hovering }\"\n    ><\/div>\n  <\/div>\n\n  \n  <div\n    class=\"max-w-fit mt-4 font-bold text-[1.2rem] text-left  transition\"\n    :class=\"{ 'text-blue-primary-brand': hovering }\"\n    \n  >\n    Bertrand de Rotalier \n  <\/div>\n\n  \n  <div\n    class=\"max-w-fit mt-4 text-left flex-1  transition\"\n    :class=\"{ 'text-blue-primary-brand': hovering }\"\n    \n  >\n    Directeur Business Line New Energies, Project Line Pipe and Process\n  <\/div>\n\n  \n  <div class=\"self-center text-blue-secondary-600 invisible icon-selected -mb-[1px]\">\n    <svg width=\"36\" height=\"33\" viewBox=\"0 0 36 33\" fill=\"currentColor\" xmlns=\"http:\/\/www.w3.org\/2000\/svg\">\n  <path d=\"M18 0L35.3205 32.4H0.679491L18 0Z\" \/>\n<\/svg>\n  <\/div>\n<\/div>\n                      <div class=\"flex flex-col px-2 md:p-0\" x-data=\"{ hovering: false }\">\n  \n  <div\n    class=\"relative cursor-pointer aspect-square rounded-lg overflow-hidden\"\n    @click=\"selectId('12')\" @mouseenter=\"hovering = true\" @mouseleave=\"hovering = false\"\n  >\n    <picture class=\"absolute flex justify-center w-full h-full\">\n      <source srcset=\"\" media=\"(max-width: 639px)\">\n      <img decoding=\"async\" src=\"https:\/\/www.vallourec.com\/app\/uploads\/2023\/08\/Enrico_Schiappacasse-portrait.jpg\" alt=\"\" loading=\"lazy\" class=\"w-auto h-auto object-cover select-none pointer-events-none\">\n    <\/picture>\n    <div\n      class=\"absolute bg-blue-secondary-900 w-full h-full opacity-0 transition\"\n      :class=\"{ 'opacity-50': hovering }\"\n    ><\/div>\n  <\/div>\n\n  \n  <div\n    class=\"max-w-fit mt-4 font-bold text-[1.2rem] text-left cursor-pointer transition\"\n    :class=\"{ 'text-blue-primary-brand': hovering }\"\n    @click=\"selectId('12')\" @mouseenter=\"hovering = true\" @mouseleave=\"hovering = false\"\n  >\n    Enrico Schiappacasse \n  <\/div>\n\n  \n  <div\n    class=\"max-w-fit mt-4 text-left flex-1 cursor-pointer transition\"\n    :class=\"{ 'text-blue-primary-brand': hovering }\"\n    @click=\"selectId('12')\" @mouseenter=\"hovering = true\" @mouseleave=\"hovering = false\"\n  >\n    Directeur Strat\u00e9gie et D\u00e9veloppement\n  <\/div>\n\n  \n  <div class=\"self-center text-blue-secondary-600 invisible icon-selected -mb-[1px]\">\n    <svg width=\"36\" height=\"33\" viewBox=\"0 0 36 33\" fill=\"currentColor\" xmlns=\"http:\/\/www.w3.org\/2000\/svg\">\n  <path d=\"M18 0L35.3205 32.4H0.679491L18 0Z\" \/>\n<\/svg>\n  <\/div>\n<\/div>\n      <\/div>\n  <div class=\"hidden\" id=\"advancedTextBlocd62d09a677Hide\">\n                <div class=\"itemDescription\" id=\"advancedTextBlocd62d09a677DescriptionItem0\">\n        <div class=\"w-full rounded-[4rem] flex drop-shadow-xl mb-4 md:mb-16\">\n          <img decoding=\"async\" src=\"https:\/\/www.vallourec.com\/app\/uploads\/2023\/06\/Philippe_Guillemot-scaled.jpg\" alt=\"\" loading=\"lazy\" class=\"hidden sm:block w-0 sm:w-1\/3 md:w-1\/4 rounded-l-[0.5rem] object-cover h-[30rem]\" \/>\n        <div class=\"flex flex-col w-full sm:w-2\/3 md:w-3\/4 ml-1 p-4 text-white bg-blue-primary-brand rounded-[0.5rem] sm:rounded-l-none sm:rounded-r-[0.5rem]\"><p><span style=\"color: #ffffff\">N\u00e9 le 6 mai 1959 &#8211; nationalit\u00e9 fran\u00e7aise<\/span><\/p>\n<p><span style=\"color: #ffffff\">Pr\u00e9sident du Conseil d\u2019Administration &amp; Directeur G\u00e9n\u00e9ral<\/span><\/p>\n<p><span style=\"color: #ffffff\">Expertise et exp\u00e9rience en mati\u00e8re de gestion<\/span><\/p>\n<p><span style=\"color: #ffffff\">Titulaire d&rsquo;un MBA de la Harvard Business School<\/span><br \/>\n<span style=\"color: #ffffff\">Dipl\u00f4m\u00e9 de l&rsquo;\u00c9cole des Mines de Nancy<\/span><br \/>\n<span style=\"color: #ffffff\">Chevalier de l&rsquo;ordre national du M\u00e9rite<\/span><\/p>\n<p><span style=\"color: #ffffff\">2017 &#8211; 2022<\/span><br \/>\n<span style=\"color: #ffffff\">Philippe Guillemot a \u00e9t\u00e9 Directeur G\u00e9n\u00e9ral d&rsquo;Elior Group, l&rsquo;un des leaders mondiaux de la restauration collective et des services avec des positions de premier plan dans 5 pays. Il a men\u00e9 un travail en profondeur pour assainir le Groupe sur le plan financier, le doter d&rsquo;une strat\u00e9gie cr\u00e9atrice de valeur et construire une organisation robuste, ce qui s&rsquo;est av\u00e9r\u00e9 d\u00e9cisif face au contexte rendu extr\u00eamement difficile par la crise du Covid-19<\/span><\/p>\n<p><span style=\"color: #ffffff\">2013 &#8211; 2016<\/span><br \/>\n<span style=\"color: #ffffff\">Directeur des op\u00e9rations et des ventes d&rsquo;Alcatel-Lucent, o\u00f9 il a \u00e9labor\u00e9 un plan de redressement et de transformation de l&rsquo;entreprise et a ensuite supervis\u00e9 l&rsquo;int\u00e9gration d&rsquo;Alcatel-Lucent au sein de Nokia<\/span><\/p>\n<p><span style=\"color: #ffffff\">2010 &#8211; 2012<\/span><br \/>\n<span style=\"color: #ffffff\">Directeur G\u00e9n\u00e9ral et membre du Conseil d&rsquo;Administration d&rsquo;Europcar<\/span><\/p>\n<p><span style=\"color: #ffffff\">2004 &#8211; 2010<\/span><br \/>\n<span style=\"color: #ffffff\">Pr\u00e9sident-Directeur G\u00e9n\u00e9ral d&rsquo;Areva Transmission et Distribution (T&amp;D)<\/span><\/p>\n<p><span style=\"color: #ffffff\">2001-2003<\/span><br \/>\n<span style=\"color: #ffffff\">Membre du Comit\u00e9 Ex\u00e9cutif de l&rsquo;\u00e9quipementier automobile Faurecia (r\u00e9cemment renomm\u00e9 Forvia)<\/span><\/p>\n<p><span style=\"color: #ffffff\">1998-2000<\/span><br \/>\n<span style=\"color: #ffffff\">Membre du Comit\u00e9 Ex\u00e9cutif de l&rsquo;\u00e9quipementier automobile Valeo<\/span><\/p>\n<p><span style=\"color: #ffffff\">1983-1989 et 1993-1998<\/span><br \/>\n<span style=\"color: #ffffff\">Diverses fonctions chez Michelin (o\u00f9 il est devenu membre du Comit\u00e9 Ex\u00e9cutif en 1996)<\/span><\/p>\n<\/div>\n<\/div>\n      <\/div>\n                <div class=\"itemDescription\" id=\"advancedTextBlocd62d09a677DescriptionItem1\">\n        <div class=\"w-full rounded-[4rem] flex drop-shadow-xl mb-4 md:mb-16\">\n          <img decoding=\"async\" src=\"https:\/\/www.vallourec.com\/app\/uploads\/2025\/12\/nathalie-delbreuve-cfo-portrait.jpg\" alt=\"\" loading=\"lazy\" class=\"hidden sm:block w-0 sm:w-1\/3 md:w-1\/4 rounded-l-[0.5rem] object-cover h-[30rem]\" \/>\n        <div class=\"flex flex-col w-full sm:w-2\/3 md:w-3\/4 ml-1 p-4 text-white bg-blue-primary-brand rounded-[0.5rem] sm:rounded-l-none sm:rounded-r-[0.5rem]\"><p><span style=\"color: #ffffff\" data-teams=\"true\">Nathalie Delbreuve a d\u00e9but\u00e9 sa carri\u00e8re en 1996 au sein du cabinet d\u2019audit PwC aux Pays-Bas, puis \u00e0 Lyon. En 2003, elle rejoint le groupe Norbert Dentressangle (devenu XPO Logistics) o\u00f9 elle occupe le poste de Contr\u00f4leur Financier et devient membre du Comit\u00e9 Ex\u00e9cutif de la division transport. En 2010, elle est nomm\u00e9e Directrice de la Consolidation Groupe et du Contr\u00f4le de Gestion chez Plastic Omnium (devenu OPmobility), puis Directrice Financi\u00e8re Europe pour la division\u00a0Intelligent Exterior Systems, en 2015. En 2020, elle int\u00e8gre le groupe Verallia, \u00e0 la suite de l\u2019introduction en bourse soutenue par Apollo, en tant que Directrice Financi\u00e8re Groupe et est nomm\u00e9e membre du Comit\u00e9 Ex\u00e9cutif. Elle poursuit la restructuration financi\u00e8re et le renforcement de la fonction Finance, contribuant \u00e0 l\u2019obtention de deux notations \u00ab Investment Grade \u00bb par la soci\u00e9t\u00e9. Depuis 2022, Nathalie Delbreuve est \u00e9galement membre du Conseil d\u2019administration et Pr\u00e9sidente du Comit\u00e9 d\u2019Audit du groupe Beijer Ref (Nasdaq Stockholm). Nathalie Delbreuve est dipl\u00f4m\u00e9e de l\u2019ESCP Europe, avec un master en finance.<\/span><\/p>\n<\/div>\n<\/div>\n      <\/div>\n                <div class=\"itemDescription\" id=\"advancedTextBlocd62d09a677DescriptionItem2\">\n        <div class=\"w-full rounded-[4rem] flex drop-shadow-xl mb-4 md:mb-16\">\n          <img decoding=\"async\" src=\"https:\/\/www.vallourec.com\/app\/uploads\/2023\/06\/phillipe-carlier-1.jpg\" alt=\"\" loading=\"lazy\" class=\"hidden sm:block w-0 sm:w-1\/3 md:w-1\/4 rounded-l-[0.5rem] object-cover h-[30rem]\" \/>\n        <div class=\"flex flex-col w-full sm:w-2\/3 md:w-3\/4 ml-1 p-4 text-white bg-blue-primary-brand rounded-[0.5rem] sm:rounded-l-none sm:rounded-r-[0.5rem]\"><p><span style=\"color: #ffffff\">Dipl\u00f4m\u00e9 de Centrale Paris, Philippe Carlier a commenc\u00e9 sa carri\u00e8re chez EADS en 1988 avant d\u2019int\u00e9grer Vallourec en 1995 comme contr\u00f4leur de gestion, puis d\u2019occuper divers postes tels que directeur d\u2019usine, directeur g\u00e9n\u00e9ral de filiale, directeur industriel, jusqu\u2019\u00e0 devenir Directeur de l\u2019activit\u00e9 Upstream (aci\u00e9ries et laminoirs) en 2012.<\/span><\/p>\n<p><span style=\"color: #ffffff\">En 2014, il prend la responsabilit\u00e9 des activit\u00e9s Upstream et Industry (produits tubulaires pour la m\u00e9canique, la construction, l\u2019automobile) avant de devenir Directeur Europe en 2015.<\/span><\/p>\n<p><span style=\"color: #ffffff\">Il est Directeur Technologie &amp; Industrie depuis avril 2017.<\/span><\/p>\n<\/div>\n<\/div>\n      <\/div>\n                <div class=\"itemDescription\" id=\"advancedTextBlocd62d09a677DescriptionItem3\">\n        <div class=\"w-full rounded-[4rem] flex drop-shadow-xl mb-4 md:mb-16\">\n          <img decoding=\"async\" src=\"https:\/\/www.vallourec.com\/app\/uploads\/2023\/08\/sarah-dib-full.jpg\" alt=\"\" loading=\"lazy\" class=\"hidden sm:block w-0 sm:w-1\/3 md:w-1\/4 rounded-l-[0.5rem] object-cover h-[30rem]\" \/>\n        <div class=\"flex flex-col w-full sm:w-2\/3 md:w-3\/4 ml-1 p-4 text-white bg-blue-primary-brand rounded-[0.5rem] sm:rounded-l-none sm:rounded-r-[0.5rem]\"><p><span style=\"color: #ffffff\">Dipl\u00f4m\u00e9e de l\u2019ESSEC et des universit\u00e9s de droit, Sarah Dib a rejoint le Groupe en janvier 2023 en tant que Responsable juridique en charge de la gouvernance et du droit boursier et Secr\u00e9taire du Conseil d\u2019administration, apr\u00e8s avoir exerc\u00e9 plusieurs ann\u00e9es en tant qu\u2019avocate dans des cabinets internationaux dans les domaines du droit des soci\u00e9t\u00e9s, du droit boursier et des fusions et acquisitions et avoir \u00e9t\u00e9 Cheffe de Projets en droit des affaires au sein du Minist\u00e8re de l\u2019Economie, des Finances et de la Souverainet\u00e9 Industrielle et Num\u00e9rique.<\/span><\/p>\n<\/div>\n<\/div>\n      <\/div>\n                <div class=\"itemDescription\" id=\"advancedTextBlocd62d09a677DescriptionItem4\">\n        <div class=\"w-full rounded-[4rem] flex drop-shadow-xl mb-4 md:mb-16\">\n        <div class=\"flex flex-col w-full sm:w-2\/3 md:w-3\/4 ml-1 p-4 text-white bg-blue-primary-brand rounded-[0.5rem] sm:rounded-l-none sm:rounded-r-[0.5rem]\"><\/div>\n<\/div>\n      <\/div>\n                <div class=\"itemDescription\" id=\"advancedTextBlocd62d09a677DescriptionItem5\">\n        <div class=\"w-full rounded-[4rem] flex drop-shadow-xl mb-4 md:mb-16\">\n          <img decoding=\"async\" src=\"https:\/\/www.vallourec.com\/app\/uploads\/2023\/08\/valeria-fernandes-full-scaled.jpg\" alt=\"\" loading=\"lazy\" class=\"hidden sm:block w-0 sm:w-1\/3 md:w-1\/4 rounded-l-[0.5rem] object-cover h-[30rem]\" \/>\n        <div class=\"flex flex-col w-full sm:w-2\/3 md:w-3\/4 ml-1 p-4 text-white bg-blue-primary-brand rounded-[0.5rem] sm:rounded-l-none sm:rounded-r-[0.5rem]\"><p><span style=\"color: #ffffff\">Val\u00e9ria Fernandes a rejoint Vallourec le 1er mai 2023 en tant que Chief Digital and Information Officer et fait partie du Comit\u00e9 Ex\u00e9cutif.<\/span><\/p>\n<p><span style=\"color: #ffffff\">Elle est originaire du Br\u00e9sil et poss\u00e8de les nationalit\u00e9s am\u00e9ricaine et portugaise. Elle est dipl\u00f4m\u00e9e de la Pontif\u00edcia Universidade Cat\u00f3lica de Campinas (PUC-Campinas) et titulaire d&rsquo;un dipl\u00f4me en informatique en gestion des syst\u00e8mes d&rsquo;information. Elle est titulaire d&rsquo;un certificat de ma\u00eetrise en gestion de projet de la George Washington University School of Business.<\/span><\/p>\n<p><span style=\"color: #ffffff\">Elle vient de Constellium, o\u00f9 elle \u00e9tait CIO pour les op\u00e9rations de fabrication europ\u00e9ennes. Avant Constellium, Val\u00e9ria a travaill\u00e9 avec divers groupes de r\u00e9flexion informatiques et initiatives d&rsquo;innovation dans des universit\u00e9s et des p\u00f4les d&rsquo;innovation. Elle a pass\u00e9 la majeure partie de sa carri\u00e8re professionnelle \u00e0 des postes de direction informatique dans l&rsquo;industrie automobile, o\u00f9 elle a dirig\u00e9 les activit\u00e9s informatiques de fusions et acquisitions notables, de transactions PMI et de programmes de transformation chez Daimler-Chrysler-Fiat et Nissan-Renault-Mitsubishi. Dans ces r\u00f4les, elle a travaill\u00e9 et v\u00e9cu dans plusieurs pays des r\u00e9gions Am\u00e9riques, EMEA et APAC. Elle a \u00e9galement travaill\u00e9 pour : Ford Credit (\u00c9tats-Unis et Mexique), Dow Chemical (\u00c9tats-Unis et Br\u00e9sil), Unilever (Br\u00e9sil) et IBM (Br\u00e9sil) o\u00f9 elle a dirig\u00e9 la mise en \u0153uvre de programmes locaux, r\u00e9gionaux et mondiaux.<\/span><\/p>\n<p><span style=\"color: #ffffff\">Valeria est fortement engag\u00e9e dans l&rsquo;innovation, la D&amp;I et l&rsquo;ESG et a particip\u00e9 \u00e0 plusieurs forums et conseils consultatifs connexes.<\/span><\/p>\n<\/div>\n<\/div>\n      <\/div>\n                <div class=\"itemDescription\" id=\"advancedTextBlocd62d09a677DescriptionItem6\">\n        <div class=\"w-full rounded-[4rem] flex drop-shadow-xl mb-4 md:mb-16\">\n          <img decoding=\"async\" src=\"https:\/\/www.vallourec.com\/app\/uploads\/2023\/08\/Bertrand-Frischman.jpg\" alt=\"\" loading=\"lazy\" class=\"hidden sm:block w-0 sm:w-1\/3 md:w-1\/4 rounded-l-[0.5rem] object-cover h-[30rem]\" \/>\n        <div class=\"flex flex-col w-full sm:w-2\/3 md:w-3\/4 ml-1 p-4 text-white bg-blue-primary-brand rounded-[0.5rem] sm:rounded-l-none sm:rounded-r-[0.5rem]\"><p><span style=\"color: #ffffff\">Bertrand Frischmann, 51 ans, est dipl\u00f4m\u00e9 de l\u2019Ecole des Mines de Paris, ing\u00e9nieur en syst\u00e8mes de production et logistique.<\/span><\/p>\n<p><span style=\"color: #ffffff\">Apr\u00e8s un d\u00e9but de carri\u00e8re dans le secteur automobile et le conseil, il int\u00e8gre Vallourec en 2004 en qualit\u00e9 de contr\u00f4leur de gestion, d\u2019abord au niveau corporate puis, \u00e0 partir de 2005, au sein de Vallourec Star \u00e0 Youngstown, dans l\u2019Ohio aux Etats-Unis, o\u00f9 il supervise l\u2019int\u00e9gration de cette nouvelle entit\u00e9.<\/span><\/p>\n<p><span style=\"color: #ffffff\">En 2007, il est d\u00e9sign\u00e9 responsable de production de la tuberie de Vallourec Star. Cette premi\u00e8re exp\u00e9rience am\u00e9ricaine se termine en 2009, date \u00e0 laquelle il prend la direction de la tuberie de Saint-Saulve en France.<\/span><\/p>\n<p><span style=\"color: #ffffff\">Il y restera 4 ans avant de rejoindre Aberdeen, Royaume-Uni o\u00f9 il devient directeur g\u00e9n\u00e9ral de VOG UK.<\/span><\/p>\n<p><span style=\"color: #ffffff\">De retour en France, il est nomm\u00e9 directeur g\u00e9n\u00e9ral de Serimax en 2016 puis directeur de la Ligne de Produits OCTG &amp; Accessoires \u00e0 partir de 2017.<\/span><\/p>\n<p><span style=\"color: #ffffff\">En avril 2020, Bertrand Frischmann est nomm\u00e9 Directeur Am\u00e9rique du Nord, Membre du Comit\u00e9 Ex\u00e9cutif. Il devient ensuite COO des Am\u00e9riques en octobre 2023, agissant \u00e9galement en tant que Senior Vice President Am\u00e9rique du Sud.<\/span><\/p>\n<p><span style=\"color: #ffffff\">En novembre 2024, il est nomm\u00e9 Directeur des Op\u00e9rations du Groupe Vallourec, supervisant les r\u00e9gions Am\u00e9rique du Nord et Am\u00e9rique du Sud ainsi que la Direction Industrielle H\u00e9misph\u00e8re Est et les fonctions Achats, Supply Chain, Qualit\u00e9 et Industrialisation et Excellence Op\u00e9rationnelle.<\/span><\/p>\n<\/div>\n<\/div>\n      <\/div>\n                <div class=\"itemDescription\" id=\"advancedTextBlocd62d09a677DescriptionItem7\">\n        <div class=\"w-full rounded-[4rem] flex drop-shadow-xl mb-4 md:mb-16\">\n        <div class=\"flex flex-col w-full sm:w-2\/3 md:w-3\/4 ml-1 p-4 text-white bg-blue-primary-brand rounded-[0.5rem] sm:rounded-l-none sm:rounded-r-[0.5rem]\"><\/div>\n<\/div>\n      <\/div>\n                <div class=\"itemDescription\" id=\"advancedTextBlocd62d09a677DescriptionItem8\">\n        <div class=\"w-full rounded-[4rem] flex drop-shadow-xl mb-4 md:mb-16\">\n          <img decoding=\"async\" src=\"https:\/\/www.vallourec.com\/app\/uploads\/2023\/08\/jacky-massaglia-scaled.jpg\" alt=\"\" loading=\"lazy\" class=\"hidden sm:block w-0 sm:w-1\/3 md:w-1\/4 rounded-l-[0.5rem] object-cover h-[30rem]\" \/>\n        <div class=\"flex flex-col w-full sm:w-2\/3 md:w-3\/4 ml-1 p-4 text-white bg-blue-primary-brand rounded-[0.5rem] sm:rounded-l-none sm:rounded-r-[0.5rem]\"><p><span style=\"color: #ffffff\">Ing\u00e9nieur de l&rsquo;Ecole Nationale Sup\u00e9rieure Arts-et-M\u00e9tiers avec une sp\u00e9cialisation en mat\u00e9riaux, Jacky Massaglia a commenc\u00e9 sa carri\u00e8re dans la recherche et le d\u00e9veloppement en France puis aux Etats-Unis o\u00f9 il con\u00e7oit des produits innovants pour les applications Offshore. Il d\u00e9veloppe sa connaissance des divers produits et march\u00e9s du groupe en occupant diverses positions techniques et commerciales sur les march\u00e9s am\u00e9ricains, europ\u00e9ens et du Moyen Orient. En 2014, il reprend la direction de la R&amp;D et des Services de l&rsquo;Am\u00e9rique du Nord. Il rejoint plus tard la direction de la strat\u00e9gie au corporate o\u00f9 il g\u00e9rera la restructuration financi\u00e8re, \u00e0 l&rsquo;issue de laquelle il prendra la direction commerciale de la business line Project Line Pipe.<\/span><\/p>\n<\/div>\n<\/div>\n      <\/div>\n                <div class=\"itemDescription\" id=\"advancedTextBlocd62d09a677DescriptionItem9\">\n        <div class=\"w-full rounded-[4rem] flex drop-shadow-xl mb-4 md:mb-16\">\n          <img decoding=\"async\" src=\"https:\/\/www.vallourec.com\/app\/uploads\/2023\/08\/ludovic_oster.jpg\" alt=\"\" loading=\"lazy\" class=\"hidden sm:block w-0 sm:w-1\/3 md:w-1\/4 rounded-l-[0.5rem] object-cover h-[30rem]\" \/>\n        <div class=\"flex flex-col w-full sm:w-2\/3 md:w-3\/4 ml-1 p-4 text-white bg-blue-primary-brand rounded-[0.5rem] sm:rounded-l-none sm:rounded-r-[0.5rem]\"><p><span style=\"color: #ffffff\">Dipl\u00f4m\u00e9 de Skema Business School (anciennement ESC Lille) Ludovic a d\u00e9but\u00e9 sa carri\u00e8re en 1993 au sein de l&rsquo;\u00e9quipementier automobile Delphi, o\u00f9 il a occup\u00e9 diff\u00e9rents postes en ressources humaines, op\u00e9rationnels et fonctionnels, tant en France qu\u2019aux \u00c9tats-Unis.<\/span><\/p>\n<p><span style=\"color: #ffffff\">Il a ensuite rejoint le groupe Valeo en 1999 pour accompagner une importante acquisition, d\u00e9ployer et optimiser les processus d&rsquo;implication des collaborateurs, plus particuli\u00e8rement aux \u00c9tats-Unis, en Espagne et en Allemagne. Ludovic Oster a ensuite assur\u00e9 des fonctions de ressources humaines op\u00e9rationnelles de divisions et de branches, bas\u00e9es en Espagne ou en France, contribuant \u00e0 l&rsquo;am\u00e9lioration de leurs performances, dans un contexte international concurrentiel tr\u00e8s fort.<\/span><\/p>\n<p><span style=\"color: #ffffff\">En 2008, il a rejoint le groupe Norbert Dentressangle, dont il est devenu membre du directoire en 2014, en tant que Directeur des Ressources Humaines. \u00c0 ce poste, Ludovic Oster a accompagn\u00e9 la forte croissance \u00e0 l&rsquo;international du groupe, en renfor\u00e7ant et structurant la fonction ressources humaines. \u00c0 la suite du rachat de Norbert Dentressangle par XPO Logistics en 2015, il a contribu\u00e9 \u00e0 l&rsquo;accompagnement du changement par la mise en oeuvre de processus de transformation et d&rsquo;\u00e9volution des organisations, en coh\u00e9rence avec les ambitions du groupe.<\/span><\/p>\n<p><span style=\"color: #ffffff\">Il \u00e9tait depuis ao\u00fbt 2018, Directeur Ressources Humaines du Groupe Elior o\u00f9 il a contribu\u00e9 \u00e0 la mise en oeuvre de la strat\u00e9gie du groupe notamment au travers de l\u2019alignement et de l\u2019engagement des \u00e9quipes, du d\u00e9veloppement des ressources humaines et de l\u2019efficience organisationnelle.<\/span><\/p>\n<\/div>\n<\/div>\n      <\/div>\n                <div class=\"itemDescription\" id=\"advancedTextBlocd62d09a677DescriptionItem10\">\n        <div class=\"w-full rounded-[4rem] flex drop-shadow-xl mb-4 md:mb-16\">\n          <img decoding=\"async\" src=\"https:\/\/www.vallourec.com\/app\/uploads\/2024\/02\/Damien-Rebourg_2-e1707464281909.jpg\" alt=\"\" loading=\"lazy\" class=\"hidden sm:block w-0 sm:w-1\/3 md:w-1\/4 rounded-l-[0.5rem] object-cover h-[30rem]\" \/>\n        <div class=\"flex flex-col w-full sm:w-2\/3 md:w-3\/4 ml-1 p-4 text-white bg-blue-primary-brand rounded-[0.5rem] sm:rounded-l-none sm:rounded-r-[0.5rem]\"><p><span style=\"color: #ffffff\">Damien Rebourg est titulaire d\u2019un DESS de communication politique du d\u00e9partement de Sciences Politiques de l\u2019Universit\u00e9 Paris I-Sorbonne. Apr\u00e8s un d\u00e9but de carri\u00e8re en agence de communication, il occupe diverses fonctions strat\u00e9giques dans de grands groupes industriels fran\u00e7ais et internationaux : Siemens, de 1999 \u00e0 2014, dont il deviendra directeur de la communication pour l\u2019Europe du Sud et de l\u2019Ouest ; Bouygues Construction en tant que directeur de la communication ; puis Elior Group dont le PDG Philippe Guillemot le recrute en 2019 comme membre du comit\u00e9 ex\u00e9cutif, directeur de la communication, des affaires publiques et de la RSE. En 2022, il rejoint TotalEnergies en tant que directeur de la communication de la compagnie.<\/span><\/p>\n<\/div>\n<\/div>\n      <\/div>\n                <div class=\"itemDescription\" id=\"advancedTextBlocd62d09a677DescriptionItem11\">\n        <div class=\"w-full rounded-[4rem] flex drop-shadow-xl mb-4 md:mb-16\">\n          <img decoding=\"async\" src=\"https:\/\/www.vallourec.com\/app\/uploads\/2023\/09\/bertrand-de-rotalier.jpg\" alt=\"\" loading=\"lazy\" class=\"hidden sm:block w-0 sm:w-1\/3 md:w-1\/4 rounded-l-[0.5rem] object-cover h-[30rem]\" \/>\n        <div class=\"flex flex-col w-full sm:w-2\/3 md:w-3\/4 ml-1 p-4 text-white bg-blue-primary-brand rounded-[0.5rem] sm:rounded-l-none sm:rounded-r-[0.5rem]\"><\/div>\n<\/div>\n      <\/div>\n                <div class=\"itemDescription\" id=\"advancedTextBlocd62d09a677DescriptionItem12\">\n        <div class=\"w-full rounded-[4rem] flex drop-shadow-xl mb-4 md:mb-16\">\n          <img decoding=\"async\" src=\"https:\/\/www.vallourec.com\/app\/uploads\/2023\/08\/Enrico_Schiappacasse-portrait.jpg\" alt=\"\" loading=\"lazy\" class=\"hidden sm:block w-0 sm:w-1\/3 md:w-1\/4 rounded-l-[0.5rem] object-cover h-[30rem]\" \/>\n        <div class=\"flex flex-col w-full sm:w-2\/3 md:w-3\/4 ml-1 p-4 text-white bg-blue-primary-brand rounded-[0.5rem] sm:rounded-l-none sm:rounded-r-[0.5rem]\"><p><span style=\"color: #ffffff\">De 2009 \u00e0 2022, Enrico Schiappacasse a occup\u00e9 diff\u00e9rents postes au sein de l\u2019entreprise Prysmian Group : tout d\u2019abord Directeur Strat\u00e9gie et M&amp;A pendant huit ans, il est ensuite devenu VP Marketing, Product and Business Development, Energy, avant de prendre les r\u00eanes de la Business Unit P\u00e9trole et Gaz en tant que Vice-Pr\u00e9sident.<\/span><\/p>\n<p><span style=\"color: #ffffff\">De 1999 \u00e0 2009, il a occup\u00e9 les fonctions de Senior Manager pour Value Partners, un cabinet de conseil strat\u00e9gique leader en Italie.<\/span><\/p>\n<p><span style=\"color: #ffffff\">Il a commenc\u00e9 sa carri\u00e8re en 1998 en tant que Manager des Op\u00e9rations pour le Groupe Barilla.<\/span><\/p>\n<p><span style=\"color: #ffffff\">Ag\u00e9 de 48 ans, Enrico est titulaire d\u2019un Master of Science en g\u00e9nie m\u00e9canique obtenu \u00e0 l\u2019Universit\u00e9 de G\u00eanes et d\u2019un EMBA de la SDA Bocconi School of Management de Milan.<\/span><\/p>\n<\/div>\n<\/div>\n      <\/div>\n      <\/div>\n<\/div>\n\n<script>\n  const advancedTextBlocd62d09a677 = function () {\n    return {\n      id: null,\n      colMax: 3,\n      currentColMax() {\n        \/\/ Les composants sont cod\u00e9s de telle mani\u00e8re \u00e0 ce que pour une taille >= md, on prend en compte colMax\n        \/\/ Sinon, on ne supporte que deux colonnes\n        if (window.innerWidth >= 768) {\n          return this.colMax\n        } else {\n          return 1\n        }\n      },\n      selectId(id) {\n        const item = document.getElementById('advancedTextBlocd62d09a677DescriptionItem' + id)\n        const parent = document.getElementById(\"advancedTextBlocd62d09a677\")\n        const hideBlocs = document.getElementById(\"advancedTextBlocd62d09a677Hide\")\n        const currentColMax = this.currentColMax()\n\n        if (currentColMax === 2) {\n          item.classList.remove('col-span-3')\n          item.classList.add('col-span-2')\n        } else if (currentColMax === 3) {\n          item.classList.remove('col-span-2')\n          item.classList.add('col-span-3')\n        }\n\n        this.removeBlocIfNeeded(hideBlocs, item, id)\n        this.hideArrow()\n        this.addArrow(id)\n        this.addBlocIfNeeded(parent, item, id)\n        this.updateId(id)\n      },\n      removeBlocIfNeeded(hideBlocs, item, id) {\n        if (this.id && this.id === id) {\n          hideBlocs.prepend(item)\n        } else if (this.id && this.id !== id) {\n          const previousItem = document.getElementById('advancedTextBlocd62d09a677DescriptionItem' + this.id)\n          hideBlocs.prepend(previousItem)\n        }\n      },\n      hideArrow() {\n        const items = document.querySelectorAll(\"#advancedTextBlocd62d09a677 .icon-selected\")\n        for (const item of items) {\n          item.classList.add('invisible')\n        }\n      },\n      addArrow(id) {\n        const items = document.querySelectorAll(\"#advancedTextBlocd62d09a677 .icon-selected\")\n        if (this.id === null || this.id !== id) {\n          items[id].classList.remove('invisible')\n        }\n      },\n      addBlocIfNeeded(parent, item, id) {\n        const currentColMax = this.currentColMax()\n        const rowNumber = Math.trunc(id \/ currentColMax)\n        let idxToConsider = rowNumber * currentColMax + (currentColMax - 1)\n        let elementToConsider = null\n\n        while (!elementToConsider) {\n          elementToConsider = parent.children[0].children[idxToConsider]\n          idxToConsider--\n        }\n\n        if (this.id === null || this.id !== id) {\n          elementToConsider.after(item)\n        }\n      },\n      updateId(id) {\n        if (this.id === null) {\n          this.id = id\n        } else if (this.id === id) {\n          this.id = null\n        } else {\n          this.id = id\n        }\n      }\n    }\n  };\n<\/script>\n\t\t\t\t<\/div>\n\t\t\t\t<\/div>\n\t\t\t\t\t<\/div>\n\t\t<\/div>\n\t\t\t\t\t<\/div>\n\t\t<\/section>\n\t\t\t\t<section class=\"elementor-section elementor-top-section elementor-element elementor-element-d943b67 elementor-section-boxed elementor-section-height-default elementor-section-height-default\" data-id=\"d943b67\" data-element_type=\"section\" data-e-type=\"section\">\n\t\t\t\t\t\t<div class=\"elementor-container elementor-column-gap-default\">\n\t\t\t\t\t<div class=\"elementor-column elementor-col-100 elementor-top-column elementor-element elementor-element-c650430\" data-id=\"c650430\" data-element_type=\"column\" data-e-type=\"column\">\n\t\t\t<div class=\"elementor-widget-wrap elementor-element-populated\">\n\t\t\t\t\t\t<div class=\"elementor-element elementor-element-e8f6ebe elementor-widget elementor-widget-spacer\" data-id=\"e8f6ebe\" data-element_type=\"widget\" data-e-type=\"widget\" data-widget_type=\"spacer.default\">\n\t\t\t\t\t\t\t<div class=\"elementor-spacer\">\n\t\t\t<div class=\"elementor-spacer-inner\"><\/div>\n\t\t<\/div>\n\t\t\t\t\t\t<\/div>\n\t\t\t\t<div class=\"elementor-element elementor-element-7dfdb2a elementor-widget elementor-widget-title\" data-id=\"7dfdb2a\" data-element_type=\"widget\" data-e-type=\"widget\" data-widget_type=\"title.default\">\n\t\t\t\t<div class=\"elementor-widget-container\">\n\t\t\t\t\t<div>\n      <div class=\"block mb-[3rem] md:mb-none md:flex relative\">\n      <h2 class=\"w-fit title-h2 pb-2 md:pb-0 \">Conseil d'Administration<\/h2>\n      <div class=\"title-divider ml-0 mr-0 md:ml-3 self-center\"><\/div>\n      <p class=\"title-anchor -bottom-[2rem] md:bottom-[50%] right-0 hasAnchor\" id=\"conseil-dadministration\">Conseil d'Administration<\/p>\n    <\/div>\n  <\/div>\n\t\t\t\t<\/div>\n\t\t\t\t<\/div>\n\t\t\t\t<div class=\"elementor-element elementor-element-21d7cd6 elementor-widget elementor-widget-text-editor\" data-id=\"21d7cd6\" data-element_type=\"widget\" data-e-type=\"widget\" data-widget_type=\"text-editor.default\">\n\t\t\t\t\t\t\t\t\t<p>\u00a0<\/p><p>Le Conseil d\u2019Administration d\u00e9finit les orientations strat\u00e9giques du Groupe et s\u2019assure de leur mise en \u0153uvre.<\/p><p>Le groupe Vallourec se r\u00e9f\u00e8re au code de gouvernement d&rsquo;entreprise des soci\u00e9t\u00e9s cot\u00e9es publi\u00e9 par l&rsquo;AFEP et le MEDEF.<\/p><p>Le Conseil d\u2019Administration de Vallourec est compos\u00e9 de 9 administrateurs, dont 50% de femmes et 62,5 % d&rsquo;ind\u00e9pendants. Il comprend \u00e9galement 1 censeur.<\/p><p>Il s\u2019appuie sur les recommandations de 4 Comit\u00e9s sp\u00e9cialis\u00e9s :<\/p><ul><li>le Comit\u00e9 d&rsquo;Audit<\/li><li>le Comit\u00e9 des R\u00e9mun\u00e9rations,<\/li><li>le Comit\u00e9 des Nominations et de la Gouvernance,<\/li><li>le Comit\u00e9 de la Responsabilit\u00e9 Sociale, Environnementale et Soci\u00e9tale<\/li><\/ul><p>Les administrateurs sont nomm\u00e9s pour 4 ans (article 9 des statuts) conform\u00e9ment aux recommandations du code AFEP-MEDEF de gouvernement d\u2019entreprise des soci\u00e9t\u00e9s cot\u00e9es.<\/p><p>La composition du Conseil d&rsquo;administration refl\u00e8te une diversit\u00e9 et une compl\u00e9mentarit\u00e9 d&rsquo;exp\u00e9riences, de nationalit\u00e9s et de cultures et permet de prendre en compte les int\u00e9r\u00eats de l&rsquo;ensemble des actionnaires.<\/p>\t\t\t\t\t\t\t\t<\/div>\n\t\t\t\t\t<\/div>\n\t\t<\/div>\n\t\t\t\t\t<\/div>\n\t\t<\/section>\n\t\t\t\t<section class=\"elementor-section elementor-top-section elementor-element elementor-element-d6e400f elementor-section-boxed elementor-section-height-default elementor-section-height-default\" data-id=\"d6e400f\" data-element_type=\"section\" data-e-type=\"section\">\n\t\t\t\t\t\t<div class=\"elementor-container elementor-column-gap-default\">\n\t\t\t\t\t<div class=\"elementor-column elementor-col-100 elementor-top-column elementor-element elementor-element-68cd9ac\" data-id=\"68cd9ac\" data-element_type=\"column\" data-e-type=\"column\">\n\t\t\t<div class=\"elementor-widget-wrap elementor-element-populated\">\n\t\t\t\t\t\t<div class=\"elementor-element elementor-element-fb2bde1 elementor-widget elementor-widget-profiles_list\" data-id=\"fb2bde1\" data-element_type=\"widget\" data-e-type=\"widget\" data-widget_type=\"profiles_list.default\">\n\t\t\t\t<div class=\"elementor-widget-container\">\n\t\t\t\t\t<div class=\"px-4 lg:px-0\" x-data=\"advancedTextBloc4b2f66d415()\" id=\"advancedTextBloc4b2f66d415\">\n  <div class=\"block md:grid md:grid-cols-3 gap-x-0 md:gap-x-16\">\n                      <div class=\"flex flex-col px-2 md:p-0\" x-data=\"{ hovering: false }\">\n  \n  <div\n    class=\"relative cursor-pointer aspect-square rounded-lg overflow-hidden\"\n    @click=\"selectId('0')\" @mouseenter=\"hovering = true\" @mouseleave=\"hovering = false\"\n  >\n    <picture class=\"absolute flex justify-center w-full h-full\">\n      <source srcset=\"\" media=\"(max-width: 639px)\">\n      <img decoding=\"async\" src=\"https:\/\/www.vallourec.com\/app\/uploads\/2023\/06\/Philippe_Guillemot_Portrait-scaled.jpg\" alt=\"\" loading=\"lazy\" class=\"w-auto h-auto object-cover select-none pointer-events-none\">\n    <\/picture>\n    <div\n      class=\"absolute bg-blue-secondary-900 w-full h-full opacity-0 transition\"\n      :class=\"{ 'opacity-50': hovering }\"\n    ><\/div>\n  <\/div>\n\n  \n  <div\n    class=\"max-w-fit mt-4 font-bold text-[1.2rem] text-left cursor-pointer transition\"\n    :class=\"{ 'text-blue-primary-brand': hovering }\"\n    @click=\"selectId('0')\" @mouseenter=\"hovering = true\" @mouseleave=\"hovering = false\"\n  >\n    Philippe Guillemot \n  <\/div>\n\n  \n  <div\n    class=\"max-w-fit mt-4 text-left flex-1 cursor-pointer transition\"\n    :class=\"{ 'text-blue-primary-brand': hovering }\"\n    @click=\"selectId('0')\" @mouseenter=\"hovering = true\" @mouseleave=\"hovering = false\"\n  >\n    AGO 2026 - Pr\u00e9sident du Conseil d\u2019administration et Directeur G\u00e9n\u00e9ral\n  <\/div>\n\n  \n  <div class=\"self-center text-blue-secondary-600 invisible icon-selected -mb-[1px]\">\n    <svg width=\"36\" height=\"33\" viewBox=\"0 0 36 33\" fill=\"currentColor\" xmlns=\"http:\/\/www.w3.org\/2000\/svg\">\n  <path d=\"M18 0L35.3205 32.4H0.679491L18 0Z\" \/>\n<\/svg>\n  <\/div>\n<\/div>\n                      <div class=\"flex flex-col px-2 md:p-0\" x-data=\"{ hovering: false }\">\n  \n  <div\n    class=\"relative cursor-pointer aspect-square rounded-lg overflow-hidden\"\n    @click=\"selectId('1')\" @mouseenter=\"hovering = true\" @mouseleave=\"hovering = false\"\n  >\n    <picture class=\"absolute flex justify-center w-full h-full\">\n      <source srcset=\"\" media=\"(max-width: 639px)\">\n      <img decoding=\"async\" src=\"https:\/\/www.vallourec.com\/app\/uploads\/2023\/08\/Angela-minas-scaled.jpg\" alt=\"\" loading=\"lazy\" class=\"w-auto h-auto object-cover select-none pointer-events-none\">\n    <\/picture>\n    <div\n      class=\"absolute bg-blue-secondary-900 w-full h-full opacity-0 transition\"\n      :class=\"{ 'opacity-50': hovering }\"\n    ><\/div>\n  <\/div>\n\n  \n  <div\n    class=\"max-w-fit mt-4 font-bold text-[1.2rem] text-left cursor-pointer transition\"\n    :class=\"{ 'text-blue-primary-brand': hovering }\"\n    @click=\"selectId('1')\" @mouseenter=\"hovering = true\" @mouseleave=\"hovering = false\"\n  >\n    Angela Minas \n  <\/div>\n\n  \n  <div\n    class=\"max-w-fit mt-4 text-left flex-1 cursor-pointer transition\"\n    :class=\"{ 'text-blue-primary-brand': hovering }\"\n    @click=\"selectId('1')\" @mouseenter=\"hovering = true\" @mouseleave=\"hovering = false\"\n  >\n    AGO 2026 - Administratrice R\u00e9f\u00e9rente\n  <\/div>\n\n  \n  <div class=\"self-center text-blue-secondary-600 invisible icon-selected -mb-[1px]\">\n    <svg width=\"36\" height=\"33\" viewBox=\"0 0 36 33\" fill=\"currentColor\" xmlns=\"http:\/\/www.w3.org\/2000\/svg\">\n  <path d=\"M18 0L35.3205 32.4H0.679491L18 0Z\" \/>\n<\/svg>\n  <\/div>\n<\/div>\n                      <div class=\"flex flex-col px-2 md:p-0\" x-data=\"{ hovering: false }\">\n  \n  <div\n    class=\"relative cursor-pointer aspect-square rounded-lg overflow-hidden\"\n    @click=\"selectId('2')\" @mouseenter=\"hovering = true\" @mouseleave=\"hovering = false\"\n  >\n    <picture class=\"absolute flex justify-center w-full h-full\">\n      <source srcset=\"\" media=\"(max-width: 639px)\">\n      <img decoding=\"async\" src=\"https:\/\/www.vallourec.com\/app\/uploads\/2023\/08\/Corinne-De-Bilbao.jpg\" alt=\"\" loading=\"lazy\" class=\"w-auto h-auto object-cover select-none pointer-events-none\">\n    <\/picture>\n    <div\n      class=\"absolute bg-blue-secondary-900 w-full h-full opacity-0 transition\"\n      :class=\"{ 'opacity-50': hovering }\"\n    ><\/div>\n  <\/div>\n\n  \n  <div\n    class=\"max-w-fit mt-4 font-bold text-[1.2rem] text-left cursor-pointer transition\"\n    :class=\"{ 'text-blue-primary-brand': hovering }\"\n    @click=\"selectId('2')\" @mouseenter=\"hovering = true\" @mouseleave=\"hovering = false\"\n  >\n    Corine de Bilbao \n  <\/div>\n\n  \n  <div\n    class=\"max-w-fit mt-4 text-left flex-1 cursor-pointer transition\"\n    :class=\"{ 'text-blue-primary-brand': hovering }\"\n    @click=\"selectId('2')\" @mouseenter=\"hovering = true\" @mouseleave=\"hovering = false\"\n  >\n    AGO 2028 - Administratrice ind\u00e9pendante\n  <\/div>\n\n  \n  <div class=\"self-center text-blue-secondary-600 invisible icon-selected -mb-[1px]\">\n    <svg width=\"36\" height=\"33\" viewBox=\"0 0 36 33\" fill=\"currentColor\" xmlns=\"http:\/\/www.w3.org\/2000\/svg\">\n  <path d=\"M18 0L35.3205 32.4H0.679491L18 0Z\" \/>\n<\/svg>\n  <\/div>\n<\/div>\n                      <div class=\"flex flex-col px-2 md:p-0\" x-data=\"{ hovering: false }\">\n  \n  <div\n    class=\"relative cursor-pointer aspect-square rounded-lg overflow-hidden\"\n    @click=\"selectId('3')\" @mouseenter=\"hovering = true\" @mouseleave=\"hovering = false\"\n  >\n    <picture class=\"absolute flex justify-center w-full h-full\">\n      <source srcset=\"\" media=\"(max-width: 639px)\">\n      <img decoding=\"async\" src=\"https:\/\/www.vallourec.com\/app\/uploads\/2024\/08\/Genuino-Magalhaes-Christino.jpg\" alt=\"\" loading=\"lazy\" class=\"w-auto h-auto object-cover select-none pointer-events-none\">\n    <\/picture>\n    <div\n      class=\"absolute bg-blue-secondary-900 w-full h-full opacity-0 transition\"\n      :class=\"{ 'opacity-50': hovering }\"\n    ><\/div>\n  <\/div>\n\n  \n  <div\n    class=\"max-w-fit mt-4 font-bold text-[1.2rem] text-left cursor-pointer transition\"\n    :class=\"{ 'text-blue-primary-brand': hovering }\"\n    @click=\"selectId('3')\" @mouseenter=\"hovering = true\" @mouseleave=\"hovering = false\"\n  >\n    Genuino Magalhaes Christino\n  <\/div>\n\n  \n  <div\n    class=\"max-w-fit mt-4 text-left flex-1 cursor-pointer transition\"\n    :class=\"{ 'text-blue-primary-brand': hovering }\"\n    @click=\"selectId('3')\" @mouseenter=\"hovering = true\" @mouseleave=\"hovering = false\"\n  >\n    2028 OSM \u2013 Administrateur\n  <\/div>\n\n  \n  <div class=\"self-center text-blue-secondary-600 invisible icon-selected -mb-[1px]\">\n    <svg width=\"36\" height=\"33\" viewBox=\"0 0 36 33\" fill=\"currentColor\" xmlns=\"http:\/\/www.w3.org\/2000\/svg\">\n  <path d=\"M18 0L35.3205 32.4H0.679491L18 0Z\" \/>\n<\/svg>\n  <\/div>\n<\/div>\n                      <div class=\"flex flex-col px-2 md:p-0\" x-data=\"{ hovering: false }\">\n  \n  <div\n    class=\"relative cursor-pointer aspect-square rounded-lg overflow-hidden\"\n    @click=\"selectId('4')\" @mouseenter=\"hovering = true\" @mouseleave=\"hovering = false\"\n  >\n    <picture class=\"absolute flex justify-center w-full h-full\">\n      <source srcset=\"\" media=\"(max-width: 639px)\">\n      <img decoding=\"async\" src=\"https:\/\/www.vallourec.com\/app\/uploads\/2023\/08\/david-clarke.jpg\" alt=\"\" loading=\"lazy\" class=\"w-auto h-auto object-cover select-none pointer-events-none\">\n    <\/picture>\n    <div\n      class=\"absolute bg-blue-secondary-900 w-full h-full opacity-0 transition\"\n      :class=\"{ 'opacity-50': hovering }\"\n    ><\/div>\n  <\/div>\n\n  \n  <div\n    class=\"max-w-fit mt-4 font-bold text-[1.2rem] text-left cursor-pointer transition\"\n    :class=\"{ 'text-blue-primary-brand': hovering }\"\n    @click=\"selectId('4')\" @mouseenter=\"hovering = true\" @mouseleave=\"hovering = false\"\n  >\n    David Clarke\n  <\/div>\n\n  \n  <div\n    class=\"max-w-fit mt-4 text-left flex-1 cursor-pointer transition\"\n    :class=\"{ 'text-blue-primary-brand': hovering }\"\n    @click=\"selectId('4')\" @mouseenter=\"hovering = true\" @mouseleave=\"hovering = false\"\n  >\n    Membre du Conseil d\u2019administration\n  <\/div>\n\n  \n  <div class=\"self-center text-blue-secondary-600 invisible icon-selected -mb-[1px]\">\n    <svg width=\"36\" height=\"33\" viewBox=\"0 0 36 33\" fill=\"currentColor\" xmlns=\"http:\/\/www.w3.org\/2000\/svg\">\n  <path d=\"M18 0L35.3205 32.4H0.679491L18 0Z\" \/>\n<\/svg>\n  <\/div>\n<\/div>\n                      <div class=\"flex flex-col px-2 md:p-0\" x-data=\"{ hovering: false }\">\n  \n  <div\n    class=\"relative cursor-pointer aspect-square rounded-lg overflow-hidden\"\n    @click=\"selectId('5')\" @mouseenter=\"hovering = true\" @mouseleave=\"hovering = false\"\n  >\n    <picture class=\"absolute flex justify-center w-full h-full\">\n      <source srcset=\"\" media=\"(max-width: 639px)\">\n      <img decoding=\"async\" src=\"https:\/\/www.vallourec.com\/app\/uploads\/2023\/08\/Frida_Norrbom-Sams.jpg\" alt=\"\" loading=\"lazy\" class=\"w-auto h-auto object-cover select-none pointer-events-none\">\n    <\/picture>\n    <div\n      class=\"absolute bg-blue-secondary-900 w-full h-full opacity-0 transition\"\n      :class=\"{ 'opacity-50': hovering }\"\n    ><\/div>\n  <\/div>\n\n  \n  <div\n    class=\"max-w-fit mt-4 font-bold text-[1.2rem] text-left cursor-pointer transition\"\n    :class=\"{ 'text-blue-primary-brand': hovering }\"\n    @click=\"selectId('5')\" @mouseenter=\"hovering = true\" @mouseleave=\"hovering = false\"\n  >\n    Frida Norrbom Sams\n  <\/div>\n\n  \n  <div\n    class=\"max-w-fit mt-4 text-left flex-1 cursor-pointer transition\"\n    :class=\"{ 'text-blue-primary-brand': hovering }\"\n    @click=\"selectId('5')\" @mouseenter=\"hovering = true\" @mouseleave=\"hovering = false\"\n  >\n    AGO 2028 - Administratrice ind\u00e9pendante\n  <\/div>\n\n  \n  <div class=\"self-center text-blue-secondary-600 invisible icon-selected -mb-[1px]\">\n    <svg width=\"36\" height=\"33\" viewBox=\"0 0 36 33\" fill=\"currentColor\" xmlns=\"http:\/\/www.w3.org\/2000\/svg\">\n  <path d=\"M18 0L35.3205 32.4H0.679491L18 0Z\" \/>\n<\/svg>\n  <\/div>\n<\/div>\n                      <div class=\"flex flex-col px-2 md:p-0\" x-data=\"{ hovering: false }\">\n  \n  <div\n    class=\"relative  aspect-square rounded-lg overflow-hidden\"\n    \n  >\n    <picture class=\"absolute flex justify-center w-full h-full\">\n      <source srcset=\"\" media=\"(max-width: 639px)\">\n      <img decoding=\"async\" src=\"https:\/\/www.vallourec.com\/app\/uploads\/2023\/08\/annelise_le_gall_2025-scaled.jpg\" alt=\"\" loading=\"lazy\" class=\"w-auto h-auto object-cover select-none pointer-events-none\">\n    <\/picture>\n    <div\n      class=\"absolute bg-blue-secondary-900 w-full h-full opacity-0 transition\"\n      :class=\"{ 'opacity-50': hovering }\"\n    ><\/div>\n  <\/div>\n\n  \n  <div\n    class=\"max-w-fit mt-4 font-bold text-[1.2rem] text-left  transition\"\n    :class=\"{ 'text-blue-primary-brand': hovering }\"\n    \n  >\n    Annelise Le Gall\n  <\/div>\n\n  \n  <div\n    class=\"max-w-fit mt-4 text-left flex-1  transition\"\n    :class=\"{ 'text-blue-primary-brand': hovering }\"\n    \n  >\n    2028 - Administratrice repr\u00e9sentant les salari\u00e9s\n  <\/div>\n\n  \n  <div class=\"self-center text-blue-secondary-600 invisible icon-selected -mb-[1px]\">\n    <svg width=\"36\" height=\"33\" viewBox=\"0 0 36 33\" fill=\"currentColor\" xmlns=\"http:\/\/www.w3.org\/2000\/svg\">\n  <path d=\"M18 0L35.3205 32.4H0.679491L18 0Z\" \/>\n<\/svg>\n  <\/div>\n<\/div>\n                      <div class=\"flex flex-col px-2 md:p-0\" x-data=\"{ hovering: false }\">\n  \n  <div\n    class=\"relative cursor-pointer aspect-square rounded-lg overflow-hidden\"\n    @click=\"selectId('7')\" @mouseenter=\"hovering = true\" @mouseleave=\"hovering = false\"\n  >\n    <picture class=\"absolute flex justify-center w-full h-full\">\n      <source srcset=\"\" media=\"(max-width: 639px)\">\n      <img decoding=\"async\" src=\"https:\/\/www.vallourec.com\/app\/uploads\/2023\/11\/L.Siani_.jpg\" alt=\"\" loading=\"lazy\" class=\"w-auto h-auto object-cover select-none pointer-events-none\">\n    <\/picture>\n    <div\n      class=\"absolute bg-blue-secondary-900 w-full h-full opacity-0 transition\"\n      :class=\"{ 'opacity-50': hovering }\"\n    ><\/div>\n  <\/div>\n\n  \n  <div\n    class=\"max-w-fit mt-4 font-bold text-[1.2rem] text-left cursor-pointer transition\"\n    :class=\"{ 'text-blue-primary-brand': hovering }\"\n    @click=\"selectId('7')\" @mouseenter=\"hovering = true\" @mouseleave=\"hovering = false\"\n  >\n    Luciano Siani Pires\n  <\/div>\n\n  \n  <div\n    class=\"max-w-fit mt-4 text-left flex-1 cursor-pointer transition\"\n    :class=\"{ 'text-blue-primary-brand': hovering }\"\n    @click=\"selectId('7')\" @mouseenter=\"hovering = true\" @mouseleave=\"hovering = false\"\n  >\n    AGO 2028 - Administrateur ind\u00e9pendant\n  <\/div>\n\n  \n  <div class=\"self-center text-blue-secondary-600 invisible icon-selected -mb-[1px]\">\n    <svg width=\"36\" height=\"33\" viewBox=\"0 0 36 33\" fill=\"currentColor\" xmlns=\"http:\/\/www.w3.org\/2000\/svg\">\n  <path d=\"M18 0L35.3205 32.4H0.679491L18 0Z\" \/>\n<\/svg>\n  <\/div>\n<\/div>\n                      <div class=\"flex flex-col px-2 md:p-0\" x-data=\"{ hovering: false }\">\n  \n  <div\n    class=\"relative cursor-pointer aspect-square rounded-lg overflow-hidden\"\n    @click=\"selectId('8')\" @mouseenter=\"hovering = true\" @mouseleave=\"hovering = false\"\n  >\n    <picture class=\"absolute flex justify-center w-full h-full\">\n      <source srcset=\"\" media=\"(max-width: 639px)\">\n      <img decoding=\"async\" src=\"https:\/\/www.vallourec.com\/app\/uploads\/2023\/08\/SIU-Hera-scaled.jpg\" alt=\"\" loading=\"lazy\" class=\"w-auto h-auto object-cover select-none pointer-events-none\">\n    <\/picture>\n    <div\n      class=\"absolute bg-blue-secondary-900 w-full h-full opacity-0 transition\"\n      :class=\"{ 'opacity-50': hovering }\"\n    ><\/div>\n  <\/div>\n\n  \n  <div\n    class=\"max-w-fit mt-4 font-bold text-[1.2rem] text-left cursor-pointer transition\"\n    :class=\"{ 'text-blue-primary-brand': hovering }\"\n    @click=\"selectId('8')\" @mouseenter=\"hovering = true\" @mouseleave=\"hovering = false\"\n  >\n    Hera Siu \n  <\/div>\n\n  \n  <div\n    class=\"max-w-fit mt-4 text-left flex-1 cursor-pointer transition\"\n    :class=\"{ 'text-blue-primary-brand': hovering }\"\n    @click=\"selectId('8')\" @mouseenter=\"hovering = true\" @mouseleave=\"hovering = false\"\n  >\n    AGO 2026 - Administratrice ind\u00e9pendante\n  <\/div>\n\n  \n  <div class=\"self-center text-blue-secondary-600 invisible icon-selected -mb-[1px]\">\n    <svg width=\"36\" height=\"33\" viewBox=\"0 0 36 33\" fill=\"currentColor\" xmlns=\"http:\/\/www.w3.org\/2000\/svg\">\n  <path d=\"M18 0L35.3205 32.4H0.679491L18 0Z\" \/>\n<\/svg>\n  <\/div>\n<\/div>\n      <\/div>\n  <div class=\"hidden\" id=\"advancedTextBloc4b2f66d415Hide\">\n                <div class=\"itemDescription\" id=\"advancedTextBloc4b2f66d415DescriptionItem0\">\n        <div class=\"w-full rounded-[4rem] flex drop-shadow-xl mb-4 md:mb-16\">\n          <img decoding=\"async\" src=\"https:\/\/www.vallourec.com\/app\/uploads\/2023\/06\/Philippe_Guillemot-scaled.jpg\" alt=\"\" loading=\"lazy\" class=\"hidden sm:block w-0 sm:w-1\/3 md:w-1\/4 rounded-l-[0.5rem] object-cover h-[30rem]\" \/>\n        <div class=\"flex flex-col w-full sm:w-2\/3 md:w-3\/4 ml-1 p-4 text-white bg-blue-primary-brand rounded-[0.5rem] sm:rounded-l-none sm:rounded-r-[0.5rem]\"><p><span style=\"color: #ffffff\">N\u00e9 le 6 mai 1959 &#8211; nationalit\u00e9 fran\u00e7aise<\/span><\/p>\n<p><span style=\"color: #ffffff\">Pr\u00e9sident du Conseil d\u2019Administration &amp; Directeur G\u00e9n\u00e9ral<\/span><\/p>\n<p><span style=\"color: #ffffff\">Expertise et exp\u00e9rience en mati\u00e8re de gestion<\/span><\/p>\n<p><span style=\"color: #ffffff\">Titulaire d&rsquo;un MBA de la Harvard Business School<\/span><br \/>\n<span style=\"color: #ffffff\">Dipl\u00f4m\u00e9 de l&rsquo;\u00c9cole des Mines de Nancy<\/span><br \/>\n<span style=\"color: #ffffff\">Chevalier de l&rsquo;ordre national du M\u00e9rite<\/span><\/p>\n<p><span style=\"color: #ffffff\">2017 &#8211; 2022<\/span><br \/>\n<span style=\"color: #ffffff\">Philippe Guillemot a \u00e9t\u00e9 Directeur G\u00e9n\u00e9ral d&rsquo;Elior Group, l&rsquo;un des leaders mondiaux de la restauration collective et des services avec des positions de premier plan dans 5 pays. Il a men\u00e9 un travail en profondeur pour assainir le Groupe sur le plan financier, le doter d&rsquo;une strat\u00e9gie cr\u00e9atrice de valeur et construire une organisation robuste, ce qui s&rsquo;est av\u00e9r\u00e9 d\u00e9cisif face au contexte rendu extr\u00eamement difficile par la crise du Covid-19<\/span><\/p>\n<p><span style=\"color: #ffffff\">2013 &#8211; 2016<\/span><br \/>\n<span style=\"color: #ffffff\">Directeur des op\u00e9rations et des ventes d&rsquo;Alcatel-Lucent, o\u00f9 il a \u00e9labor\u00e9 un plan de redressement et de transformation de l&rsquo;entreprise et a ensuite supervis\u00e9 l&rsquo;int\u00e9gration d&rsquo;Alcatel-Lucent au sein de Nokia<\/span><\/p>\n<p><span style=\"color: #ffffff\">2010 &#8211; 2012<\/span><br \/>\n<span style=\"color: #ffffff\">Directeur G\u00e9n\u00e9ral et membre du Conseil d&rsquo;Administration d&rsquo;Europcar<\/span><\/p>\n<p><span style=\"color: #ffffff\">2004 &#8211; 2010<\/span><br \/>\n<span style=\"color: #ffffff\">Pr\u00e9sident-Directeur G\u00e9n\u00e9ral d&rsquo;Areva Transmission et Distribution (T&amp;D)<\/span><\/p>\n<p><span style=\"color: #ffffff\">2001-2003<\/span><br \/>\n<span style=\"color: #ffffff\">Membre du Comit\u00e9 Ex\u00e9cutif de l&rsquo;\u00e9quipementier automobile Faurecia (r\u00e9cemment renomm\u00e9 Forvia)<\/span><\/p>\n<p><span style=\"color: #ffffff\">1998-2000<\/span><br \/>\n<span style=\"color: #ffffff\">Membre du Comit\u00e9 Ex\u00e9cutif de l&rsquo;\u00e9quipementier automobile Valeo<\/span><\/p>\n<p><span style=\"color: #ffffff\">1983-1989 et 1993-1998<\/span><br \/>\n<span style=\"color: #ffffff\">Diverses fonctions chez Michelin (o\u00f9 il est devenu membre du Comit\u00e9 Ex\u00e9cutif en 1996)<\/span><\/p>\n<\/div>\n<\/div>\n      <\/div>\n                <div class=\"itemDescription\" id=\"advancedTextBloc4b2f66d415DescriptionItem1\">\n        <div class=\"w-full rounded-[4rem] flex drop-shadow-xl mb-4 md:mb-16\">\n          <img decoding=\"async\" src=\"https:\/\/www.vallourec.com\/app\/uploads\/2023\/08\/Angela-minas-scaled.jpg\" alt=\"\" loading=\"lazy\" class=\"hidden sm:block w-0 sm:w-1\/3 md:w-1\/4 rounded-l-[0.5rem] object-cover h-[30rem]\" \/>\n        <div class=\"flex flex-col w-full sm:w-2\/3 md:w-3\/4 ml-1 p-4 text-white bg-blue-primary-brand rounded-[0.5rem] sm:rounded-l-none sm:rounded-r-[0.5rem]\"><p><span style=\"color: #ffffff\">N\u00e9e le 23 mars 1964 \u2013 nationalit\u00e9 gr\u00e9co-am\u00e9ricaine<\/span><\/p>\n<p><span style=\"color: #ffffff\">Administratrice ind\u00e9pendante<\/span><br \/>\n<span style=\"color: #ffffff\">Pr\u00e9sidente du Comit\u00e9 d\u2019Audit<\/span><br \/>\n<span style=\"color: #ffffff\">Membre du Comit\u00e9 des R\u00e9mun\u00e9rations<\/span><br \/>\n<span style=\"color: #ffffff\">Membre du Comit\u00e9 des Nominations et de la Gouvernance<\/span><br \/>\n<span style=\"color: #ffffff\">Membre du Comit\u00e9 RSE<\/span><\/p>\n<p><span style=\"color: #ffffff\">R\u00e9sum\u00e9 des principaux domaines d\u2019expertise et d\u2019exp\u00e9rience<\/span><br \/>\n<span style=\"color: #ffffff\">Mme Minas est dipl\u00f4m\u00e9e de l&rsquo;universit\u00e9 Rice, o\u00f9 elle a obtenu une licence en \u00e9tudes manag\u00e9riales et une ma\u00eetrise en administration des affaires avec une concentration en finance et comptabilit\u00e9<\/span><br \/>\n<span style=\"color: #ffffff\">Elle a pr\u00e9c\u00e9demment si\u00e9g\u00e9 au Conseil d&rsquo;administration et aux Comit\u00e9s d&rsquo;audit de CNX Midstream Partners LP, Weatherford International plc et Ciner Resources LP. Mme Minas a \u00e9t\u00e9 vice-pr\u00e9sidente et directrice financi\u00e8re de DCP Midstream Partners. Elle a \u00e9t\u00e9 directrice financi\u00e8re, directrice comptable et tr\u00e9sori\u00e8re de Constellation Energy Partners. Elle a occup\u00e9 les postes de vice-pr\u00e9sidente senior, conseil mondial, et vice-pr\u00e9sidente, conseil am\u00e9ricain, de Science Applications International Corp. Elle a \u00e9t\u00e9 associ\u00e9e chez Arthur Andersen LLP et a \u00e9galement \u00e9t\u00e9 associ\u00e9e \u00e0 la t\u00eate de North American Oil &amp; Gas Consulting<\/span><br \/>\n<span style=\"color: #ffffff\">Mme Minas est actuellement membre du Conseil des superviseurs de la Rice University Graduate Business School et est membre de la NACD (National Association of Corporate Directors) et administratrice de Westlake Chemical PartnersA chez Goldman Sachs \u00e0 New York pendant dix ans, o\u00f9 il a atteint le poste de Directeur Ex\u00e9cutif du groupe d\u00e9di\u00e9 aux situations sp\u00e9ciales pour les Am\u00e9riques apr\u00e8s avoir \u00e9t\u00e9 membre du groupe d\u00e9di\u00e9 aux situations sp\u00e9ciales pour l\u2019Europe \u00e0 Londres<\/span><\/p>\n<p><span style=\"color: #ffffff\">Principales activit\u00e9s exerc\u00e9es hors de la Soci\u00e9t\u00e9<\/span><br \/>\n<span style=\"color: #ffffff\">Administratrice et membre du Comit\u00e9 d\u2019audit de Westlake Chemical Partners<\/span><\/p>\n<\/div>\n<\/div>\n      <\/div>\n                <div class=\"itemDescription\" id=\"advancedTextBloc4b2f66d415DescriptionItem2\">\n        <div class=\"w-full rounded-[4rem] flex drop-shadow-xl mb-4 md:mb-16\">\n          <img decoding=\"async\" src=\"https:\/\/www.vallourec.com\/app\/uploads\/2023\/08\/Corinne-De-Bilbao.jpg\" alt=\"\" loading=\"lazy\" class=\"hidden sm:block w-0 sm:w-1\/3 md:w-1\/4 rounded-l-[0.5rem] object-cover h-[30rem]\" \/>\n        <div class=\"flex flex-col w-full sm:w-2\/3 md:w-3\/4 ml-1 p-4 text-white bg-blue-primary-brand rounded-[0.5rem] sm:rounded-l-none sm:rounded-r-[0.5rem]\"><p><span style=\"color: #ffffff\">N\u00e9e le 16 octobre 1966 \u2013 nationalit\u00e9 fran\u00e7aise<\/span><\/p>\n<p><span style=\"color: #ffffff\">Administratrice ind\u00e9pendante<\/span><br \/>\n<span style=\"color: #ffffff\">Pr\u00e9sidente du Comit\u00e9 RSE<\/span><br \/>\n<span style=\"color: #ffffff\">Membre du Comit\u00e9 d\u2019Audit<\/span><br \/>\n<span style=\"color: #ffffff\">Membre du Comit\u00e9 Strat\u00e9gique et Financier<\/span><\/p>\n<p><span style=\"color: #ffffff\">R\u00e9sum\u00e9 des principaux domaines d\u2019expertise et d\u2019exp\u00e9rience<\/span><br \/>\n<span style=\"color: #ffffff\">Dipl\u00f4m\u00e9e de Sciences Po Bordeaux et titulaire d\u2019un MBA en Sourcing \u2013 Supply Chain du M.A.I. Institute of Purchasing Management<\/span><br \/>\n<span style=\"color: #ffffff\">Responsable Achats et Directeur Service GE Medical Systems, secteur des \u00e9quipements d\u2019imagerie m\u00e9dicale (1989-2000)<\/span><br \/>\n<span style=\"color: #ffffff\">Vingt ans d\u2019exp\u00e9rience dans le secteur de l\u2019\u00e9nergie dont huit dans le secteur P\u00e9trole et Gaz<\/span><br \/>\n<span style=\"color: #ffffff\">Directeur Achats Division GE Power Turbines \u00e0 Gaz Europe (2000-2003)<\/span><br \/>\n<span style=\"color: #ffffff\">Directeur Commercial Upstream GE Oil and Gaz (2003-2008)<\/span><br \/>\n<span style=\"color: #ffffff\">Vice-Pr\u00e9sidente Ventes Produits Areva T&amp;D (2008-2010)<\/span><br \/>\n<span style=\"color: #ffffff\">Directeur Division Services GE Energy (2010-2011), Directeur r\u00e9gion Europe puis, Vice-Pr\u00e9sidente des ventes de la Division Subsea de General<\/span><br \/>\n<span style=\"color: #ffffff\">Electric Oil &amp; Gas (2011-2016)<\/span><br \/>\n<span style=\"color: #ffffff\">Pr\u00e9sidente de General Electric France (2016-2019)<\/span><br \/>\n<span style=\"color: #ffffff\">Vice-Pr\u00e9sidente de l\u2019AmCham, la chambre de commerce am\u00e9ricaine en France (2016-2019)<\/span><br \/>\n<span style=\"color: #ffffff\">Directeur G\u00e9n\u00e9ral de Segula Technologies International, groupe d\u2019ing\u00e9nierie (2019-2021)<\/span><br \/>\n<span style=\"color: #ffffff\">Principales activit\u00e9s exerc\u00e9es hors de la Soci\u00e9t\u00e9<\/span><br \/>\n<span style=\"color: #ffffff\">Pr\u00e9sidente de Microsoft France<\/span><br \/>\n<span style=\"color: #ffffff\">Conseil Consultatif ING Bank France<\/span><\/p>\n<\/div>\n<\/div>\n      <\/div>\n                <div class=\"itemDescription\" id=\"advancedTextBloc4b2f66d415DescriptionItem3\">\n        <div class=\"w-full rounded-[4rem] flex drop-shadow-xl mb-4 md:mb-16\">\n          <img decoding=\"async\" src=\"https:\/\/www.vallourec.com\/app\/uploads\/2024\/08\/Genuino-Magalhaes-Christino.jpg\" alt=\"\" loading=\"lazy\" class=\"hidden sm:block w-0 sm:w-1\/3 md:w-1\/4 rounded-l-[0.5rem] object-cover h-[30rem]\" \/>\n        <div class=\"flex flex-col w-full sm:w-2\/3 md:w-3\/4 ml-1 p-4 text-white bg-blue-primary-brand rounded-[0.5rem] sm:rounded-l-none sm:rounded-r-[0.5rem]\"><p><span style=\"color: #ffffff\">N\u00e9 le 27 janvier 1971 &#8211; Nationalit\u00e9 br\u00e9silienne<\/span><br \/>\n<span style=\"color: #ffffff\">Administrateur<\/span><br \/>\n<span style=\"color: #ffffff\"><strong><br \/>\nR\u00e9sum\u00e9 des principaux domaines d&rsquo;expertise et d&rsquo;exp\u00e9rience<\/strong><\/span><\/p>\n<ul>\n<li><span style=\"color: #ffffff\">Dipl\u00f4m\u00e9 de l&rsquo;Universidade Paulista de S\u00e0o Paulo en 1998 (licence en administration des affaires) et en 1999 (licence en comptabilit\u00e9) et de la Funda\u00e7\u00e3o Dom Cabral \u00e0 Belo Horizonte, Br\u00e9sil, en 2007 (Executive MBA)<\/span><\/li>\n<li><span style=\"color: #ffffff\">Directeur principal de l&rsquo;audit chez KPMG (1993 &#8211; 2003)<\/span><\/li>\n<li><span style=\"color: #ffffff\">Directeur g\u00e9n\u00e9ral de la fiscalit\u00e9, de la comptabilit\u00e9 et de l&rsquo;immobilier puis Vice-Pr\u00e9sident Groupe en comptabilit\u00e9 et gestion de la performance chez ArcelorMittal (2009 &#8211; 2016)<\/span><\/li>\n<li><span style=\"color: #ffffff\">Vice-Pr\u00e9sident Groupe et Directeur des finances Groupe et membre du Directoire du Groupe ArcelorMittal (2016 &#8211; 2021)<\/span><\/li>\n<li><span style=\"color: #ffffff\">Vice-Pr\u00e9sident Ex\u00e9cutif, Directeur financier Groupe et membre du Directoire du Groupe ArcelorMittal (depuis 2021), responsable de toutes les fonctions financi\u00e8res du groupe, notamment la tr\u00e9sorerie, la finance d&rsquo;entreprise, la comptabilit\u00e9, la gestion de la performance, les assurances et les relations avec les investisseurs. En outre, M. Christino supervise les activit\u00e9s de fusions et acquisitions, juridiques et informatiques du Groupe. Il est membre du Comit\u00e9 d&rsquo;allocation des investissements (IAC) et dirige le Comit\u00e9 financier et fiscal (CFTC), qui examine et approuve toutes les transactions financi\u00e8res cl\u00e9s du groupe<\/span><\/li>\n<\/ul>\n<p><span style=\"color: #ffffff\"><strong>Principales fonctions et r\u00f4les en dehors de l&rsquo;entreprise<\/strong><\/span><\/p>\n<ul>\n<li><span style=\"color: #ffffff\">Vice-Pr\u00e9sident Ex\u00e9cutif, Directeur financier du Groupe ArcelorMittal. Membre du Comit\u00e9 de direction du Groupe<\/span><\/li>\n<\/ul>\n<\/div>\n<\/div>\n      <\/div>\n                <div class=\"itemDescription\" id=\"advancedTextBloc4b2f66d415DescriptionItem4\">\n        <div class=\"w-full rounded-[4rem] flex drop-shadow-xl mb-4 md:mb-16\">\n          <img decoding=\"async\" src=\"https:\/\/www.vallourec.com\/app\/uploads\/2023\/08\/david-clarke.jpg\" alt=\"\" loading=\"lazy\" class=\"hidden sm:block w-0 sm:w-1\/3 md:w-1\/4 rounded-l-[0.5rem] object-cover h-[30rem]\" \/>\n        <div class=\"flex flex-col w-full sm:w-2\/3 md:w-3\/4 ml-1 p-4 text-white bg-blue-primary-brand rounded-[0.5rem] sm:rounded-l-none sm:rounded-r-[0.5rem]\"><p><span style=\"color: #ffffff\">Dr Clarke a rejoint Mittal Steel en 2003 afin d\u2019accompagner les activit\u00e9s d\u2019int\u00e9gration post-acquisition et d\u2019am\u00e9lioration de la performance op\u00e9rationnelle au sein des nouvelles entit\u00e9s acquises par le Groupe en  Europe de l\u2019Est. En 2006, il a co-pilot\u00e9 l\u2019\u00e9laboration du plan de cr\u00e9ation de valeur de Mittal Steel, \u00e9l\u00e9ment d\u00e9terminant de l\u2019offre r\u00e9ussie de fusion avec Arcelor. Il est nomm\u00e9 Vice Pr\u00e9sident Strat\u00e9gie en 2007.<br \/>\nDepuis 2013, David occupe les fonctions de Directeur de la Strat\u00e9gie, avec la responsabilit\u00e9 de d\u00e9finir les perspectives sectorielles \u00e0 moyen et long terme, de coordonner le processus strat\u00e9gique annuel du Groupe et de conduire des projets strat\u00e9giques \u00e0 fort enjeu.<br \/>\nIl a exerc\u00e9 les fonctions de Directeur des Technologies (Chief Technology Officer) de ArcelorMittal de 2016 \u00e0 2019, ainsi que celles de Directeur de la coordination commerciale et du marketing (CCM) de 2019 \u00e0 2021. Auparavant, il a occup\u00e9 des postes au sein de McKinsey &amp; Company \u00e0 Londres, ainsi  qu\u2019\u00e0 l\u2019Universit\u00e9 de Princeton, \u00e0 l\u2019Universit\u00e9 de Cambridge et celle d\u2019Oxford. Il a \u00e9galement travaill\u00e9 chez AT&amp;T Bell Laboratories aux \u00c9tats-Unis. Dr Clarke est titulaire d\u2019un doctorat (PhD) et d\u2019un Master (MA) en physique th\u00e9orique de l\u2019Universit\u00e9 de Princeton University, o\u00f9 il a \u00e9t\u00e9 Fulbright Fellow et Hackett  Scholar, ainsi que d\u2019un Bachelor of Science (BSc, avec mention) en math\u00e9matiques et physique de la University of Western Australia.<\/span><\/p>\n<\/div>\n<\/div>\n      <\/div>\n                <div class=\"itemDescription\" id=\"advancedTextBloc4b2f66d415DescriptionItem5\">\n        <div class=\"w-full rounded-[4rem] flex drop-shadow-xl mb-4 md:mb-16\">\n          <img decoding=\"async\" src=\"https:\/\/www.vallourec.com\/app\/uploads\/2024\/05\/Frida_Norrbom_Sams.jpg\" alt=\"\" loading=\"lazy\" class=\"hidden sm:block w-0 sm:w-1\/3 md:w-1\/4 rounded-l-[0.5rem] object-cover h-[30rem]\" \/>\n        <div class=\"flex flex-col w-full sm:w-2\/3 md:w-3\/4 ml-1 p-4 text-white bg-blue-primary-brand rounded-[0.5rem] sm:rounded-l-none sm:rounded-r-[0.5rem]\"><p><span style=\"color: #ffffff\">N\u00e9e le 05 juillet 1971 \u2013 nationalit\u00e9 su\u00e9doise<\/span><br \/>\n<span style=\"color: #ffffff\">Administratrice ind\u00e9pendante<\/span><br \/>\n<span style=\"color: #ffffff\">Membre du Comit\u00e9 RSE<\/span><\/p>\n<p><span style=\"color: #ffffff\"><strong>R\u00e9sum\u00e9 des principaux domaines d\u2019expertise et d\u2019exp\u00e9rience<\/strong><\/span><\/p>\n<ul>\n<li><span style=\"color: #ffffff\">Dipl\u00f4m\u00e9e d&rsquo;un Master of Science in Business Administration de l&rsquo;Universit\u00e9 d&rsquo;Uppsala (Su\u00e8de),<\/span><\/li>\n<li><span style=\"color: #ffffff\">Manager en excellence op\u00e9rationnelle et optimisation de la cha\u00eene de valeur chez Andersen Business Consulting (1999 &#8211; 2002)<\/span><\/li>\n<li><span style=\"color: #ffffff\">Senior Manager en strat\u00e9gie, cr\u00e9ation de valeur, optimisation des flux de tr\u00e9sorerie et de la cha\u00eene de valeur, fusions et acquisitions chez BearingPoint (2002 &#8211; 2007)<\/span><\/li>\n<li><span style=\"color: #ffffff\">Vice-Pr\u00e9sidente ex\u00e9cutive et Directrice de l&rsquo;Information puis Vice-Pr\u00e9sidente ex\u00e9cutive et Directrice G\u00e9n\u00e9rale pour l&rsquo;Europe du Nord chez Sanitec Corporation en Finlande (2007 &#8211; 2011).<\/span><\/li>\n<li><span style=\"color: #ffffff\">Vice &#8211; Pr\u00e9sidente ventes et services pour la r\u00e9gion Nord et Baltique, puis Vice-Pr\u00e9sidente ex\u00e9cutive, responsable de la Business Unit EMEA chez Husqvarna Group en Su\u00e8de (2011 &#8211; 2014),<\/span><\/li>\n<li><span style=\"color: #ffffff\">Consultante en Management et Administratrice de Sams Holding Aps au Danemark (2015)<\/span><\/li>\n<li><span style=\"color: #ffffff\">Vice-Pr\u00e9sidente ex\u00e9cutive, responsable de la division des applications chez NKT A\/S au Danemark (2016 -2019).<\/span><\/li>\n<li><span style=\"color: #ffffff\">Pr\u00e9sidente d&rsquo;Hydroscand Group AB en Su\u00e8de, une entreprise familiale internationale couvrant plus de 20 pays, depuis 2019.<\/span><\/li>\n<\/ul>\n<p><span style=\"color: #ffffff\"><strong>Principaux postes et r\u00f4les en dehors de l&rsquo;entreprise<\/strong><\/span><\/p>\n<ul>\n<li><span style=\"color: #ffffff\">Pr\u00e9sidente Directrice G\u00e9n\u00e9rale de Hydroscand Group AB<\/span><\/li>\n<li><span style=\"color: #ffffff\">Administratrice de soci\u00e9t\u00e9<\/span><\/li>\n<\/ul>\n<\/div>\n<\/div>\n      <\/div>\n                <div class=\"itemDescription\" id=\"advancedTextBloc4b2f66d415DescriptionItem6\">\n        <div class=\"w-full rounded-[4rem] flex drop-shadow-xl mb-4 md:mb-16\">\n          <img decoding=\"async\" src=\"https:\/\/www.vallourec.com\/app\/uploads\/2023\/08\/Annelise-LE-GALL.jpg\" alt=\"\" loading=\"lazy\" class=\"hidden sm:block w-0 sm:w-1\/3 md:w-1\/4 rounded-l-[0.5rem] object-cover h-[30rem]\" \/>\n        <div class=\"flex flex-col w-full sm:w-2\/3 md:w-3\/4 ml-1 p-4 text-white bg-blue-primary-brand rounded-[0.5rem] sm:rounded-l-none sm:rounded-r-[0.5rem]\"><\/div>\n<\/div>\n      <\/div>\n                <div class=\"itemDescription\" id=\"advancedTextBloc4b2f66d415DescriptionItem7\">\n        <div class=\"w-full rounded-[4rem] flex drop-shadow-xl mb-4 md:mb-16\">\n          <img decoding=\"async\" src=\"https:\/\/www.vallourec.com\/app\/uploads\/2023\/11\/L.Siani_.jpg\" alt=\"\" loading=\"lazy\" class=\"hidden sm:block w-0 sm:w-1\/3 md:w-1\/4 rounded-l-[0.5rem] object-cover h-[30rem]\" \/>\n        <div class=\"flex flex-col w-full sm:w-2\/3 md:w-3\/4 ml-1 p-4 text-white bg-blue-primary-brand rounded-[0.5rem] sm:rounded-l-none sm:rounded-r-[0.5rem]\"><p><span style=\"color: #ffffff\">N\u00e9 le 10 f\u00e9vrier 1970 \u2013 nationalit\u00e9 br\u00e9silienne et italienne<\/span><\/p>\n<p><span style=\"color: #ffffff\"><strong>R\u00e9sum\u00e9 des principaux domaines d\u2019expertise et d\u2019exp\u00e9rience<\/strong><\/span><\/p>\n<ul>\n<li><span style=\"color: #ffffff\">Dipl\u00f4m\u00e9 en ing\u00e9nierie m\u00e9canique de l&rsquo;Universit\u00e9 catholique de Rio de Janeiro (PUC-RJ) (1991)<\/span><\/li>\n<li><span style=\"color: #ffffff\">Titulaire d\u2019une ma\u00eetrise en administration des affaires de la Stern School of Business de l&rsquo;universit\u00e9 de New York, avec distinction (2001)<\/span><\/li>\n<li><span style=\"color: #ffffff\">Plusieurs postes de direction \u00e0 la Banque br\u00e9silienne de d\u00e9veloppement (1992-2003), dont celui de responsable du financement des exportations (2001-2003)<\/span><\/li>\n<li><span style=\"color: #ffffff\">Consultant chez McKinsey &amp; Company (2003-2005)<\/span><\/li>\n<li><span style=\"color: #ffffff\">Responsable des march\u00e9s des capitaux (2005-2006) et secr\u00e9taire ex\u00e9cutif du pr\u00e9sident (2007) \u00e0 la Banque br\u00e9silienne de d\u00e9veloppement<\/span><\/li>\n<li><span style=\"color: #ffffff\">Membre du conseil d&rsquo;administration de Suzano Papel e Celulose (2005-2008) et de Tele Norte Leste (2005-2008), les plus importantes entreprises br\u00e9siliennes de p\u00e2tes et papiers et de t\u00e9l\u00e9communications<\/span><\/li>\n<li><span style=\"color: #ffffff\">Directeur Groupe de la strat\u00e9gie chez Vale S.A. (2008-2009, 2011-12)<\/span><\/li>\n<li><span style=\"color: #ffffff\">Directeur Groupe des ressources humaines chez Vale S.A. (2009-2011)<\/span><\/li>\n<li><span style=\"color: #ffffff\">Directeur financier du Groupe (2012-2021) chez Vale S.A.. Elu Meilleur directeur financier latino-am\u00e9ricain du secteur des mines et des m\u00e9taux pendant neuf ann\u00e9es cons\u00e9cutives (2013-2021) selon le magazine Institutional Investor.<\/span><\/li>\n<li><span style=\"color: #ffffff\">Pr\u00e9sident de la soci\u00e9t\u00e9 br\u00e9silienne de logistique VLI (2017-2023)<\/span><\/li>\n<li><span style=\"color: #ffffff\">Membre du conseil d&rsquo;administration de The Mosaic Company aux \u00c9tats-Unis (2018-2022)<\/span><\/li>\n<li><span style=\"color: #ffffff\">Vice-pr\u00e9sident ex\u00e9cutif charg\u00e9 de la strat\u00e9gie et de la transformation de l&rsquo;entreprise chez Vale S.A. (2021-23).<\/span><\/li>\n<\/ul>\n<p><span style=\"color: #ffffff\"><strong>Principaux postes et r\u00f4les en dehors de l&rsquo;entreprise\u00a0<\/strong><\/span><\/p>\n<ul>\n<li><span style=\"color: #ffffff\">Conseiller principal pour Accenture &#8211; Groupe des ressources naturelles<\/span><\/li>\n<li><span style=\"color: #ffffff\">Administrateur de soci\u00e9t\u00e9s<\/span><\/li>\n<\/ul>\n<\/div>\n<\/div>\n      <\/div>\n                <div class=\"itemDescription\" id=\"advancedTextBloc4b2f66d415DescriptionItem8\">\n        <div class=\"w-full rounded-[4rem] flex drop-shadow-xl mb-4 md:mb-16\">\n          <img decoding=\"async\" src=\"https:\/\/www.vallourec.com\/app\/uploads\/2023\/08\/SIU-Hera-scaled.jpg\" alt=\"\" loading=\"lazy\" class=\"hidden sm:block w-0 sm:w-1\/3 md:w-1\/4 rounded-l-[0.5rem] object-cover h-[30rem]\" \/>\n        <div class=\"flex flex-col w-full sm:w-2\/3 md:w-3\/4 ml-1 p-4 text-white bg-blue-primary-brand rounded-[0.5rem] sm:rounded-l-none sm:rounded-r-[0.5rem]\"><p><span style=\"color: #ffffff\">N\u00e9e le 16 septembre 1959 \u2013 nationalit\u00e9 chinoise<\/span><\/p>\n<p><span style=\"color: #ffffff\">Administratrice ind\u00e9pendante<\/span><br \/>\n<span style=\"color: #ffffff\">Membre du Comit\u00e9 d\u2019Audit<\/span><br \/>\n<span style=\"color: #ffffff\">Membre du Comit\u00e9 RSE<\/span><\/p>\n<p><span style=\"color: #ffffff\">R\u00e9sum\u00e9 des principaux domaines d\u2019expertise et d\u2019exp\u00e9rience<\/span><br \/>\n<span style=\"color: #ffffff\">Titulaire d&rsquo;un MBA et d&rsquo;une licence en finance de l&rsquo;universit\u00e9 du Nevada \u00e0 Reno<\/span><br \/>\n<span style=\"color: #ffffff\">Mme Siu poss\u00e8de plus de 30 ans d&rsquo;exp\u00e9rience en gestion, avec une compr\u00e9hension profonde des solutions bas\u00e9es sur les r\u00e9sultats et des mod\u00e8les commerciaux \u00e9mergents. Elle a occup\u00e9 des postes de direction dans la r\u00e9gion de la Grande Chine, o\u00f9 elle a \u00e9t\u00e9 le fer de lance de la croissance et de la transformation d&rsquo;entreprises de renomm\u00e9e internationale telles que Cisco, Pearson, SAP, Nokia, Computer Associates et Pacific Century Cyberworks (PCCW) \/ Hongkong Telecom<\/span><br \/>\n<span style=\"color: #ffffff\">Elle a travaill\u00e9 pendant 8 ans aux \u00c9tats-Unis pour Northern Telecom et Sierra Pacific Power Company avant de revenir en Chine. Elle poss\u00e8de une solide exp\u00e9rience des affaires internationales et a une compr\u00e9hension approfondie des d\u00e9fis auxquels les clients et les partenaires sont confront\u00e9s dans l&rsquo;environnement commercial dynamique de la r\u00e9gion<\/span><br \/>\n<span style=\"color: #ffffff\">R\u00e9put\u00e9e pour son leadership professionnel et son aspiration constante \u00e0 inspirer, Mme Siu a \u00e9t\u00e9 s\u00e9lectionn\u00e9e comme l&rsquo;un des leaders annuels de l&rsquo;industrie de l&rsquo;information chinoise (2011,2012, 2018) et a figur\u00e9 sur la liste des 50 femmes les plus puissantes, Fortune Global en 2011<\/span><br \/>\n<span style=\"color: #ffffff\">Principales activit\u00e9s exerc\u00e9es hors de la Soci\u00e9t\u00e9<\/span><br \/>\n<span style=\"color: #ffffff\">Co-fondatrice de B&amp;H Consulting Ltd, bas\u00e9 \u00e0 P\u00e9kin en Chine<\/span><br \/>\n<span style=\"color: #ffffff\">Administratrice non-ex\u00e9cutive de Goodyear Tires &amp; Rubber<\/span><br \/>\n<span style=\"color: #ffffff\">Administratrice ind\u00e9pendante d\u2019AInnovation<\/span><\/p>\n<\/div>\n<\/div>\n      <\/div>\n      <\/div>\n<\/div>\n\n<script>\n  const advancedTextBloc4b2f66d415 = function () {\n    return {\n      id: null,\n      colMax: 3,\n      currentColMax() {\n        \/\/ Les composants sont cod\u00e9s de telle mani\u00e8re \u00e0 ce que pour une taille >= md, on prend en compte colMax\n        \/\/ Sinon, on ne supporte que deux colonnes\n        if (window.innerWidth >= 768) {\n          return this.colMax\n        } else {\n          return 1\n        }\n      },\n      selectId(id) {\n        const item = document.getElementById('advancedTextBloc4b2f66d415DescriptionItem' + id)\n        const parent = document.getElementById(\"advancedTextBloc4b2f66d415\")\n        const hideBlocs = document.getElementById(\"advancedTextBloc4b2f66d415Hide\")\n        const currentColMax = this.currentColMax()\n\n        if (currentColMax === 2) {\n          item.classList.remove('col-span-3')\n          item.classList.add('col-span-2')\n        } else if (currentColMax === 3) {\n          item.classList.remove('col-span-2')\n          item.classList.add('col-span-3')\n        }\n\n        this.removeBlocIfNeeded(hideBlocs, item, id)\n        this.hideArrow()\n        this.addArrow(id)\n        this.addBlocIfNeeded(parent, item, id)\n        this.updateId(id)\n      },\n      removeBlocIfNeeded(hideBlocs, item, id) {\n        if (this.id && this.id === id) {\n          hideBlocs.prepend(item)\n        } else if (this.id && this.id !== id) {\n          const previousItem = document.getElementById('advancedTextBloc4b2f66d415DescriptionItem' + this.id)\n          hideBlocs.prepend(previousItem)\n        }\n      },\n      hideArrow() {\n        const items = document.querySelectorAll(\"#advancedTextBloc4b2f66d415 .icon-selected\")\n        for (const item of items) {\n          item.classList.add('invisible')\n        }\n      },\n      addArrow(id) {\n        const items = document.querySelectorAll(\"#advancedTextBloc4b2f66d415 .icon-selected\")\n        if (this.id === null || this.id !== id) {\n          items[id].classList.remove('invisible')\n        }\n      },\n      addBlocIfNeeded(parent, item, id) {\n        const currentColMax = this.currentColMax()\n        const rowNumber = Math.trunc(id \/ currentColMax)\n        let idxToConsider = rowNumber * currentColMax + (currentColMax - 1)\n        let elementToConsider = null\n\n        while (!elementToConsider) {\n          elementToConsider = parent.children[0].children[idxToConsider]\n          idxToConsider--\n        }\n\n        if (this.id === null || this.id !== id) {\n          elementToConsider.after(item)\n        }\n      },\n      updateId(id) {\n        if (this.id === null) {\n          this.id = id\n        } else if (this.id === id) {\n          this.id = null\n        } else {\n          this.id = id\n        }\n      }\n    }\n  };\n<\/script>\n\t\t\t\t<\/div>\n\t\t\t\t<\/div>\n\t\t\t\t<div class=\"elementor-element elementor-element-99c0e80 elementor-widget elementor-widget-spacer\" data-id=\"99c0e80\" data-element_type=\"widget\" data-e-type=\"widget\" data-widget_type=\"spacer.default\">\n\t\t\t\t\t\t\t<div class=\"elementor-spacer\">\n\t\t\t<div class=\"elementor-spacer-inner\"><\/div>\n\t\t<\/div>\n\t\t\t\t\t\t<\/div>\n\t\t\t\t<div class=\"elementor-element elementor-element-3a8bb20 elementor-widget elementor-widget-text-editor\" data-id=\"3a8bb20\" data-element_type=\"widget\" data-e-type=\"widget\" data-widget_type=\"text-editor.default\">\n\t\t\t\t\t\t\t\t\t<p>\u00a0<\/p><p><strong>Censeur<br \/><\/strong>Aditya Mittal<\/p>\t\t\t\t\t\t\t\t<\/div>\n\t\t\t\t<div class=\"elementor-element elementor-element-a20a620 elementor-widget elementor-widget-text-editor\" data-id=\"a20a620\" data-element_type=\"widget\" data-e-type=\"widget\" data-widget_type=\"text-editor.default\">\n\t\t\t\t\t\t\t\t\t<p>\u00a0<\/p><p class=\"block-content__subtitle\"><strong>Secr\u00e9taire du Conseil d\u2019administration<\/strong><\/p><p>Sarah DIB, Secr\u00e9taire G\u00e9n\u00e9rale de Vallourec<\/p>\t\t\t\t\t\t\t\t<\/div>\n\t\t\t\t<div class=\"elementor-element elementor-element-53b632c elementor-widget elementor-widget-spacer\" data-id=\"53b632c\" data-element_type=\"widget\" data-e-type=\"widget\" data-widget_type=\"spacer.default\">\n\t\t\t\t\t\t\t<div class=\"elementor-spacer\">\n\t\t\t<div class=\"elementor-spacer-inner\"><\/div>\n\t\t<\/div>\n\t\t\t\t\t\t<\/div>\n\t\t\t\t<div class=\"elementor-element elementor-element-f422e0d elementor-widget elementor-widget-button\" data-id=\"f422e0d\" data-element_type=\"widget\" data-e-type=\"widget\" data-widget_type=\"button.default\">\n\t\t\t\t<div class=\"elementor-widget-container\">\n\t\t\t\t\t<div class=\"text-left\">\n      <a class=\"no-underline\" href=\"https:\/\/www.vallourec.com\/app\/uploads\/2024\/08\/20240810-Board-of-Directors_Internal-Rules_FR.pdf\" target=\"_blank\">\n      <button class=\"btn btn-primary my-1\">\n        <span class=\"pr-3 fas fa-download\"><\/span>        R\u00e8glement int\u00e9rieur\n      <\/button>\n    <\/a>\n  <\/div>\n\t\t\t\t<\/div>\n\t\t\t\t<\/div>\n\t\t\t\t<div class=\"elementor-element elementor-element-d8f313d elementor-widget elementor-widget-spacer\" data-id=\"d8f313d\" data-element_type=\"widget\" data-e-type=\"widget\" data-widget_type=\"spacer.default\">\n\t\t\t\t\t\t\t<div class=\"elementor-spacer\">\n\t\t\t<div class=\"elementor-spacer-inner\"><\/div>\n\t\t<\/div>\n\t\t\t\t\t\t<\/div>\n\t\t\t\t<div class=\"elementor-element elementor-element-6ff2f26 elementor-widget elementor-widget-title\" data-id=\"6ff2f26\" data-element_type=\"widget\" data-e-type=\"widget\" data-widget_type=\"title.default\">\n\t\t\t\t<div class=\"elementor-widget-container\">\n\t\t\t\t\t<div>\n      <div class=\"block mb-[3rem] md:mb-none md:flex relative\">\n      <h2 class=\"w-fit title-h2 pb-2 md:pb-0 \">Comit\u00e9s du Conseil d'Administration<\/h2>\n      <div class=\"title-divider ml-0 mr-0 md:ml-3 self-center\"><\/div>\n      <p class=\"title-anchor -bottom-[2rem] md:bottom-[50%] right-0 hasAnchor\" id=\"comit\u00e9s-du-conseil-dadministration\">Comit\u00e9s du Conseil d'Administration<\/p>\n    <\/div>\n  <\/div>\n\t\t\t\t<\/div>\n\t\t\t\t<\/div>\n\t\t\t\t<div class=\"elementor-element elementor-element-a395151 elementor-widget elementor-widget-text-editor\" data-id=\"a395151\" data-element_type=\"widget\" data-e-type=\"widget\" data-widget_type=\"text-editor.default\">\n\t\t\t\t\t\t\t\t\t<p>\u00a0<\/p><p>Quartre Comit\u00e9s assistent le Conseil d\u2019Administration. Consult\u00e9s sur des sujets en amont de certaines d\u00e9lib\u00e9rations, ils formulent dans leurs domaines de comp\u00e9tence respectifs, des propositions, recommandations et avis.<\/p>\t\t\t\t\t\t\t\t<\/div>\n\t\t\t\t\t<\/div>\n\t\t<\/div>\n\t\t\t\t\t<\/div>\n\t\t<\/section>\n\t\t\t\t<section class=\"elementor-section elementor-top-section elementor-element elementor-element-86a54fd elementor-section-boxed elementor-section-height-default elementor-section-height-default\" data-id=\"86a54fd\" data-element_type=\"section\" data-e-type=\"section\">\n\t\t\t\t\t\t<div class=\"elementor-container elementor-column-gap-default\">\n\t\t\t\t\t<div class=\"elementor-column elementor-col-100 elementor-top-column elementor-element elementor-element-99212b1\" data-id=\"99212b1\" data-element_type=\"column\" data-e-type=\"column\">\n\t\t\t<div class=\"elementor-widget-wrap elementor-element-populated\">\n\t\t\t\t\t\t<div class=\"elementor-element elementor-element-4381f2b elementor-widget elementor-widget-spacer\" data-id=\"4381f2b\" data-element_type=\"widget\" data-e-type=\"widget\" data-widget_type=\"spacer.default\">\n\t\t\t\t\t\t\t<div class=\"elementor-spacer\">\n\t\t\t<div class=\"elementor-spacer-inner\"><\/div>\n\t\t<\/div>\n\t\t\t\t\t\t<\/div>\n\t\t\t\t<div class=\"elementor-element elementor-element-1070919 elementor-widget elementor-widget-title\" data-id=\"1070919\" data-element_type=\"widget\" data-e-type=\"widget\" data-widget_type=\"title.default\">\n\t\t\t\t<div class=\"elementor-widget-container\">\n\t\t\t\t\t<div>\n      <div class=\"block mb-[3rem] md:mb-none md:flex relative\">\n      <h2 class=\"w-fit title-h2 pb-2 md:pb-0 \">Le Comit\u00e9 d'Audit<\/h2>\n      <div class=\"title-divider ml-0 mr-0 md:ml-3 self-center\"><\/div>\n      <p class=\"title-anchor -bottom-[2rem] md:bottom-[50%] right-0 \" id=\"\"><\/p>\n    <\/div>\n  <\/div>\n\t\t\t\t<\/div>\n\t\t\t\t<\/div>\n\t\t\t\t<div class=\"elementor-element elementor-element-706f104 elementor-widget elementor-widget-text-editor\" data-id=\"706f104\" data-element_type=\"widget\" data-e-type=\"widget\" data-widget_type=\"text-editor.default\">\n\t\t\t\t\t\t\t\t\t<p>\u00a0<\/p><p>\u00a0<span style=\"font-size: 1rem;font-family: var( --e-global-typography-text-font-family ), Sans-serif\">Le Comit\u00e9 d\u2019Audit examine les r\u00e9sultats trimestriels, les projets de comptes semestriels et annuels et \u00e9value la gestion des risques ainsi que les syst\u00e8mes de contr\u00f4le interne.<\/span><\/p><p>Le Comit\u00e9 d&rsquo;Audit est compos\u00e9 de cinq membres : Mme Angela Minas (Pr\u00e9sidente), Mme Corine de Bilbao, Mme Hera Siu, M. Genuino Christino et M. Luciano Siani Pires.<\/p>\t\t\t\t\t\t\t\t<\/div>\n\t\t\t\t\t<\/div>\n\t\t<\/div>\n\t\t\t\t\t<\/div>\n\t\t<\/section>\n\t\t\t\t<section class=\"elementor-section elementor-top-section elementor-element elementor-element-a19fe5f elementor-section-boxed elementor-section-height-default elementor-section-height-default\" data-id=\"a19fe5f\" data-element_type=\"section\" data-e-type=\"section\">\n\t\t\t\t\t\t<div class=\"elementor-container elementor-column-gap-default\">\n\t\t\t\t\t<div class=\"elementor-column elementor-col-100 elementor-top-column elementor-element elementor-element-371c767\" data-id=\"371c767\" data-element_type=\"column\" data-e-type=\"column\">\n\t\t\t<div class=\"elementor-widget-wrap elementor-element-populated\">\n\t\t\t\t\t\t<div class=\"elementor-element elementor-element-3208374 elementor-widget elementor-widget-spacer\" data-id=\"3208374\" data-element_type=\"widget\" data-e-type=\"widget\" data-widget_type=\"spacer.default\">\n\t\t\t\t\t\t\t<div class=\"elementor-spacer\">\n\t\t\t<div class=\"elementor-spacer-inner\"><\/div>\n\t\t<\/div>\n\t\t\t\t\t\t<\/div>\n\t\t\t\t<div class=\"elementor-element elementor-element-a647bf4 elementor-widget elementor-widget-title\" data-id=\"a647bf4\" data-element_type=\"widget\" data-e-type=\"widget\" data-widget_type=\"title.default\">\n\t\t\t\t<div class=\"elementor-widget-container\">\n\t\t\t\t\t<div>\n      <div class=\"block mb-[3rem] md:mb-none md:flex relative\">\n      <h2 class=\"w-fit title-h2 pb-2 md:pb-0 \">Le Comit\u00e9 des R\u00e9mun\u00e9rations<\/h2>\n      <div class=\"title-divider ml-0 mr-0 md:ml-3 self-center\"><\/div>\n      <p class=\"title-anchor -bottom-[2rem] md:bottom-[50%] right-0 \" id=\"\"><\/p>\n    <\/div>\n  <\/div>\n\t\t\t\t<\/div>\n\t\t\t\t<\/div>\n\t\t\t\t<div class=\"elementor-element elementor-element-e1eba6e elementor-widget elementor-widget-text-editor\" data-id=\"e1eba6e\" data-element_type=\"widget\" data-e-type=\"widget\" data-widget_type=\"text-editor.default\">\n\t\t\t\t\t\t\t\t\t<p>\u00a0<\/p><p>\u00a0<\/p><p>Le Comit\u00e9 des R\u00e9mun\u00e9rations a pour mission\u202fde pr\u00e9parer et faciliter les d\u00e9lib\u00e9rations du Conseil concernant les questions relatives aux r\u00e9mun\u00e9rations des administrateurs et dirigeants mandataires sociaux.<\/p><p>Le Comit\u00e9 des R\u00e9mun\u00e9rations est compos\u00e9 de quatre membres\u202f: Mme Hera Siu (Pr\u00e9sidente), Mme Angela Minas, M. Genuino Christino et Mme Annelise Le Gall (directrice repr\u00e9sentant les salari\u00e9s)<\/p>\t\t\t\t\t\t\t\t<\/div>\n\t\t\t\t\t<\/div>\n\t\t<\/div>\n\t\t\t\t\t<\/div>\n\t\t<\/section>\n\t\t\t\t<section class=\"elementor-section elementor-top-section elementor-element elementor-element-fe3ab82 elementor-section-boxed elementor-section-height-default elementor-section-height-default\" data-id=\"fe3ab82\" data-element_type=\"section\" data-e-type=\"section\">\n\t\t\t\t\t\t<div class=\"elementor-container elementor-column-gap-default\">\n\t\t\t\t\t<div class=\"elementor-column elementor-col-100 elementor-top-column elementor-element elementor-element-0a5a5eb\" data-id=\"0a5a5eb\" data-element_type=\"column\" data-e-type=\"column\">\n\t\t\t<div class=\"elementor-widget-wrap elementor-element-populated\">\n\t\t\t\t\t\t<div class=\"elementor-element elementor-element-805dd0e elementor-widget elementor-widget-spacer\" data-id=\"805dd0e\" data-element_type=\"widget\" data-e-type=\"widget\" data-widget_type=\"spacer.default\">\n\t\t\t\t\t\t\t<div class=\"elementor-spacer\">\n\t\t\t<div class=\"elementor-spacer-inner\"><\/div>\n\t\t<\/div>\n\t\t\t\t\t\t<\/div>\n\t\t\t\t<div class=\"elementor-element elementor-element-e2d0aad elementor-widget elementor-widget-title\" data-id=\"e2d0aad\" data-element_type=\"widget\" data-e-type=\"widget\" data-widget_type=\"title.default\">\n\t\t\t\t<div class=\"elementor-widget-container\">\n\t\t\t\t\t<div>\n      <div class=\"block mb-[3rem] md:mb-none md:flex relative\">\n      <h2 class=\"w-fit title-h2 pb-2 md:pb-0 \">Le Comit\u00e9 des Nominations et de la Gouvernance <\/h2>\n      <div class=\"title-divider ml-0 mr-0 md:ml-3 self-center\"><\/div>\n      <p class=\"title-anchor -bottom-[2rem] md:bottom-[50%] right-0 \" id=\"\"><\/p>\n    <\/div>\n  <\/div>\n\t\t\t\t<\/div>\n\t\t\t\t<\/div>\n\t\t\t\t<div class=\"elementor-element elementor-element-6276220 elementor-widget elementor-widget-text-editor\" data-id=\"6276220\" data-element_type=\"widget\" data-e-type=\"widget\" data-widget_type=\"text-editor.default\">\n\t\t\t\t\t\t\t\t\t<p>\u00a0<\/p><p>\u00a0<\/p><p>Le Comit\u00e9 des Nominations et de la Gouvernance\u202fa pour mission\u202fde pr\u00e9parer et faciliter les d\u00e9lib\u00e9rations du Conseil concernant les questions relatives \u00e0 la composition du Conseil, \u00e0 la nomination des dirigeants mandataires sociaux et \u00e0 la gouvernance du Groupe.<\/p><p>Le Comit\u00e9 des Nominations et de la Gouvernance est compos\u00e9 de trois membres\u202f: Mme Hera Siu (Pr\u00e9sidente), Mme Angela Minas et M. Keith J. Howell.<\/p>\t\t\t\t\t\t\t\t<\/div>\n\t\t\t\t\t<\/div>\n\t\t<\/div>\n\t\t\t\t\t<\/div>\n\t\t<\/section>\n\t\t\t\t<section class=\"elementor-section elementor-top-section elementor-element elementor-element-c46cb1c elementor-section-boxed elementor-section-height-default elementor-section-height-default\" data-id=\"c46cb1c\" data-element_type=\"section\" data-e-type=\"section\">\n\t\t\t\t\t\t<div class=\"elementor-container elementor-column-gap-default\">\n\t\t\t\t\t<div class=\"elementor-column elementor-col-100 elementor-top-column elementor-element elementor-element-c4b3b81\" data-id=\"c4b3b81\" data-element_type=\"column\" data-e-type=\"column\">\n\t\t\t<div class=\"elementor-widget-wrap elementor-element-populated\">\n\t\t\t\t\t\t<div class=\"elementor-element elementor-element-cf85439 elementor-widget elementor-widget-spacer\" data-id=\"cf85439\" data-element_type=\"widget\" data-e-type=\"widget\" data-widget_type=\"spacer.default\">\n\t\t\t\t\t\t\t<div class=\"elementor-spacer\">\n\t\t\t<div class=\"elementor-spacer-inner\"><\/div>\n\t\t<\/div>\n\t\t\t\t\t\t<\/div>\n\t\t\t\t<div class=\"elementor-element elementor-element-1d52e42 elementor-widget elementor-widget-title\" data-id=\"1d52e42\" data-element_type=\"widget\" data-e-type=\"widget\" data-widget_type=\"title.default\">\n\t\t\t\t<div class=\"elementor-widget-container\">\n\t\t\t\t\t<div>\n      <div class=\"block mb-[3rem] md:mb-none md:flex relative\">\n      <h2 class=\"w-fit title-h2 pb-2 md:pb-0 \">Le Comit\u00e9 de la Responsabilit\u00e9 Sociale, Environnementale et Soci\u00e9tale<\/h2>\n      <div class=\"title-divider ml-0 mr-0 md:ml-3 self-center\"><\/div>\n      <p class=\"title-anchor -bottom-[2rem] md:bottom-[50%] right-0 \" id=\"\"><\/p>\n    <\/div>\n  <\/div>\n\t\t\t\t<\/div>\n\t\t\t\t<\/div>\n\t\t\t\t<div class=\"elementor-element elementor-element-7c8b204 elementor-widget elementor-widget-text-editor\" data-id=\"7c8b204\" data-element_type=\"widget\" data-e-type=\"widget\" data-widget_type=\"text-editor.default\">\n\t\t\t\t\t\t\t\t\t<p>\u00a0<\/p><p>\u00a0<\/p><p>Le Comit\u00e9 RSE a pour mission de veiller \u00e0 ce que le Groupe anticipe au mieux les enjeux, opportunit\u00e9s et risques extra-financiers associ\u00e9s \u00e0 son activit\u00e9 afin de promouvoir une cr\u00e9ation de valeur sur le long terme responsable et harmonieuse. Il \u00e9met des recommandations sur la politique et les r\u00e9alisations du Groupe en la mati\u00e8re.<br \/>Le Comit\u00e9 RSE est compos\u00e9 de six membres : Mme Corine de Bilbao (Pr\u00e9sidente), Mme Angela Minas, Mme Hera Siu, M. Luciano Siani Pires, Mme Frida Norrbom Sams et Mme Annelise Le Gall<\/p>\t\t\t\t\t\t\t\t<\/div>\n\t\t\t\t\t<\/div>\n\t\t<\/div>\n\t\t\t\t\t<\/div>\n\t\t<\/section>\n\t\t\t\t<section class=\"elementor-section elementor-top-section elementor-element elementor-element-b4741f9 elementor-section-boxed elementor-section-height-default elementor-section-height-default\" data-id=\"b4741f9\" data-element_type=\"section\" data-e-type=\"section\">\n\t\t\t\t\t\t<div class=\"elementor-container elementor-column-gap-default\">\n\t\t\t\t\t<div class=\"elementor-column elementor-col-100 elementor-top-column elementor-element elementor-element-a6eb173\" data-id=\"a6eb173\" data-element_type=\"column\" data-e-type=\"column\">\n\t\t\t<div class=\"elementor-widget-wrap elementor-element-populated\">\n\t\t\t\t\t\t<div class=\"elementor-element elementor-element-14c9040 elementor-widget elementor-widget-spacer\" data-id=\"14c9040\" data-element_type=\"widget\" data-e-type=\"widget\" data-widget_type=\"spacer.default\">\n\t\t\t\t\t\t\t<div class=\"elementor-spacer\">\n\t\t\t<div class=\"elementor-spacer-inner\"><\/div>\n\t\t<\/div>\n\t\t\t\t\t\t<\/div>\n\t\t\t\t<div class=\"elementor-element elementor-element-75f77b8 elementor-widget elementor-widget-title\" data-id=\"75f77b8\" data-element_type=\"widget\" data-e-type=\"widget\" data-widget_type=\"title.default\">\n\t\t\t\t<div class=\"elementor-widget-container\">\n\t\t\t\t\t<div>\n      <div class=\"block mb-[3rem] md:mb-none md:flex relative\">\n      <h2 class=\"w-fit title-h2 pb-2 md:pb-0 \">Information relative \u00e0 la r\u00e9mun\u00e9ration des mandataires sociaux<\/h2>\n      <div class=\"title-divider ml-0 mr-0 md:ml-3 self-center\"><\/div>\n      <p class=\"title-anchor -bottom-[2rem] md:bottom-[50%] right-0 \" id=\"\"><\/p>\n    <\/div>\n  <\/div>\n\t\t\t\t<\/div>\n\t\t\t\t<\/div>\n\t\t\t\t<div class=\"elementor-element elementor-element-d2ff9fa elementor-widget elementor-widget-spacer\" data-id=\"d2ff9fa\" data-element_type=\"widget\" data-e-type=\"widget\" data-widget_type=\"spacer.default\">\n\t\t\t\t\t\t\t<div class=\"elementor-spacer\">\n\t\t\t<div class=\"elementor-spacer-inner\"><\/div>\n\t\t<\/div>\n\t\t\t\t\t\t<\/div>\n\t\t\t\t<div class=\"elementor-element elementor-element-5b4b115 elementor-widget elementor-widget-title\" data-id=\"5b4b115\" data-element_type=\"widget\" data-e-type=\"widget\" data-widget_type=\"title.default\">\n\t\t\t\t<div class=\"elementor-widget-container\">\n\t\t\t\t\t<div>\n      <div class=\"block mb-[3rem] md:mb-none md:flex relative\">\n      <h2 class=\"w-fit title-h2 pb-2 md:pb-0 \">Commissaires aux comptes titulaires<\/h2>\n      <div class=\"title-divider ml-0 mr-0 md:ml-3 self-center\"><\/div>\n      <p class=\"title-anchor -bottom-[2rem] md:bottom-[50%] right-0 \" id=\"\"><\/p>\n    <\/div>\n  <\/div>\n\t\t\t\t<\/div>\n\t\t\t\t<\/div>\n\t\t\t\t\t<\/div>\n\t\t<\/div>\n\t\t\t\t\t<\/div>\n\t\t<\/section>\n\t\t\t\t<section class=\"elementor-section elementor-top-section elementor-element elementor-element-0c0dd31 elementor-section-boxed elementor-section-height-default elementor-section-height-default\" data-id=\"0c0dd31\" data-element_type=\"section\" data-e-type=\"section\">\n\t\t\t\t\t\t<div class=\"elementor-container elementor-column-gap-default\">\n\t\t\t\t\t<div class=\"elementor-column elementor-col-100 elementor-top-column elementor-element elementor-element-0ec8278\" data-id=\"0ec8278\" data-element_type=\"column\" data-e-type=\"column\">\n\t\t\t<div class=\"elementor-widget-wrap elementor-element-populated\">\n\t\t\t\t\t\t<div class=\"elementor-element elementor-element-3d4fba0 elementor-widget elementor-widget-html\" data-id=\"3d4fba0\" data-element_type=\"widget\" data-e-type=\"widget\" data-widget_type=\"html.default\">\n\t\t\t\t\t<table class=\"tableauditors\" style=\"width:100%;background:white\" cellpadding=\"5\"><tr style=\"color: #009ee0\"><td><b>KPMG SA<\/b><\/td><td><b>Ernst &amp; Young et Autres<\/b><\/td><\/tr>\r\n<tr><td>Repr\u00e9sent\u00e9e par M. Philippe Grandclerc<\/td><td>\r\nRepr\u00e9sent\u00e9e par Mme May Kassis-Morin<\/td><\/tr>\r\n\r\n<tr><td>Tour Eqho - 2, avenue Gambetta 92066 Paris-La D\u00e9fense Cedex<\/td><td>\r\nParis la D\u00e9fense 1 1-2 Place des Saisons 92400 Courbevoie<\/td><\/tr>\r\n\r\n<tr><td>Date de d\u00e9but du premier mandat : 1er juin 2006<\/td><td>\r\nDate de d\u00e9but du premier mandat : 23 mai 2024<\/td><\/tr>\r\n\r\n<tr><td>Date de renouvellement : 23 Mai 2024<\/td><td>\r\n<\/td><\/tr>\r\n<\/table>\t\t\t\t<\/div>\n\t\t\t\t<div class=\"elementor-element elementor-element-82ba8e8 elementor-widget elementor-widget-spacer\" data-id=\"82ba8e8\" data-element_type=\"widget\" data-e-type=\"widget\" data-widget_type=\"spacer.default\">\n\t\t\t\t\t\t\t<div class=\"elementor-spacer\">\n\t\t\t<div class=\"elementor-spacer-inner\"><\/div>\n\t\t<\/div>\n\t\t\t\t\t\t<\/div>\n\t\t\t\t<div class=\"elementor-element elementor-element-f8042c4 elementor-widget elementor-widget-title\" data-id=\"f8042c4\" data-element_type=\"widget\" data-e-type=\"widget\" data-widget_type=\"title.default\">\n\t\t\t\t<div class=\"elementor-widget-container\">\n\t\t\t\t\t<div>\n      <div class=\"block mb-[3rem] md:mb-none md:flex relative\">\n      <h2 class=\"w-fit title-h2 pb-2 md:pb-0 \">Statuts<\/h2>\n      <div class=\"title-divider ml-0 mr-0 md:ml-3 self-center\"><\/div>\n      <p class=\"title-anchor -bottom-[2rem] md:bottom-[50%] right-0 hasAnchor\" id=\"statuts\">Statuts<\/p>\n    <\/div>\n  <\/div>\n\t\t\t\t<\/div>\n\t\t\t\t<\/div>\n\t\t\t\t<div class=\"elementor-element elementor-element-8aa630f elementor-widget elementor-widget-button\" data-id=\"8aa630f\" data-element_type=\"widget\" data-e-type=\"widget\" data-widget_type=\"button.default\">\n\t\t\t\t<div class=\"elementor-widget-container\">\n\t\t\t\t\t<div class=\"text-left\">\n      <a class=\"no-underline\" href=\"https:\/\/www.vallourec.com\/app\/uploads\/2026\/04\/vallourec-statuts-maj-20260429-fr.pdf\" target=\"_blank\">\n      <button class=\"btn btn-primary my-1\">\n        <span class=\"pr-3 fas fa-download\"><\/span>        T\u00e9l\u00e9chargez les statuts\n      <\/button>\n    <\/a>\n  <\/div>\n\t\t\t\t<\/div>\n\t\t\t\t<\/div>\n\t\t\t\t\t<\/div>\n\t\t<\/div>\n\t\t\t\t\t<\/div>\n\t\t<\/section>\n\t\t\t\t<\/div>\n\t\t","protected":false},"excerpt":{"rendered":"","protected":false},"author":1,"featured_media":0,"parent":2394,"menu_order":0,"comment_status":"closed","ping_status":"closed","template":"","meta":{"_acf_changed":false,"footnotes":""},"class_list":["post-2351","page","type-page","status-publish","hentry"],"acf":[],"yoast_head":"<title>Notre gouvernance - Vallourec<\/title>\n<meta name=\"description\" content=\"Le mode de gouvernance de la Soci\u00e9t\u00e9 repose sur une organisation \u00e0 Conseil d&#039;Administration qui d&#039;appuie sur un Comit\u00e9 Ex\u00e9cutif.\" \/>\n<meta name=\"robots\" content=\"index, follow, max-snippet:-1, max-image-preview:large, max-video-preview:-1\" \/>\n<link rel=\"canonical\" href=\"https:\/\/www.vallourec.com\/fr\/identite\/notre-gouvernance\/\" \/>\n<meta property=\"og:locale\" content=\"fr_FR\" \/>\n<meta property=\"og:type\" content=\"article\" \/>\n<meta property=\"og:title\" content=\"Notre gouvernance - Vallourec\" \/>\n<meta property=\"og:description\" content=\"Le mode de gouvernance de la Soci\u00e9t\u00e9 repose sur une organisation \u00e0 Conseil d&#039;Administration qui d&#039;appuie sur un Comit\u00e9 Ex\u00e9cutif.\" \/>\n<meta property=\"og:url\" content=\"https:\/\/www.vallourec.com\/fr\/identite\/notre-gouvernance\/\" \/>\n<meta property=\"og:site_name\" content=\"Vallourec\" \/>\n<meta property=\"article:publisher\" content=\"https:\/\/fr-fr.facebook.com\/Vallourec\/\" \/>\n<meta property=\"article:modified_time\" content=\"2026-04-29T10:10:10+00:00\" \/>\n<meta property=\"og:image\" content=\"https:\/\/www.vallourec.com\/app\/uploads\/2023\/06\/Philippe_Guillemot_Portrait-scaled.jpg\" \/>\n<meta name=\"twitter:card\" content=\"summary_large_image\" \/>\n<meta name=\"twitter:site\" content=\"@Vallourec\" \/>\n<meta name=\"twitter:label1\" content=\"Dur\u00e9e de lecture estim\u00e9e\" \/>\n\t<meta name=\"twitter:data1\" content=\"27 minutes\" \/>\n<script type=\"application\/ld+json\" class=\"yoast-schema-graph\">{\"@context\":\"https:\\\/\\\/schema.org\",\"@graph\":[{\"@type\":\"WebPage\",\"@id\":\"https:\\\/\\\/www.vallourec.com\\\/fr\\\/identite\\\/notre-gouvernance\\\/\",\"url\":\"https:\\\/\\\/www.vallourec.com\\\/fr\\\/identite\\\/notre-gouvernance\\\/\",\"name\":\"Notre gouvernance - Vallourec\",\"isPartOf\":{\"@id\":\"https:\\\/\\\/www.vallourec.com\\\/fr\\\/#website\"},\"primaryImageOfPage\":{\"@id\":\"https:\\\/\\\/www.vallourec.com\\\/fr\\\/identite\\\/notre-gouvernance\\\/#primaryimage\"},\"image\":{\"@id\":\"https:\\\/\\\/www.vallourec.com\\\/fr\\\/identite\\\/notre-gouvernance\\\/#primaryimage\"},\"thumbnailUrl\":\"https:\\\/\\\/www.vallourec.com\\\/app\\\/uploads\\\/2023\\\/06\\\/Philippe_Guillemot_Portrait-scaled.jpg\",\"datePublished\":\"2023-08-24T12:18:41+00:00\",\"dateModified\":\"2026-04-29T10:10:10+00:00\",\"description\":\"Le mode de gouvernance de la Soci\u00e9t\u00e9 repose sur une organisation \u00e0 Conseil d'Administration qui d'appuie sur un Comit\u00e9 Ex\u00e9cutif.\",\"breadcrumb\":{\"@id\":\"https:\\\/\\\/www.vallourec.com\\\/fr\\\/identite\\\/notre-gouvernance\\\/#breadcrumb\"},\"inLanguage\":\"fr-FR\",\"potentialAction\":[{\"@type\":\"ReadAction\",\"target\":[\"https:\\\/\\\/www.vallourec.com\\\/fr\\\/identite\\\/notre-gouvernance\\\/\"]}]},{\"@type\":\"ImageObject\",\"inLanguage\":\"fr-FR\",\"@id\":\"https:\\\/\\\/www.vallourec.com\\\/fr\\\/identite\\\/notre-gouvernance\\\/#primaryimage\",\"url\":\"https:\\\/\\\/www.vallourec.com\\\/app\\\/uploads\\\/2023\\\/06\\\/Philippe_Guillemot_Portrait-scaled.jpg\",\"contentUrl\":\"https:\\\/\\\/www.vallourec.com\\\/app\\\/uploads\\\/2023\\\/06\\\/Philippe_Guillemot_Portrait-scaled.jpg\"},{\"@type\":\"BreadcrumbList\",\"@id\":\"https:\\\/\\\/www.vallourec.com\\\/fr\\\/identite\\\/notre-gouvernance\\\/#breadcrumb\",\"itemListElement\":[{\"@type\":\"ListItem\",\"position\":1,\"name\":\"Identit\u00e9\",\"item\":\"https:\\\/\\\/www.vallourec.com\\\/fr\\\/identity\\\/\"},{\"@type\":\"ListItem\",\"position\":2,\"name\":\"Notre gouvernance\"}]},{\"@type\":\"WebSite\",\"@id\":\"https:\\\/\\\/www.vallourec.com\\\/fr\\\/#website\",\"url\":\"https:\\\/\\\/www.vallourec.com\\\/fr\\\/\",\"name\":\"Vallourec\",\"description\":\"\",\"publisher\":{\"@id\":\"https:\\\/\\\/www.vallourec.com\\\/fr\\\/#organization\"},\"potentialAction\":[{\"@type\":\"SearchAction\",\"target\":{\"@type\":\"EntryPoint\",\"urlTemplate\":\"https:\\\/\\\/www.vallourec.com\\\/fr\\\/?s={search_term_string}\"},\"query-input\":{\"@type\":\"PropertyValueSpecification\",\"valueRequired\":true,\"valueName\":\"search_term_string\"}}],\"inLanguage\":\"fr-FR\"},{\"@type\":\"Organization\",\"@id\":\"https:\\\/\\\/www.vallourec.com\\\/fr\\\/#organization\",\"name\":\"Vallourec\",\"url\":\"https:\\\/\\\/www.vallourec.com\\\/fr\\\/\",\"logo\":{\"@type\":\"ImageObject\",\"inLanguage\":\"fr-FR\",\"@id\":\"https:\\\/\\\/www.vallourec.com\\\/fr\\\/#\\\/schema\\\/logo\\\/image\\\/\",\"url\":\"https:\\\/\\\/www.vallourec.com\\\/app\\\/uploads\\\/2024\\\/11\\\/vallourec_logo.jpg\",\"contentUrl\":\"https:\\\/\\\/www.vallourec.com\\\/app\\\/uploads\\\/2024\\\/11\\\/vallourec_logo.jpg\",\"width\":662,\"height\":500,\"caption\":\"Vallourec\"},\"image\":{\"@id\":\"https:\\\/\\\/www.vallourec.com\\\/fr\\\/#\\\/schema\\\/logo\\\/image\\\/\"},\"sameAs\":[\"https:\\\/\\\/fr-fr.facebook.com\\\/Vallourec\\\/\",\"https:\\\/\\\/x.com\\\/Vallourec\",\"https:\\\/\\\/www.instagram.com\\\/vallourec\\\/\",\"https:\\\/\\\/fr.linkedin.com\\\/company\\\/vallourec\",\"https:\\\/\\\/www.youtube.com\\\/channel\\\/UCgIl0xm1ANwajVkfCFvZr0w\"]}]}<\/script>","yoast_head_json":{"title":"Notre gouvernance - Vallourec","description":"Le mode de gouvernance de la Soci\u00e9t\u00e9 repose sur une organisation \u00e0 Conseil d'Administration qui d'appuie sur un Comit\u00e9 Ex\u00e9cutif.","robots":{"index":"index","follow":"follow","max-snippet":"max-snippet:-1","max-image-preview":"max-image-preview:large","max-video-preview":"max-video-preview:-1"},"canonical":"https:\/\/www.vallourec.com\/fr\/identite\/notre-gouvernance\/","og_locale":"fr_FR","og_type":"article","og_title":"Notre gouvernance - Vallourec","og_description":"Le mode de gouvernance de la Soci\u00e9t\u00e9 repose sur une organisation \u00e0 Conseil d'Administration qui d'appuie sur un Comit\u00e9 Ex\u00e9cutif.","og_url":"https:\/\/www.vallourec.com\/fr\/identite\/notre-gouvernance\/","og_site_name":"Vallourec","article_publisher":"https:\/\/fr-fr.facebook.com\/Vallourec\/","article_modified_time":"2026-04-29T10:10:10+00:00","og_image":[{"url":"https:\/\/www.vallourec.com\/app\/uploads\/2023\/06\/Philippe_Guillemot_Portrait-scaled.jpg","type":"","width":"","height":""}],"twitter_card":"summary_large_image","twitter_site":"@Vallourec","twitter_misc":{"Dur\u00e9e de lecture estim\u00e9e":"27 minutes"},"schema":{"@context":"https:\/\/schema.org","@graph":[{"@type":"WebPage","@id":"https:\/\/www.vallourec.com\/fr\/identite\/notre-gouvernance\/","url":"https:\/\/www.vallourec.com\/fr\/identite\/notre-gouvernance\/","name":"Notre gouvernance - Vallourec","isPartOf":{"@id":"https:\/\/www.vallourec.com\/fr\/#website"},"primaryImageOfPage":{"@id":"https:\/\/www.vallourec.com\/fr\/identite\/notre-gouvernance\/#primaryimage"},"image":{"@id":"https:\/\/www.vallourec.com\/fr\/identite\/notre-gouvernance\/#primaryimage"},"thumbnailUrl":"https:\/\/www.vallourec.com\/app\/uploads\/2023\/06\/Philippe_Guillemot_Portrait-scaled.jpg","datePublished":"2023-08-24T12:18:41+00:00","dateModified":"2026-04-29T10:10:10+00:00","description":"Le mode de gouvernance de la Soci\u00e9t\u00e9 repose sur une organisation \u00e0 Conseil d'Administration qui d'appuie sur un Comit\u00e9 Ex\u00e9cutif.","breadcrumb":{"@id":"https:\/\/www.vallourec.com\/fr\/identite\/notre-gouvernance\/#breadcrumb"},"inLanguage":"fr-FR","potentialAction":[{"@type":"ReadAction","target":["https:\/\/www.vallourec.com\/fr\/identite\/notre-gouvernance\/"]}]},{"@type":"ImageObject","inLanguage":"fr-FR","@id":"https:\/\/www.vallourec.com\/fr\/identite\/notre-gouvernance\/#primaryimage","url":"https:\/\/www.vallourec.com\/app\/uploads\/2023\/06\/Philippe_Guillemot_Portrait-scaled.jpg","contentUrl":"https:\/\/www.vallourec.com\/app\/uploads\/2023\/06\/Philippe_Guillemot_Portrait-scaled.jpg"},{"@type":"BreadcrumbList","@id":"https:\/\/www.vallourec.com\/fr\/identite\/notre-gouvernance\/#breadcrumb","itemListElement":[{"@type":"ListItem","position":1,"name":"Identit\u00e9","item":"https:\/\/www.vallourec.com\/fr\/identity\/"},{"@type":"ListItem","position":2,"name":"Notre gouvernance"}]},{"@type":"WebSite","@id":"https:\/\/www.vallourec.com\/fr\/#website","url":"https:\/\/www.vallourec.com\/fr\/","name":"Vallourec","description":"","publisher":{"@id":"https:\/\/www.vallourec.com\/fr\/#organization"},"potentialAction":[{"@type":"SearchAction","target":{"@type":"EntryPoint","urlTemplate":"https:\/\/www.vallourec.com\/fr\/?s={search_term_string}"},"query-input":{"@type":"PropertyValueSpecification","valueRequired":true,"valueName":"search_term_string"}}],"inLanguage":"fr-FR"},{"@type":"Organization","@id":"https:\/\/www.vallourec.com\/fr\/#organization","name":"Vallourec","url":"https:\/\/www.vallourec.com\/fr\/","logo":{"@type":"ImageObject","inLanguage":"fr-FR","@id":"https:\/\/www.vallourec.com\/fr\/#\/schema\/logo\/image\/","url":"https:\/\/www.vallourec.com\/app\/uploads\/2024\/11\/vallourec_logo.jpg","contentUrl":"https:\/\/www.vallourec.com\/app\/uploads\/2024\/11\/vallourec_logo.jpg","width":662,"height":500,"caption":"Vallourec"},"image":{"@id":"https:\/\/www.vallourec.com\/fr\/#\/schema\/logo\/image\/"},"sameAs":["https:\/\/fr-fr.facebook.com\/Vallourec\/","https:\/\/x.com\/Vallourec","https:\/\/www.instagram.com\/vallourec\/","https:\/\/fr.linkedin.com\/company\/vallourec","https:\/\/www.youtube.com\/channel\/UCgIl0xm1ANwajVkfCFvZr0w"]}]}},"_links":{"self":[{"href":"https:\/\/www.vallourec.com\/fr\/wp-json\/wp\/v2\/pages\/2351","targetHints":{"allow":["GET"]}}],"collection":[{"href":"https:\/\/www.vallourec.com\/fr\/wp-json\/wp\/v2\/pages"}],"about":[{"href":"https:\/\/www.vallourec.com\/fr\/wp-json\/wp\/v2\/types\/page"}],"author":[{"embeddable":true,"href":"https:\/\/www.vallourec.com\/fr\/wp-json\/wp\/v2\/users\/1"}],"replies":[{"embeddable":true,"href":"https:\/\/www.vallourec.com\/fr\/wp-json\/wp\/v2\/comments?post=2351"}],"version-history":[{"count":141,"href":"https:\/\/www.vallourec.com\/fr\/wp-json\/wp\/v2\/pages\/2351\/revisions"}],"predecessor-version":[{"id":26964,"href":"https:\/\/www.vallourec.com\/fr\/wp-json\/wp\/v2\/pages\/2351\/revisions\/26964"}],"up":[{"embeddable":true,"href":"https:\/\/www.vallourec.com\/fr\/wp-json\/wp\/v2\/pages\/2394"}],"wp:attachment":[{"href":"https:\/\/www.vallourec.com\/fr\/wp-json\/wp\/v2\/media?parent=2351"}],"curies":[{"name":"wp","href":"https:\/\/api.w.org\/{rel}","templated":true}]}}