{"id":10396,"date":"2023-09-21T14:05:08","date_gmt":"2023-09-21T12:05:08","guid":{"rendered":"https:\/\/www.vallourec.com\/investisseurs\/actualites-et-evenements\/general-meetings\/"},"modified":"2026-04-29T11:04:29","modified_gmt":"2026-04-29T09:04:29","slug":"assemblees-generales","status":"publish","type":"page","link":"https:\/\/www.vallourec.com\/fr\/investisseurs\/assemblees-generales\/","title":{"rendered":"Assembl\u00e9es g\u00e9n\u00e9rales"},"content":{"rendered":"\t\t<div data-elementor-type=\"wp-page\" data-elementor-id=\"10396\" class=\"elementor elementor-10396 elementor-3078\">\n\t\t\t\t\t\t<section class=\"elementor-section elementor-top-section elementor-element elementor-element-bf660d7 elementor-section-boxed elementor-section-height-default elementor-section-height-default\" data-id=\"bf660d7\" data-element_type=\"section\" data-e-type=\"section\">\n\t\t\t\t\t\t<div class=\"elementor-container elementor-column-gap-default\">\n\t\t\t\t\t<div class=\"elementor-column elementor-col-100 elementor-top-column elementor-element elementor-element-b20e8e5\" data-id=\"b20e8e5\" data-element_type=\"column\" data-e-type=\"column\">\n\t\t\t<div class=\"elementor-widget-wrap elementor-element-populated\">\n\t\t\t\t\t\t<div class=\"elementor-element elementor-element-cebc46b elementor-widget elementor-widget-text-editor\" data-id=\"cebc46b\" data-element_type=\"widget\" data-e-type=\"widget\" data-widget_type=\"text-editor.default\">\n\t\t\t\t\t\t\t\t\t<p>\u00a0<\/p><p>Moment cl\u00e9 de la vie de l\u2019entreprise, l\u2019Assembl\u00e9e G\u00e9n\u00e9rale r\u00e9unit chaque ann\u00e9e actionnaires et dirigeants pour un moment privil\u00e9gi\u00e9 d\u2019information, d\u2019\u00e9changes et de dialogue. C\u2019est aussi pour vous, actionnaires, l\u2019occasion de prendre part activement, par votre vote, aux d\u00e9cisions importantes de votre Groupe, et de vous y associer quel que soit le nombre d\u2019actions que vous d\u00e9tenez.<\/p>\t\t\t\t\t\t\t\t<\/div>\n\t\t\t\t<div class=\"elementor-element elementor-element-ce7cf08 elementor-widget elementor-widget-spacer\" data-id=\"ce7cf08\" data-element_type=\"widget\" data-e-type=\"widget\" data-widget_type=\"spacer.default\">\n\t\t\t\t\t\t\t<div class=\"elementor-spacer\">\n\t\t\t<div class=\"elementor-spacer-inner\"><\/div>\n\t\t<\/div>\n\t\t\t\t\t\t<\/div>\n\t\t\t\t<div class=\"elementor-element elementor-element-bf5d925 elementor-widget elementor-widget-title\" data-id=\"bf5d925\" data-element_type=\"widget\" data-e-type=\"widget\" data-widget_type=\"title.default\">\n\t\t\t\t<div class=\"elementor-widget-container\">\n\t\t\t\t\t<div>\n      <div class=\"block mb-[3rem] md:mb-none md:flex relative\">\n      <h2 class=\"w-fit title-h2 pb-2 md:pb-0 \">Assembl\u00e9e G\u00e9n\u00e9rale 2026<\/h2>\n      <div class=\"title-divider ml-0 mr-0 md:ml-3 self-center\"><\/div>\n      <p class=\"title-anchor -bottom-[2rem] md:bottom-[50%] right-0 \" id=\"\"><\/p>\n    <\/div>\n  <\/div>\n\t\t\t\t<\/div>\n\t\t\t\t<\/div>\n\t\t\t\t<div class=\"elementor-element elementor-element-7e66341 elementor-widget elementor-widget-media_link_list\" data-id=\"7e66341\" data-element_type=\"widget\" data-e-type=\"widget\" data-widget_type=\"media_link_list.default\">\n\t\t\t\t<div class=\"elementor-widget-container\">\n\t\t\t\t\t<div class=\"flex flex-col gap-y-[1.875rem] mt-[1.875rem] w-full\">\n\n      <div class=\"flex flex-col justify-between w-full\">\n\n      \n        \n        <div>\n                      <div class=\"font-medium text-blue-secondary-800 mb-2\">Assembl\u00e9e G\u00e9n\u00e9rale<\/div>\n                    <a href=\"https:\/\/www.vallourec.com\/app\/uploads\/2026\/03\/VALLOUREC-DEU-2025-FR-MEL.pdf\" target=\"_blank\" class=\"inline-block transition font-bold text-xl text-black mb-2 hover:text-blue-primary-brand hover:translate-x-2\">Document d'Enregistrement Universel 2025<\/a>\n                  <\/div>\n        <div class=\"flex items-center gap-x-[0.9375rem] mt-1 min-h-[2.5rem]\">\n          <div class=\"w-full h-[1px] bg-black\"><\/div>\n          <a href=\"https:\/\/www.vallourec.com\/app\/uploads\/2026\/03\/VALLOUREC-DEU-2025-FR-MEL.pdf\" target=\"_blank\" class=\"btn btn-secondary flex items-center min-w-fit\">\n            <span class=\"pr-3 fas fa-external-link-alt\"><\/span>\n            <span>T\u00e9l\u00e9charger<\/span>\n          <\/a>\n        <\/div>\n      \n        \n        <div>\n                      <div class=\"font-medium text-blue-secondary-800 mb-2\">Assembl\u00e9e G\u00e9n\u00e9rale<\/div>\n                    <a href=\"https:\/\/www.vallourec.com\/app\/uploads\/2026\/04\/annonce-2600729.pdf\" target=\"_blank\" class=\"inline-block transition font-bold text-xl text-black mb-2 hover:text-blue-primary-brand hover:translate-x-2\">Avis de r\u00e9union (Publi\u00e9 au BALO le 03 avril 2026)<\/a>\n                  <\/div>\n        <div class=\"flex items-center gap-x-[0.9375rem] mt-1 min-h-[2.5rem]\">\n          <div class=\"w-full h-[1px] bg-black\"><\/div>\n          <a href=\"https:\/\/www.vallourec.com\/app\/uploads\/2026\/04\/annonce-2600729.pdf\" target=\"_blank\" class=\"btn btn-secondary flex items-center min-w-fit\">\n            <span class=\"pr-3 fas fa-external-link-alt\"><\/span>\n            <span>T\u00e9l\u00e9charger<\/span>\n          <\/a>\n        <\/div>\n      \n        \n        <div>\n                      <div class=\"font-medium text-blue-secondary-800 mb-2\">Assembl\u00e9e G\u00e9n\u00e9rale<\/div>\n                    <a href=\"https:\/\/www.vallourec.com\/app\/uploads\/2026\/04\/formulaire-de-vote-260410.pdf\" target=\"_blank\" class=\"inline-block transition font-bold text-xl text-black mb-2 hover:text-blue-primary-brand hover:translate-x-2\">Formulaire unique de vote<\/a>\n                  <\/div>\n        <div class=\"flex items-center gap-x-[0.9375rem] mt-1 min-h-[2.5rem]\">\n          <div class=\"w-full h-[1px] bg-black\"><\/div>\n          <a href=\"https:\/\/www.vallourec.com\/app\/uploads\/2026\/04\/formulaire-de-vote-260410.pdf\" target=\"_blank\" class=\"btn btn-secondary flex items-center min-w-fit\">\n            <span class=\"pr-3 fas fa-external-link-alt\"><\/span>\n            <span>T\u00e9l\u00e9charger<\/span>\n          <\/a>\n        <\/div>\n      \n        \n        <div>\n                      <div class=\"font-medium text-blue-secondary-800 mb-2\">Assembl\u00e9e G\u00e9n\u00e9rale<\/div>\n                    <a href=\"https:\/\/www.vallourec.com\/app\/uploads\/2026\/04\/VALLOUREC_BDC_2026_VF_MEL.pdf\" target=\"_blank\" class=\"inline-block transition font-bold text-xl text-black mb-2 hover:text-blue-primary-brand hover:translate-x-2\">Brochure de convocation Assembl\u00e9e G\u00e9n\u00e9rale Mixte 2026<\/a>\n                  <\/div>\n        <div class=\"flex items-center gap-x-[0.9375rem] mt-1 min-h-[2.5rem]\">\n          <div class=\"w-full h-[1px] bg-black\"><\/div>\n          <a href=\"https:\/\/www.vallourec.com\/app\/uploads\/2026\/04\/VALLOUREC_BDC_2026_VF_MEL.pdf\" target=\"_blank\" class=\"btn btn-secondary flex items-center min-w-fit\">\n            <span class=\"pr-3 fas fa-external-link-alt\"><\/span>\n            <span>T\u00e9l\u00e9charger<\/span>\n          <\/a>\n        <\/div>\n      \n        \n        <div>\n                      <div class=\"font-medium text-blue-secondary-800 mb-2\">Assembl\u00e9e G\u00e9n\u00e9rale<\/div>\n                    <a href=\"https:\/\/www.vallourec.com\/app\/uploads\/2026\/04\/2026_04_3_Declaration-actions-et-droits-de-vote.pdf\" target=\"_blank\" class=\"inline-block transition font-bold text-xl text-black mb-2 hover:text-blue-primary-brand hover:translate-x-2\">Nombre total de droits de vote et d'actions<\/a>\n                  <\/div>\n        <div class=\"flex items-center gap-x-[0.9375rem] mt-1 min-h-[2.5rem]\">\n          <div class=\"w-full h-[1px] bg-black\"><\/div>\n          <a href=\"https:\/\/www.vallourec.com\/app\/uploads\/2026\/04\/2026_04_3_Declaration-actions-et-droits-de-vote.pdf\" target=\"_blank\" class=\"btn btn-secondary flex items-center min-w-fit\">\n            <span class=\"pr-3 fas fa-external-link-alt\"><\/span>\n            <span>T\u00e9l\u00e9charger<\/span>\n          <\/a>\n        <\/div>\n      \n        \n        <div>\n                      <div class=\"font-medium text-blue-secondary-800 mb-2\">Assembl\u00e9e G\u00e9n\u00e9rale<\/div>\n                    <a href=\"https:\/\/www.vallourec.com\/app\/uploads\/2026\/04\/3_FR_Rapport-des-CAC-sur-les-comptes-annuels.pdf\" target=\"_blank\" class=\"inline-block transition font-bold text-xl text-black mb-2 hover:text-blue-primary-brand hover:translate-x-2\">Rapport des CAC sur les comptes annuels<\/a>\n                  <\/div>\n        <div class=\"flex items-center gap-x-[0.9375rem] mt-1 min-h-[2.5rem]\">\n          <div class=\"w-full h-[1px] bg-black\"><\/div>\n          <a href=\"https:\/\/www.vallourec.com\/app\/uploads\/2026\/04\/3_FR_Rapport-des-CAC-sur-les-comptes-annuels.pdf\" target=\"_blank\" class=\"btn btn-secondary flex items-center min-w-fit\">\n            <span class=\"pr-3 fas fa-external-link-alt\"><\/span>\n            <span>T\u00e9l\u00e9charger<\/span>\n          <\/a>\n        <\/div>\n      \n        \n        <div>\n                      <div class=\"font-medium text-blue-secondary-800 mb-2\">Assembl\u00e9e G\u00e9n\u00e9rale<\/div>\n                    <a href=\"https:\/\/www.vallourec.com\/app\/uploads\/2026\/04\/4_FR_Rapport-des-CAC-sur-les-comptes-consolides.pdf\" target=\"_blank\" class=\"inline-block transition font-bold text-xl text-black mb-2 hover:text-blue-primary-brand hover:translate-x-2\">Rapport des CAC sur les comptes consolid\u00e9s<\/a>\n                  <\/div>\n        <div class=\"flex items-center gap-x-[0.9375rem] mt-1 min-h-[2.5rem]\">\n          <div class=\"w-full h-[1px] bg-black\"><\/div>\n          <a href=\"https:\/\/www.vallourec.com\/app\/uploads\/2026\/04\/4_FR_Rapport-des-CAC-sur-les-comptes-consolides.pdf\" target=\"_blank\" class=\"btn btn-secondary flex items-center min-w-fit\">\n            <span class=\"pr-3 fas fa-external-link-alt\"><\/span>\n            <span>T\u00e9l\u00e9charger<\/span>\n          <\/a>\n        <\/div>\n      \n        \n        <div>\n                      <div class=\"font-medium text-blue-secondary-800 mb-2\">Assembl\u00e9e G\u00e9n\u00e9rale<\/div>\n                    <a href=\"https:\/\/www.vallourec.com\/app\/uploads\/2026\/04\/5_FR_Rapport-special-des-CAC-sur-les-conventions-reglementees.pdf\" target=\"_blank\" class=\"inline-block transition font-bold text-xl text-black mb-2 hover:text-blue-primary-brand hover:translate-x-2\">Rapport sp\u00e9cial des CAC sur les conventions r\u00e9glement\u00e9es<\/a>\n                  <\/div>\n        <div class=\"flex items-center gap-x-[0.9375rem] mt-1 min-h-[2.5rem]\">\n          <div class=\"w-full h-[1px] bg-black\"><\/div>\n          <a href=\"https:\/\/www.vallourec.com\/app\/uploads\/2026\/04\/5_FR_Rapport-special-des-CAC-sur-les-conventions-reglementees.pdf\" target=\"_blank\" class=\"btn btn-secondary flex items-center min-w-fit\">\n            <span class=\"pr-3 fas fa-external-link-alt\"><\/span>\n            <span>T\u00e9l\u00e9charger<\/span>\n          <\/a>\n        <\/div>\n      \n        \n        <div>\n                      <div class=\"font-medium text-blue-secondary-800 mb-2\">Assembl\u00e9e G\u00e9n\u00e9rale<\/div>\n                    <a href=\"https:\/\/www.vallourec.com\/app\/uploads\/2026\/04\/6_FR_Rapport-des-CAC-sur-les-operations-sur-le-capital.pdf\" target=\"_blank\" class=\"inline-block transition font-bold text-xl text-black mb-2 hover:text-blue-primary-brand hover:translate-x-2\">Rapport des CAC sur les op\u00e9rations sur le capital<\/a>\n                  <\/div>\n        <div class=\"flex items-center gap-x-[0.9375rem] mt-1 min-h-[2.5rem]\">\n          <div class=\"w-full h-[1px] bg-black\"><\/div>\n          <a href=\"https:\/\/www.vallourec.com\/app\/uploads\/2026\/04\/6_FR_Rapport-des-CAC-sur-les-operations-sur-le-capital.pdf\" target=\"_blank\" class=\"btn btn-secondary flex items-center min-w-fit\">\n            <span class=\"pr-3 fas fa-external-link-alt\"><\/span>\n            <span>T\u00e9l\u00e9charger<\/span>\n          <\/a>\n        <\/div>\n      \n        \n        <div>\n                      <div class=\"font-medium text-blue-secondary-800 mb-2\">Assembl\u00e9e G\u00e9n\u00e9rale<\/div>\n                    <a href=\"https:\/\/www.vallourec.com\/app\/uploads\/2026\/04\/7_FR_Rapport-complementaire-du-Conseil-dAdministration-sur-la-conversion-des-actions-T2-en-actions-ordinaires.pdf\" target=\"_blank\" class=\"inline-block transition font-bold text-xl text-black mb-2 hover:text-blue-primary-brand hover:translate-x-2\">Rapport compl\u00e9mentaire du Conseil d'Administration sur la conversion des actions T2 en actions ordinaires<\/a>\n                  <\/div>\n        <div class=\"flex items-center gap-x-[0.9375rem] mt-1 min-h-[2.5rem]\">\n          <div class=\"w-full h-[1px] bg-black\"><\/div>\n          <a href=\"https:\/\/www.vallourec.com\/app\/uploads\/2026\/04\/7_FR_Rapport-complementaire-du-Conseil-dAdministration-sur-la-conversion-des-actions-T2-en-actions-ordinaires.pdf\" target=\"_blank\" class=\"btn btn-secondary flex items-center min-w-fit\">\n            <span class=\"pr-3 fas fa-external-link-alt\"><\/span>\n            <span>T\u00e9l\u00e9charger<\/span>\n          <\/a>\n        <\/div>\n      \n        \n        <div>\n                      <div class=\"font-medium text-blue-secondary-800 mb-2\">Assembl\u00e9e G\u00e9n\u00e9rale<\/div>\n                    <a href=\"https:\/\/www.vallourec.com\/app\/uploads\/2026\/04\/8_FR_Rapport-des-CAC-sur-la-conversion-dADP-effectuee-en-application-des-statuts.pdf\" target=\"_blank\" class=\"inline-block transition font-bold text-xl text-black mb-2 hover:text-blue-primary-brand hover:translate-x-2\">Rapport des CAC sur la conversation d'actions de pr\u00e9f\u00e9rence effectu\u00e9e en application des statuts<\/a>\n                  <\/div>\n        <div class=\"flex items-center gap-x-[0.9375rem] mt-1 min-h-[2.5rem]\">\n          <div class=\"w-full h-[1px] bg-black\"><\/div>\n          <a href=\"https:\/\/www.vallourec.com\/app\/uploads\/2026\/04\/8_FR_Rapport-des-CAC-sur-la-conversion-dADP-effectuee-en-application-des-statuts.pdf\" target=\"_blank\" class=\"btn btn-secondary flex items-center min-w-fit\">\n            <span class=\"pr-3 fas fa-external-link-alt\"><\/span>\n            <span>T\u00e9l\u00e9charger<\/span>\n          <\/a>\n        <\/div>\n      \n        \n        <div>\n                      <div class=\"font-medium text-blue-secondary-800 mb-2\">Assembl\u00e9e G\u00e9n\u00e9rale<\/div>\n                    <a href=\"https:\/\/www.vallourec.com\/app\/uploads\/2026\/04\/9_FR_Rapport-des-CAC-en-matiere-de-durabilite.pdf\" target=\"_blank\" class=\"inline-block transition font-bold text-xl text-black mb-2 hover:text-blue-primary-brand hover:translate-x-2\">Rapport des CAC en mati\u00e8re de durabilit\u00e9<\/a>\n                  <\/div>\n        <div class=\"flex items-center gap-x-[0.9375rem] mt-1 min-h-[2.5rem]\">\n          <div class=\"w-full h-[1px] bg-black\"><\/div>\n          <a href=\"https:\/\/www.vallourec.com\/app\/uploads\/2026\/04\/9_FR_Rapport-des-CAC-en-matiere-de-durabilite.pdf\" target=\"_blank\" class=\"btn btn-secondary flex items-center min-w-fit\">\n            <span class=\"pr-3 fas fa-external-link-alt\"><\/span>\n            <span>T\u00e9l\u00e9charger<\/span>\n          <\/a>\n        <\/div>\n      \n        \n        <div>\n                      <div class=\"font-medium text-blue-secondary-800 mb-2\">Assembl\u00e9e G\u00e9n\u00e9rale<\/div>\n                    <a href=\"https:\/\/www.vallourec.com\/app\/uploads\/2026\/04\/10_FR_Rapport-dassurance-raisonnable-des-CAC.pdf\" target=\"_blank\" class=\"inline-block transition font-bold text-xl text-black mb-2 hover:text-blue-primary-brand hover:translate-x-2\">Rapport d'assurance raisonnable des CAC<\/a>\n                  <\/div>\n        <div class=\"flex items-center gap-x-[0.9375rem] mt-1 min-h-[2.5rem]\">\n          <div class=\"w-full h-[1px] bg-black\"><\/div>\n          <a href=\"https:\/\/www.vallourec.com\/app\/uploads\/2026\/04\/10_FR_Rapport-dassurance-raisonnable-des-CAC.pdf\" target=\"_blank\" class=\"btn btn-secondary flex items-center min-w-fit\">\n            <span class=\"pr-3 fas fa-external-link-alt\"><\/span>\n            <span>T\u00e9l\u00e9charger<\/span>\n          <\/a>\n        <\/div>\n      \n        \n        <div>\n                      <div class=\"font-medium text-blue-secondary-800 mb-2\">Assembl\u00e9e G\u00e9n\u00e9rale<\/div>\n                    <a href=\"https:\/\/www.vallourec.com\/app\/uploads\/2026\/04\/11_FR_20260413_Vallourec_CP_MAD-DOCs-AGM-2026_FR.pdf\" target=\"_blank\" class=\"inline-block transition font-bold text-xl text-black mb-2 hover:text-blue-primary-brand hover:translate-x-2\">Mise \u00e0 disposition des informations relatives \u00e0 l'Assembl\u00e9e G\u00e9n\u00e9rale Mixte des actionnaires du 21 mai 2026<\/a>\n                  <\/div>\n        <div class=\"flex items-center gap-x-[0.9375rem] mt-1 min-h-[2.5rem]\">\n          <div class=\"w-full h-[1px] bg-black\"><\/div>\n          <a href=\"https:\/\/www.vallourec.com\/app\/uploads\/2026\/04\/11_FR_20260413_Vallourec_CP_MAD-DOCs-AGM-2026_FR.pdf\" target=\"_blank\" class=\"btn btn-secondary flex items-center min-w-fit\">\n            <span class=\"pr-3 fas fa-external-link-alt\"><\/span>\n            <span>T\u00e9l\u00e9charger<\/span>\n          <\/a>\n        <\/div>\n      \n        \n        <div>\n                      <div class=\"font-medium text-blue-secondary-800 mb-2\">Assembl\u00e9e G\u00e9n\u00e9rale<\/div>\n                    <a href=\"https:\/\/www.vallourec.com\/app\/uploads\/2026\/04\/avis-convocation-balo-290426.pdf\" target=\"_blank\" class=\"inline-block transition font-bold text-xl text-black mb-2 hover:text-blue-primary-brand hover:translate-x-2\">Avis de convocation <\/a>\n                      <div class=\"text-sm text-black\"><p>Publi\u00e9 au BALO le 29 avril 2026<\/p><\/div>\n                  <\/div>\n        <div class=\"flex items-center gap-x-[0.9375rem] mt-1 min-h-[2.5rem]\">\n          <div class=\"w-full h-[1px] bg-black\"><\/div>\n          <a href=\"https:\/\/www.vallourec.com\/app\/uploads\/2026\/04\/avis-convocation-balo-290426.pdf\" target=\"_blank\" class=\"btn btn-secondary flex items-center min-w-fit\">\n            <span class=\"pr-3 fas fa-external-link-alt\"><\/span>\n            <span>T\u00e9l\u00e9charger<\/span>\n          <\/a>\n        <\/div>\n      \n    <\/div>\n  \n<\/div>\n\t\t\t\t<\/div>\n\t\t\t\t<\/div>\n\t\t\t\t<div class=\"elementor-element elementor-element-1ce2612 elementor-widget elementor-widget-title\" data-id=\"1ce2612\" data-element_type=\"widget\" data-e-type=\"widget\" data-widget_type=\"title.default\">\n\t\t\t\t<div class=\"elementor-widget-container\">\n\t\t\t\t\t<div>\n      <div class=\"block mb-[3rem] md:mb-none md:flex relative\">\n      <h2 class=\"w-fit title-h2 pb-2 md:pb-0 \">Assembl\u00e9e G\u00e9n\u00e9rale 2025<\/h2>\n      <div class=\"title-divider ml-0 mr-0 md:ml-3 self-center\"><\/div>\n      <p class=\"title-anchor -bottom-[2rem] md:bottom-[50%] right-0 \" id=\"\"><\/p>\n    <\/div>\n  <\/div>\n\t\t\t\t<\/div>\n\t\t\t\t<\/div>\n\t\t\t\t<div class=\"elementor-element elementor-element-1e1211c elementor-widget elementor-widget-text-editor\" data-id=\"1e1211c\" data-element_type=\"widget\" data-e-type=\"widget\" data-widget_type=\"text-editor.default\">\n\t\t\t\t\t\t\t\t\t<p>\u00a0<\/p><p>\u00a0<\/p><p><span data-olk-copy-source=\"MessageBody\">Une Assembl\u00e9e G\u00e9n\u00e9rale Mixte (Ordinaire et Extraordinaire) s&rsquo;est tenue le jeudi 22 mai 2025 \u00e0 14 heures, \u00e0 l\u2019espace Verso, 52 rue de la Victoire, 75009 Paris.<\/span><\/p>\t\t\t\t\t\t\t\t<\/div>\n\t\t\t\t<div class=\"elementor-element elementor-element-81715a5 elementor-widget elementor-widget-button\" data-id=\"81715a5\" data-element_type=\"widget\" data-e-type=\"widget\" data-widget_type=\"button.default\">\n\t\t\t\t<div class=\"elementor-widget-container\">\n\t\t\t\t\t<div class=\"text-left\">\n      <a class=\"no-underline\" href=\"https:\/\/channel.royalcast.com\/landingpage\/vallourec-fr\/20250522_1\/\" target=\"_blank\">\n      <button class=\"btn btn-primary my-1\">\n        <span class=\"pr-3 fas fa-chevron-right\"><\/span>        Voir le live\n      <\/button>\n    <\/a>\n  <\/div>\n\t\t\t\t<\/div>\n\t\t\t\t<\/div>\n\t\t\t\t<div class=\"elementor-element elementor-element-dbe6d40 elementor-widget elementor-widget-spacer\" data-id=\"dbe6d40\" data-element_type=\"widget\" data-e-type=\"widget\" data-widget_type=\"spacer.default\">\n\t\t\t\t\t\t\t<div class=\"elementor-spacer\">\n\t\t\t<div class=\"elementor-spacer-inner\"><\/div>\n\t\t<\/div>\n\t\t\t\t\t\t<\/div>\n\t\t\t\t<div class=\"elementor-element elementor-element-7d72050 elementor-widget elementor-widget-title\" data-id=\"7d72050\" data-element_type=\"widget\" data-e-type=\"widget\" data-widget_type=\"title.default\">\n\t\t\t\t<div class=\"elementor-widget-container\">\n\t\t\t\t\t<div>\n      <div class=\"block mb-[3rem] md:mb-none md:flex relative\">\n      <h2 class=\"w-fit title-h2 pb-2 md:pb-0 \">Documents et informations relatifs aux Assembl\u00e9es G\u00e9n\u00e9rales<\/h2>\n      <div class=\"title-divider ml-0 mr-0 md:ml-3 self-center\"><\/div>\n      <p class=\"title-anchor -bottom-[2rem] md:bottom-[50%] right-0 \" id=\"\"><\/p>\n    <\/div>\n  <\/div>\n\t\t\t\t<\/div>\n\t\t\t\t<\/div>\n\t\t\t\t<div class=\"elementor-element elementor-element-38c2be2 elementor-widget elementor-widget-spacer\" data-id=\"38c2be2\" data-element_type=\"widget\" data-e-type=\"widget\" data-widget_type=\"spacer.default\">\n\t\t\t\t\t\t\t<div class=\"elementor-spacer\">\n\t\t\t<div class=\"elementor-spacer-inner\"><\/div>\n\t\t<\/div>\n\t\t\t\t\t\t<\/div>\n\t\t\t\t<div class=\"elementor-element elementor-element-688d0ea elementor-widget elementor-widget-publications\" data-id=\"688d0ea\" data-element_type=\"widget\" data-e-type=\"widget\" data-widget_type=\"publications.default\">\n\t\t\t\t<div class=\"elementor-widget-container\">\n\t\t\t\t\t<div class=\"pagination-filter-component dynamic-filterable-component\">\n\n  \n      <div class=\"flex flex-col gap-x-6 mb-5\">\n\n    <div class=\"flex justify-between items-end\">\n\n      \n              <div class=\"relative flex flex-col justify-end w-full \">\n          <div class=\"absolute select-none bottom-1 md:bottom-3 w-max bg-shadow-title-sm md:bg-shadow-title -z-10\"><\/div>\n          <div class=\"relative font-medium text-[1.7rem] leading-[1.7rem] md:text-[2rem] md:leading-[2rem] pl-3 text-black\">Archives des Assembl\u00e9es G\u00e9n\u00e9rales<\/div>\n        <\/div>\n      \n      \n      \n    <\/div>\n\n    \n    <div class=\"bg-black h-1 w-full mt-1 mb-3\"><\/div>\n\n  <\/div>\n  \n  \n  \n          <div\n        class=\"dynamic-div\"\n        data-ajax-action=\"pagination_publication_list\"\n        data-page=\"1\"\n        data-lang=\"fr\"\n      >\n        <div class=\"flex flex-col md:flex-row md:flex-wrap md:justify-between gap-y-[1.875rem] mt-6 md:mt-4 w-full\" data-nb-pages=\"33\">\n    <div class=\"flex flex-col justify-between w-full md:w-[45%]\">\n        <div>\n  <div class=\"flex justify-between mb-2\">\n          \n      <div class=\"font-medium text-blue-secondary-800\">Assembl\u00e9e G\u00e9n\u00e9rale<\/div>\n        <div class=\"text-grey ml-auto\">24 mai 2024<\/div>\n  <\/div>\n  <a  href=\"https:\/\/www.vallourec.com\/app\/uploads\/2024\/05\/20240524-ASSEMBLEE-GENERALE-VALLOUREC.pdf\" target=\"_blank\"  class=\"inline-block transition font-bold text-xl text-black mb-2 hover:text-blue-primary-brand hover:translate-x-2\">Pr\u00e9sentation de l'Assembl\u00e9e G\u00e9n\u00e9rale du 23 mai 2024<\/a>\n  <div class=\"text-sm text-black \"><\/div>\n<\/div>\n<div class=\"flex items-center gap-x-[0.9375rem] mt-1 min-h-[2.5rem]\">\n  <div class=\"w-full h-[1px] bg-black\"><\/div>\n      <a href=\"https:\/\/www.vallourec.com\/app\/uploads\/2024\/05\/20240524-ASSEMBLEE-GENERALE-VALLOUREC.pdf\" target=\"_blank\" class=\"btn btn-secondary  flex items-center min-w-fit\"><span class=\"btn-press-release-label-save\">T\u00e9l\u00e9charger<\/span><\/a>\n  <\/div>\n      <\/div>\n                <div class=\"flex flex-col justify-between w-full md:w-[45%]\">\n        <div>\n  <div class=\"flex justify-between mb-2\">\n          \n      <div class=\"font-medium text-blue-secondary-800\">Assembl\u00e9e G\u00e9n\u00e9rale<\/div>\n        <div class=\"text-grey ml-auto\">24 mai 2024<\/div>\n  <\/div>\n  <a  href=\"https:\/\/www.vallourec.com\/app\/uploads\/2024\/05\/20240523-Vote-des-resolutions-AGM.pdf\" target=\"_blank\"  class=\"inline-block transition font-bold text-xl text-black mb-2 hover:text-blue-primary-brand hover:translate-x-2\">Vote des r\u00e9solutions<\/a>\n  <div class=\"text-sm text-black \">Assembl\u00e9e G\u00e9n\u00e9rale Mixte des actionnaires du 23 mai 2024<\/div>\n<\/div>\n<div class=\"flex items-center gap-x-[0.9375rem] mt-1 min-h-[2.5rem]\">\n  <div class=\"w-full h-[1px] bg-black\"><\/div>\n      <a href=\"https:\/\/www.vallourec.com\/app\/uploads\/2024\/05\/20240523-Vote-des-resolutions-AGM.pdf\" target=\"_blank\" class=\"btn btn-secondary  flex items-center min-w-fit\"><span class=\"btn-press-release-label-save\">T\u00e9l\u00e9charger<\/span><\/a>\n  <\/div>\n      <\/div>\n                <div class=\"flex flex-col justify-between w-full md:w-[45%]\">\n        <div>\n  <div class=\"flex justify-between mb-2\">\n          \n      <div class=\"font-medium text-blue-secondary-800\">Assembl\u00e9e G\u00e9n\u00e9rale<\/div>\n        <div class=\"text-grey ml-auto\">23 mai 2024<\/div>\n  <\/div>\n  <a  href=\"https:\/\/www.vallourec.com\/app\/uploads\/2024\/05\/20240523_Vallourec-Communique-de-presse_AG.pdf\" target=\"_blank\"  class=\"inline-block transition font-bold text-xl text-black mb-2 hover:text-blue-primary-brand hover:translate-x-2\">L\u2019Assembl\u00e9e G\u00e9n\u00e9rale de Vallourec du 23 mai 2024 adopte l\u2019ensemble des r\u00e9solutions soumises au vote<\/a>\n  <div class=\"text-sm text-black \"><\/div>\n<\/div>\n<div class=\"flex items-center gap-x-[0.9375rem] mt-1 min-h-[2.5rem]\">\n  <div class=\"w-full h-[1px] bg-black\"><\/div>\n      <a href=\"https:\/\/www.vallourec.com\/app\/uploads\/2024\/05\/20240523_Vallourec-Communique-de-presse_AG.pdf\" target=\"_blank\" class=\"btn btn-secondary  flex items-center min-w-fit\"><span class=\"btn-press-release-label-save\">T\u00e9l\u00e9charger<\/span><\/a>\n  <\/div>\n      <\/div>\n                <div class=\"flex flex-col justify-between w-full md:w-[45%]\">\n        <div>\n  <div class=\"flex justify-between mb-2\">\n          \n      <div class=\"font-medium text-blue-secondary-800\">Assembl\u00e9e G\u00e9n\u00e9rale<\/div>\n        <div class=\"text-grey ml-auto\">3 mai 2024<\/div>\n  <\/div>\n  <a  href=\"https:\/\/www.vallourec.com\/app\/uploads\/2024\/05\/2024-vallourec-avis-de-convocation-AG-FR.pdf\" target=\"_blank\"  class=\"inline-block transition font-bold text-xl text-black mb-2 hover:text-blue-primary-brand hover:translate-x-2\">Avis de convocation<\/a>\n  <div class=\"text-sm text-black \">Publi\u00e9 au BALO le 3 mai 2024<\/div>\n<\/div>\n<div class=\"flex items-center gap-x-[0.9375rem] mt-1 min-h-[2.5rem]\">\n  <div class=\"w-full h-[1px] bg-black\"><\/div>\n      <a href=\"https:\/\/www.vallourec.com\/app\/uploads\/2024\/05\/2024-vallourec-avis-de-convocation-AG-FR.pdf\" target=\"_blank\" class=\"btn btn-secondary  flex items-center min-w-fit\"><span class=\"btn-press-release-label-save\">T\u00e9l\u00e9charger<\/span><\/a>\n  <\/div>\n      <\/div>\n                <div class=\"flex flex-col justify-between w-full md:w-[45%]\">\n        <div>\n  <div class=\"flex justify-between mb-2\">\n          \n      <div class=\"font-medium text-blue-secondary-800\">Assembl\u00e9e G\u00e9n\u00e9rale<\/div>\n        <div class=\"text-grey ml-auto\">2 mai 2024<\/div>\n  <\/div>\n  <a  href=\"https:\/\/www.vallourec.com\/app\/uploads\/2024\/05\/Vallourec-avis-de-reunion-balo-20240412.pdf\" target=\"_blank\"  class=\"inline-block transition font-bold text-xl text-black mb-2 hover:text-blue-primary-brand hover:translate-x-2\">Avis de r\u00e9union<\/a>\n  <div class=\"text-sm text-black \">Publi\u00e9 au BALO le 12 avril 2024<\/div>\n<\/div>\n<div class=\"flex items-center gap-x-[0.9375rem] mt-1 min-h-[2.5rem]\">\n  <div class=\"w-full h-[1px] bg-black\"><\/div>\n      <a href=\"https:\/\/www.vallourec.com\/app\/uploads\/2024\/05\/Vallourec-avis-de-reunion-balo-20240412.pdf\" target=\"_blank\" class=\"btn btn-secondary  flex items-center min-w-fit\"><span class=\"btn-press-release-label-save\">T\u00e9l\u00e9charger<\/span><\/a>\n  <\/div>\n      <\/div>\n                <div class=\"flex flex-col justify-between w-full md:w-[45%]\">\n        <div>\n  <div class=\"flex justify-between mb-2\">\n          \n      <div class=\"font-medium text-blue-secondary-800\">Assembl\u00e9e G\u00e9n\u00e9rale<\/div>\n        <div class=\"text-grey ml-auto\">2 mai 2024<\/div>\n  <\/div>\n  <a  href=\"https:\/\/www.vallourec.com\/app\/uploads\/2024\/05\/Vallourec-Nombre-total-de-droits-de-vote-et-d-actions-au-12-avril-2024.pdf\" target=\"_blank\"  class=\"inline-block transition font-bold text-xl text-black mb-2 hover:text-blue-primary-brand hover:translate-x-2\">Nombre total de droits de vote et d\u2019actions<\/a>\n  <div class=\"text-sm text-black \">Au 12 avril 2024 <\/div>\n<\/div>\n<div class=\"flex items-center gap-x-[0.9375rem] mt-1 min-h-[2.5rem]\">\n  <div class=\"w-full h-[1px] bg-black\"><\/div>\n      <a href=\"https:\/\/www.vallourec.com\/app\/uploads\/2024\/05\/Vallourec-Nombre-total-de-droits-de-vote-et-d-actions-au-12-avril-2024.pdf\" target=\"_blank\" class=\"btn btn-secondary  flex items-center min-w-fit\"><span class=\"btn-press-release-label-save\">T\u00e9l\u00e9charger<\/span><\/a>\n  <\/div>\n      <\/div>\n                <div class=\"flex flex-col justify-between w-full md:w-[45%]\">\n        <div>\n  <div class=\"flex justify-between mb-2\">\n          \n      <div class=\"font-medium text-blue-secondary-800\">Assembl\u00e9e G\u00e9n\u00e9rale<\/div>\n        <div class=\"text-grey ml-auto\">2 mai 2024<\/div>\n  <\/div>\n  <a  href=\"https:\/\/www.vallourec.com\/app\/uploads\/2024\/05\/formulaire-de-vote-voting-form.pdf\" target=\"_blank\"  class=\"inline-block transition font-bold text-xl text-black mb-2 hover:text-blue-primary-brand hover:translate-x-2\">Formulaire unique de vote<\/a>\n  <div class=\"text-sm text-black \"><\/div>\n<\/div>\n<div class=\"flex items-center gap-x-[0.9375rem] mt-1 min-h-[2.5rem]\">\n  <div class=\"w-full h-[1px] bg-black\"><\/div>\n      <a href=\"https:\/\/www.vallourec.com\/app\/uploads\/2024\/05\/formulaire-de-vote-voting-form.pdf\" target=\"_blank\" class=\"btn btn-secondary  flex items-center min-w-fit\"><span class=\"btn-press-release-label-save\">T\u00e9l\u00e9charger<\/span><\/a>\n  <\/div>\n      <\/div>\n                <div class=\"flex flex-col justify-between w-full md:w-[45%]\">\n        <div>\n  <div class=\"flex justify-between mb-2\">\n          \n      <div class=\"font-medium text-blue-secondary-800\">Assembl\u00e9e G\u00e9n\u00e9rale<\/div>\n        <div class=\"text-grey ml-auto\">2 mai 2024<\/div>\n  <\/div>\n  <a  href=\"https:\/\/www.vallourec.com\/app\/uploads\/2024\/03\/VALLOUREC_DEU_2023_FR_V7.pdf\" target=\"_blank\"  class=\"inline-block transition font-bold text-xl text-black mb-2 hover:text-blue-primary-brand hover:translate-x-2\">Document d'enregistrement universel 2023<\/a>\n  <div class=\"text-sm text-black \"><\/div>\n<\/div>\n<div class=\"flex items-center gap-x-[0.9375rem] mt-1 min-h-[2.5rem]\">\n  <div class=\"w-full h-[1px] bg-black\"><\/div>\n      <a href=\"https:\/\/www.vallourec.com\/app\/uploads\/2024\/03\/VALLOUREC_DEU_2023_FR_V7.pdf\" target=\"_blank\" class=\"btn btn-secondary  flex items-center min-w-fit\"><span class=\"btn-press-release-label-save\">T\u00e9l\u00e9charger<\/span><\/a>\n  <\/div>\n      <\/div>\n        <\/div>\n      <\/div>\n\n      \n      <div class=\"flex justify-center mt-10 mb-[1.875rem] md:mb-0 pagination-container\">\n  <ul class=\"pagination\">\n\n    \n    <li class=\"pagination-btn pagination-btn-arrow-disabled\"><a class=\"pagination-left-btn disabled-arrow transition\"><svg width=\"9\" height=\"12\" viewBox=\"0 0 9 12\" fill=\"currentColor\" xmlns=\"http:\/\/www.w3.org\/2000\/svg\">\n  <path d=\"M8.25498 1.41L6.84698 0L0.85498 6L6.84698 12L8.25498 10.59L3.68098 6L8.25498 1.41Z\" fill=\"currentColor\"\/>\n<\/svg>\n<\/a><\/li>\n\n    \n      \n      \n        \n        <li class=\"pagination-btn cursor-pointer select-none pagination-btn-selected\"><a class=\"pagination-number-btn transition\">1<\/a><\/li>\n\n        \n        \n        \n        <li class=\"pagination-btn cursor-pointer select-none  \"><a class=\"pagination-number-btn transition\">2<\/a><\/li>\n        <li class=\"pagination-btn cursor-pointer select-none  !hidden md:!block\"><a class=\"pagination-number-btn transition\">3<\/a><\/li>\n\n        \n        \n        \n        \n        \n        \n        \n        \n        \n        <li class=\"pagination-btn select-none\">...<\/li>\n        <li class=\"pagination-btn cursor-pointer select-none\"><a class=\"pagination-number-btn transition\">33<\/a><\/li>\n\n      \n      \n    \n    \n    <li class=\"pagination-btn pagination-btn-arrow-enabled\"><a class=\"pagination-right-btn  transition\"><svg width=\"9\" height=\"12\" viewBox=\"0 0 9 12\" fill=\"currentColor\" xmlns=\"http:\/\/www.w3.org\/2000\/svg\">\n  <path d=\"M0.745019 10.59L2.15302 12L8.14502 6L2.15302 0L0.745019 1.41L5.31902 6L0.745019 10.59Z\" fill=\"currentColor\"\/>\n<\/svg>\n<\/a><\/li>\n  <\/ul>\n<\/div>\n    \n  \n<\/div>\n\t\t\t\t<\/div>\n\t\t\t\t<\/div>\n\t\t\t\t<div class=\"elementor-element elementor-element-1ace862 elementor-widget elementor-widget-publications\" data-id=\"1ace862\" data-element_type=\"widget\" data-e-type=\"widget\" data-widget_type=\"publications.default\">\n\t\t\t\t<div class=\"elementor-widget-container\">\n\t\t\t\t\t<div class=\"pagination-filter-component dynamic-filterable-component\">\n\n  \n      <div class=\"flex flex-col gap-x-6 mb-5\">\n\n    <div class=\"flex justify-between items-end\">\n\n      \n              <div class=\"relative flex flex-col justify-end w-full \">\n          <div class=\"absolute select-none bottom-1 md:bottom-3 w-max bg-shadow-title-sm md:bg-shadow-title -z-10\"><\/div>\n          <div class=\"relative font-medium text-[1.7rem] leading-[1.7rem] md:text-[2rem] md:leading-[2rem] pl-3 text-black\">Assembl\u00e9e G\u00e9n\u00e9rale 2025<\/div>\n        <\/div>\n      \n      \n      \n    <\/div>\n\n    \n    <div class=\"bg-black h-1 w-full mt-1 mb-3\"><\/div>\n\n  <\/div>\n  \n  \n  \n          <div\n        class=\"dynamic-div\"\n        data-ajax-action=\"pagination_publication_list\"\n        data-page=\"1\"\n        data-lang=\"fr\"\n      >\n        <div class=\"flex flex-col md:flex-row md:flex-wrap md:justify-between gap-y-[1.875rem] mt-6 md:mt-4 w-full\" data-nb-pages=\"3\">\n    <div class=\"flex flex-col justify-between w-full md:w-[45%]\">\n        <div>\n  <div class=\"flex justify-between mb-2\">\n          \n      <div class=\"font-medium text-blue-secondary-800\">Assembl\u00e9e G\u00e9n\u00e9rale<\/div>\n        <div class=\"text-grey ml-auto\">1 d\u00e9cembre 2025<\/div>\n  <\/div>\n  <a  href=\"https:\/\/www.vallourec.com\/app\/uploads\/2025\/12\/communique-presse-251201-modification-TCs-BSA-FR.pdf\" target=\"_blank\"  class=\"inline-block transition font-bold text-xl text-black mb-2 hover:text-blue-primary-brand hover:translate-x-2\">Modification des termes et conditions des BSA<\/a>\n  <div class=\"text-sm text-black \"><\/div>\n<\/div>\n<div class=\"flex items-center gap-x-[0.9375rem] mt-1 min-h-[2.5rem]\">\n  <div class=\"w-full h-[1px] bg-black\"><\/div>\n      <a href=\"https:\/\/www.vallourec.com\/app\/uploads\/2025\/12\/communique-presse-251201-modification-TCs-BSA-FR.pdf\" target=\"_blank\" class=\"btn btn-secondary  flex items-center min-w-fit\"><span class=\"btn-press-release-label-save\">T\u00e9l\u00e9charger<\/span><\/a>\n  <\/div>\n      <\/div>\n                <div class=\"flex flex-col justify-between w-full md:w-[45%]\">\n        <div>\n  <div class=\"flex justify-between mb-2\">\n          \n      <div class=\"font-medium text-blue-secondary-800\">Assembl\u00e9e G\u00e9n\u00e9rale<\/div>\n        <div class=\"text-grey ml-auto\">14 novembre 2025<\/div>\n  <\/div>\n  <a  href=\"https:\/\/www.vallourec.com\/app\/uploads\/2025\/11\/formulaire_vote_FR.pdf\" target=\"_blank\"  class=\"inline-block transition font-bold text-xl text-black mb-2 hover:text-blue-primary-brand hover:translate-x-2\">Formulaire de vote<\/a>\n  <div class=\"text-sm text-black \"><\/div>\n<\/div>\n<div class=\"flex items-center gap-x-[0.9375rem] mt-1 min-h-[2.5rem]\">\n  <div class=\"w-full h-[1px] bg-black\"><\/div>\n      <a href=\"https:\/\/www.vallourec.com\/app\/uploads\/2025\/11\/formulaire_vote_FR.pdf\" target=\"_blank\" class=\"btn btn-secondary  flex items-center min-w-fit\"><span class=\"btn-press-release-label-save\">T\u00e9l\u00e9charger<\/span><\/a>\n  <\/div>\n      <\/div>\n                <div class=\"flex flex-col justify-between w-full md:w-[45%]\">\n        <div>\n  <div class=\"flex justify-between mb-2\">\n          \n      <div class=\"font-medium text-blue-secondary-800\">Assembl\u00e9e G\u00e9n\u00e9rale<\/div>\n        <div class=\"text-grey ml-auto\">14 novembre 2025<\/div>\n  <\/div>\n  <a  href=\"https:\/\/www.vallourec.com\/app\/uploads\/2025\/11\/convocation_porteurs_BSA_2025.pdf\" target=\"_blank\"  class=\"inline-block transition font-bold text-xl text-black mb-2 hover:text-blue-primary-brand hover:translate-x-2\">Convocation de l\u2019Assembl\u00e9e des porteurs de BSA du 1er d\u00e9cembre 2025<\/a>\n  <div class=\"text-sm text-black \"><\/div>\n<\/div>\n<div class=\"flex items-center gap-x-[0.9375rem] mt-1 min-h-[2.5rem]\">\n  <div class=\"w-full h-[1px] bg-black\"><\/div>\n      <a href=\"https:\/\/www.vallourec.com\/app\/uploads\/2025\/11\/convocation_porteurs_BSA_2025.pdf\" target=\"_blank\" class=\"btn btn-secondary  flex items-center min-w-fit\"><span class=\"btn-press-release-label-save\">T\u00e9l\u00e9charger<\/span><\/a>\n  <\/div>\n      <\/div>\n                <div class=\"flex flex-col justify-between w-full md:w-[45%]\">\n        <div>\n  <div class=\"flex justify-between mb-2\">\n          \n      <div class=\"font-medium text-blue-secondary-800\">Assembl\u00e9e G\u00e9n\u00e9rale<\/div>\n        <div class=\"text-grey ml-auto\">14 novembre 2025<\/div>\n  <\/div>\n  <a  href=\"https:\/\/www.vallourec.com\/app\/uploads\/2025\/11\/rapport_conseil_administration_projets_resolutions_assemblee_porteurs_BSA_1_12_2025.pdf\" target=\"_blank\"  class=\"inline-block transition font-bold text-xl text-black mb-2 hover:text-blue-primary-brand hover:translate-x-2\">Rapport du Conseil d\u2019administration sur les projets de r\u00e9solutions de l\u2019Assembl\u00e9e des porteurs de BSA du 1er d\u00e9cembre 2025<\/a>\n  <div class=\"text-sm text-black \"><\/div>\n<\/div>\n<div class=\"flex items-center gap-x-[0.9375rem] mt-1 min-h-[2.5rem]\">\n  <div class=\"w-full h-[1px] bg-black\"><\/div>\n      <a href=\"https:\/\/www.vallourec.com\/app\/uploads\/2025\/11\/rapport_conseil_administration_projets_resolutions_assemblee_porteurs_BSA_1_12_2025.pdf\" target=\"_blank\" class=\"btn btn-secondary  flex items-center min-w-fit\"><span class=\"btn-press-release-label-save\">T\u00e9l\u00e9charger<\/span><\/a>\n  <\/div>\n      <\/div>\n                <div class=\"flex flex-col justify-between w-full md:w-[45%]\">\n        <div>\n  <div class=\"flex justify-between mb-2\">\n          \n      <div class=\"font-medium text-blue-secondary-800\">Assembl\u00e9e G\u00e9n\u00e9rale<\/div>\n        <div class=\"text-grey ml-auto\">14 novembre 2025<\/div>\n  <\/div>\n  <a  href=\"https:\/\/www.vallourec.com\/app\/uploads\/2025\/11\/Avis_convocation_BALO_14_nov_2025.pdf\" target=\"_blank\"  class=\"inline-block transition font-bold text-xl text-black mb-2 hover:text-blue-primary-brand hover:translate-x-2\">Avis de convocation au BALO du 14 novembre 2025<\/a>\n  <div class=\"text-sm text-black \">14 novembre 2025 - Avis de convocation - Avis de r\u00e9union<\/div>\n<\/div>\n<div class=\"flex items-center gap-x-[0.9375rem] mt-1 min-h-[2.5rem]\">\n  <div class=\"w-full h-[1px] bg-black\"><\/div>\n      <a href=\"https:\/\/www.vallourec.com\/app\/uploads\/2025\/11\/Avis_convocation_BALO_14_nov_2025.pdf\" target=\"_blank\" class=\"btn btn-secondary  flex items-center min-w-fit\"><span class=\"btn-press-release-label-save\">T\u00e9l\u00e9charger<\/span><\/a>\n  <\/div>\n      <\/div>\n                <div class=\"flex flex-col justify-between w-full md:w-[45%]\">\n        <div>\n  <div class=\"flex justify-between mb-2\">\n          \n      <div class=\"font-medium text-blue-secondary-800\">Assembl\u00e9e G\u00e9n\u00e9rale<\/div>\n        <div class=\"text-grey ml-auto\">22 mai 2025<\/div>\n  <\/div>\n  <a  href=\"https:\/\/www.vallourec.com\/app\/uploads\/2025\/05\/20250522-Vallourec_Communique-de-Presse_Assemblee-Generale-des-Actionnaires-2025.pdf\" target=\"_blank\"  class=\"inline-block transition font-bold text-xl text-black mb-2 hover:text-blue-primary-brand hover:translate-x-2\">Communiqu\u00e9 de Presse Assembl\u00e9e G\u00e9n\u00e9rale des Actionnaires<\/a>\n  <div class=\"text-sm text-black \"><\/div>\n<\/div>\n<div class=\"flex items-center gap-x-[0.9375rem] mt-1 min-h-[2.5rem]\">\n  <div class=\"w-full h-[1px] bg-black\"><\/div>\n      <a href=\"https:\/\/www.vallourec.com\/app\/uploads\/2025\/05\/20250522-Vallourec_Communique-de-Presse_Assemblee-Generale-des-Actionnaires-2025.pdf\" target=\"_blank\" class=\"btn btn-secondary  flex items-center min-w-fit\"><span class=\"btn-press-release-label-save\">T\u00e9l\u00e9charger<\/span><\/a>\n  <\/div>\n      <\/div>\n                <div class=\"flex flex-col justify-between w-full md:w-[45%]\">\n        <div>\n  <div class=\"flex justify-between mb-2\">\n          \n      <div class=\"font-medium text-blue-secondary-800\">Assembl\u00e9e G\u00e9n\u00e9rale<\/div>\n        <div class=\"text-grey ml-auto\">22 mai 2025<\/div>\n  <\/div>\n  <a  href=\"https:\/\/www.vallourec.com\/app\/uploads\/2025\/05\/20250522-Vote-des-resolutions-AGM_2025.pdf\" target=\"_blank\"  class=\"inline-block transition font-bold text-xl text-black mb-2 hover:text-blue-primary-brand hover:translate-x-2\">Vote des R\u00e9solutions\u00a0<\/a>\n  <div class=\"text-sm text-black \"><\/div>\n<\/div>\n<div class=\"flex items-center gap-x-[0.9375rem] mt-1 min-h-[2.5rem]\">\n  <div class=\"w-full h-[1px] bg-black\"><\/div>\n      <a href=\"https:\/\/www.vallourec.com\/app\/uploads\/2025\/05\/20250522-Vote-des-resolutions-AGM_2025.pdf\" target=\"_blank\" class=\"btn btn-secondary  flex items-center min-w-fit\"><span class=\"btn-press-release-label-save\">T\u00e9l\u00e9charger<\/span><\/a>\n  <\/div>\n      <\/div>\n                <div class=\"flex flex-col justify-between w-full md:w-[45%]\">\n        <div>\n  <div class=\"flex justify-between mb-2\">\n          \n      <div class=\"font-medium text-blue-secondary-800\">Assembl\u00e9e G\u00e9n\u00e9rale<\/div>\n        <div class=\"text-grey ml-auto\">22 mai 2025<\/div>\n  <\/div>\n  <a  href=\"https:\/\/www.vallourec.com\/app\/uploads\/2025\/05\/20250522-Vallourec_Assemblee-Generale-des-Actionnaires-2025-presentation.pdf\" target=\"_blank\"  class=\"inline-block transition font-bold text-xl text-black mb-2 hover:text-blue-primary-brand hover:translate-x-2\">Pr\u00e9sentation de l'Assembl\u00e9e G\u00e9n\u00e9rale<\/a>\n  <div class=\"text-sm text-black \"><\/div>\n<\/div>\n<div class=\"flex items-center gap-x-[0.9375rem] mt-1 min-h-[2.5rem]\">\n  <div class=\"w-full h-[1px] bg-black\"><\/div>\n      <a href=\"https:\/\/www.vallourec.com\/app\/uploads\/2025\/05\/20250522-Vallourec_Assemblee-Generale-des-Actionnaires-2025-presentation.pdf\" target=\"_blank\" class=\"btn btn-secondary  flex items-center min-w-fit\"><span class=\"btn-press-release-label-save\">T\u00e9l\u00e9charger<\/span><\/a>\n  <\/div>\n      <\/div>\n                <div class=\"flex flex-col justify-between w-full md:w-[45%]\">\n        <div>\n  <div class=\"flex justify-between mb-2\">\n          \n      <div class=\"font-medium text-blue-secondary-800\">Assembl\u00e9e G\u00e9n\u00e9rale<\/div>\n        <div class=\"text-grey ml-auto\">7 mai 2025<\/div>\n  <\/div>\n  <a  href=\"https:\/\/www.vallourec.com\/app\/uploads\/2025\/05\/20250430-vallourec-avis-de-convocation-AG-BALO.pdf\" target=\"_blank\"  class=\"inline-block transition font-bold text-xl text-black mb-2 hover:text-blue-primary-brand hover:translate-x-2\">Avis de convocation<\/a>\n  <div class=\"text-sm text-black \">Publi\u00e9 au BALO le 30 avril 2025<\/div>\n<\/div>\n<div class=\"flex items-center gap-x-[0.9375rem] mt-1 min-h-[2.5rem]\">\n  <div class=\"w-full h-[1px] bg-black\"><\/div>\n      <a href=\"https:\/\/www.vallourec.com\/app\/uploads\/2025\/05\/20250430-vallourec-avis-de-convocation-AG-BALO.pdf\" target=\"_blank\" class=\"btn btn-secondary  flex items-center min-w-fit\"><span class=\"btn-press-release-label-save\">T\u00e9l\u00e9charger<\/span><\/a>\n  <\/div>\n      <\/div>\n                <div class=\"flex flex-col justify-between w-full md:w-[45%]\">\n        <div>\n  <div class=\"flex justify-between mb-2\">\n          \n      <div class=\"font-medium text-blue-secondary-800\">Assembl\u00e9e G\u00e9n\u00e9rale<\/div>\n        <div class=\"text-grey ml-auto\">18 avril 2025<\/div>\n  <\/div>\n  <a  href=\"https:\/\/www.vallourec.com\/app\/uploads\/2025\/04\/20250418-CP-mise-a-disposition-docs-AG.pdf\" target=\"_blank\"  class=\"inline-block transition font-bold text-xl text-black mb-2 hover:text-blue-primary-brand hover:translate-x-2\">Mise \u00e0 disposition des informations relatives \u00e0 l\u2019Assembl\u00e9e G\u00e9n\u00e9rale Mixte des actionnaires du 22 mai 2025<\/a>\n  <div class=\"text-sm text-black \"><\/div>\n<\/div>\n<div class=\"flex items-center gap-x-[0.9375rem] mt-1 min-h-[2.5rem]\">\n  <div class=\"w-full h-[1px] bg-black\"><\/div>\n      <a href=\"https:\/\/www.vallourec.com\/app\/uploads\/2025\/04\/20250418-CP-mise-a-disposition-docs-AG.pdf\" target=\"_blank\" class=\"btn btn-secondary  flex items-center min-w-fit\"><span class=\"btn-press-release-label-save\">T\u00e9l\u00e9charger<\/span><\/a>\n  <\/div>\n      <\/div>\n        <\/div>\n      <\/div>\n\n      \n      <div class=\"flex justify-center mt-10 mb-[1.875rem] md:mb-0 pagination-container\">\n  <ul class=\"pagination\">\n\n    \n    <li class=\"pagination-btn pagination-btn-arrow-disabled\"><a class=\"pagination-left-btn disabled-arrow transition\"><svg width=\"9\" height=\"12\" viewBox=\"0 0 9 12\" fill=\"currentColor\" xmlns=\"http:\/\/www.w3.org\/2000\/svg\">\n  <path d=\"M8.25498 1.41L6.84698 0L0.85498 6L6.84698 12L8.25498 10.59L3.68098 6L8.25498 1.41Z\" fill=\"currentColor\"\/>\n<\/svg>\n<\/a><\/li>\n\n    \n      \n      <li class=\"pagination-btn cursor-pointer select-none pagination-btn-selected\"><a class=\"pagination-number-btn transition\">1<\/a><\/li>\n\n      \n      \n      \n              <li class=\"pagination-btn cursor-pointer select-none  \"><a class=\"pagination-number-btn transition\">2<\/a><\/li>\n      \n      \n      \n      \n      <li class=\"pagination-btn cursor-pointer select-none \"><a class=\"pagination-number-btn transition\">3<\/a><\/li>\n\n    \n    \n    <li class=\"pagination-btn pagination-btn-arrow-enabled\"><a class=\"pagination-right-btn  transition\"><svg width=\"9\" height=\"12\" viewBox=\"0 0 9 12\" fill=\"currentColor\" xmlns=\"http:\/\/www.w3.org\/2000\/svg\">\n  <path d=\"M0.745019 10.59L2.15302 12L8.14502 6L2.15302 0L0.745019 1.41L5.31902 6L0.745019 10.59Z\" fill=\"currentColor\"\/>\n<\/svg>\n<\/a><\/li>\n  <\/ul>\n<\/div>\n    \n  \n<\/div>\n\t\t\t\t<\/div>\n\t\t\t\t<\/div>\n\t\t\t\t<div class=\"elementor-element elementor-element-58a65a9 elementor-widget elementor-widget-spacer\" data-id=\"58a65a9\" data-element_type=\"widget\" data-e-type=\"widget\" data-widget_type=\"spacer.default\">\n\t\t\t\t\t\t\t<div class=\"elementor-spacer\">\n\t\t\t<div class=\"elementor-spacer-inner\"><\/div>\n\t\t<\/div>\n\t\t\t\t\t\t<\/div>\n\t\t\t\t<div class=\"elementor-element elementor-element-7753bbf elementor-widget elementor-widget-title\" data-id=\"7753bbf\" data-element_type=\"widget\" data-e-type=\"widget\" data-widget_type=\"title.default\">\n\t\t\t\t<div class=\"elementor-widget-container\">\n\t\t\t\t\t<div>\n      <div class=\"block mb-[3rem] md:mb-none md:flex relative\">\n      <h2 class=\"w-fit title-h2 pb-2 md:pb-0 \">Information relative aux conventions r\u00e9glement\u00e9es<\/h2>\n      <div class=\"title-divider ml-0 mr-0 md:ml-3 self-center\"><\/div>\n      <p class=\"title-anchor -bottom-[2rem] md:bottom-[50%] right-0 \" id=\"\"><\/p>\n    <\/div>\n  <\/div>\n\t\t\t\t<\/div>\n\t\t\t\t<\/div>\n\t\t\t\t<div class=\"elementor-element elementor-element-fb801b8 elementor-widget elementor-widget-publications\" data-id=\"fb801b8\" data-element_type=\"widget\" data-e-type=\"widget\" data-widget_type=\"publications.default\">\n\t\t\t\t<div class=\"elementor-widget-container\">\n\t\t\t\t\t<div class=\"pagination-filter-component dynamic-filterable-component\">\n\n  \n      <div class=\"flex flex-col gap-x-6 mb-5\">\n\n    <div class=\"flex justify-between items-end\">\n\n      \n      \n      \n              <div class=\"flex min-w-max ml-auto\">\n          <a href=\"https:\/\/www.vallourec.com\/press\/\" class=\"title-anchor-link font-medium text-blue-primary-brand h-auto w-fit self-end transition\">Voir toutes les publications <\/a>\n        <\/div>\n      \n    <\/div>\n\n    \n    <div class=\"bg-black h-1 w-full mt-1 mb-3\"><\/div>\n\n  <\/div>\n  \n  \n  \n          <div class=\"flex flex-col md:flex-row md:flex-wrap md:justify-between gap-y-[1.875rem] mt-6 md:mt-4 w-full dynamic-div\">\n        <div class=\"flex flex-col justify-between w-full md:w-[45%]\">\n        <div>\n  <div class=\"flex justify-between mb-2\">\n          \n      <div class=\"font-medium text-blue-secondary-800\">Information relative aux conventions r\u00e9glement\u00e9es<\/div>\n        <div class=\"text-grey ml-auto\">10 mai 2022<\/div>\n  <\/div>\n  <a  href=\"https:\/\/www.vallourec.com\/app\/uploads\/2022\/05\/Prsentation-des-conventions-rglementes-Accord-avec-Edouard-Guinotte.pdf\" target=\"_blank\"  class=\"inline-block transition font-bold text-xl text-black mb-2 hover:text-blue-primary-brand hover:translate-x-2\">Pr\u00e9sentation des conventions r\u00e9glement\u00e9es - Accord avec Edouard Guinotte<\/a>\n  <div class=\"text-sm text-black \"><\/div>\n<\/div>\n<div class=\"flex items-center gap-x-[0.9375rem] mt-1 min-h-[2.5rem]\">\n  <div class=\"w-full h-[1px] bg-black\"><\/div>\n      <a href=\"https:\/\/www.vallourec.com\/app\/uploads\/2022\/05\/Prsentation-des-conventions-rglementes-Accord-avec-Edouard-Guinotte.pdf\" target=\"_blank\" class=\"btn btn-secondary  flex items-center min-w-fit\"><span class=\"btn-press-release-label-save\">T\u00e9l\u00e9charger<\/span><\/a>\n  <\/div>\n      <\/div>\n                <div class=\"flex flex-col justify-between w-full md:w-[45%]\">\n        <div>\n  <div class=\"flex justify-between mb-2\">\n          \n      <div class=\"font-medium text-blue-secondary-800\">Information relative aux conventions r\u00e9glement\u00e9es<\/div>\n        <div class=\"text-grey ml-auto\">16 mars 2021<\/div>\n  <\/div>\n  <a  href=\"https:\/\/www.vallourec.com\/app\/uploads\/2021\/03\/20210315-Presentation-convention-reglementee-avec-Bpifrance-Participations.pdf\" target=\"_blank\"  class=\"inline-block transition font-bold text-xl text-black mb-2 hover:text-blue-primary-brand hover:translate-x-2\">Information relative aux conventions r\u00e9glement\u00e9es BPI<\/a>\n  <div class=\"text-sm text-black \"><\/div>\n<\/div>\n<div class=\"flex items-center gap-x-[0.9375rem] mt-1 min-h-[2.5rem]\">\n  <div class=\"w-full h-[1px] bg-black\"><\/div>\n      <a href=\"https:\/\/www.vallourec.com\/app\/uploads\/2021\/03\/20210315-Presentation-convention-reglementee-avec-Bpifrance-Participations.pdf\" target=\"_blank\" class=\"btn btn-secondary  flex items-center min-w-fit\"><span class=\"btn-press-release-label-save\">T\u00e9l\u00e9charger<\/span><\/a>\n  <\/div>\n      <\/div>\n                <div class=\"flex flex-col justify-between w-full md:w-[45%]\">\n        <div>\n  <div class=\"flex justify-between mb-2\">\n          \n      <div class=\"font-medium text-blue-secondary-800\">Information relative aux conventions r\u00e9glement\u00e9es<\/div>\n        <div class=\"text-grey ml-auto\">15 mars 2021<\/div>\n  <\/div>\n  <a  href=\"https:\/\/www.vallourec.com\/app\/uploads\/2021\/03\/20210315-Presentation-convention-reglementee-avec-Nippon-Steel-Corporation.pdf\" target=\"_blank\"  class=\"inline-block transition font-bold text-xl text-black mb-2 hover:text-blue-primary-brand hover:translate-x-2\">Information relative aux conventions r\u00e9glement\u00e9es Nippon Steel Corporation<\/a>\n  <div class=\"text-sm text-black \"><\/div>\n<\/div>\n<div class=\"flex items-center gap-x-[0.9375rem] mt-1 min-h-[2.5rem]\">\n  <div class=\"w-full h-[1px] bg-black\"><\/div>\n      <a href=\"https:\/\/www.vallourec.com\/app\/uploads\/2021\/03\/20210315-Presentation-convention-reglementee-avec-Nippon-Steel-Corporation.pdf\" target=\"_blank\" class=\"btn btn-secondary  flex items-center min-w-fit\"><span class=\"btn-press-release-label-save\">T\u00e9l\u00e9charger<\/span><\/a>\n  <\/div>\n      <\/div>\n                <div class=\"flex flex-col justify-between w-full md:w-[45%]\">\n        <div>\n  <div class=\"flex justify-between mb-2\">\n          \n      <div class=\"font-medium text-blue-secondary-800\">Information relative aux conventions r\u00e9glement\u00e9es<\/div>\n        <div class=\"text-grey ml-auto\">20 f\u00e9vrier 2020<\/div>\n  <\/div>\n  <a  href=\"https:\/\/www.vallourec.com\/app\/uploads\/2020\/02\/Prsentation-des-conventions-rglementes_BPI_17022020.pdf\" target=\"_blank\"  class=\"inline-block transition font-bold text-xl text-black mb-2 hover:text-blue-primary-brand hover:translate-x-2\">Information relative aux conventions r\u00e9glement\u00e9es BPI<\/a>\n  <div class=\"text-sm text-black \"><\/div>\n<\/div>\n<div class=\"flex items-center gap-x-[0.9375rem] mt-1 min-h-[2.5rem]\">\n  <div class=\"w-full h-[1px] bg-black\"><\/div>\n      <a href=\"https:\/\/www.vallourec.com\/app\/uploads\/2020\/02\/Prsentation-des-conventions-rglementes_BPI_17022020.pdf\" target=\"_blank\" class=\"btn btn-secondary  flex items-center min-w-fit\"><span class=\"btn-press-release-label-save\">T\u00e9l\u00e9charger<\/span><\/a>\n  <\/div>\n      <\/div>\n                <div class=\"flex flex-col justify-between w-full md:w-[45%]\">\n        <div>\n  <div class=\"flex justify-between mb-2\">\n          \n      <div class=\"font-medium text-blue-secondary-800\">Information relative aux conventions r\u00e9glement\u00e9es<\/div>\n        <div class=\"text-grey ml-auto\">20 f\u00e9vrier 2020<\/div>\n  <\/div>\n  <a  href=\"https:\/\/www.vallourec.com\/app\/uploads\/2020\/02\/Prsentation-des-conventions-rglementes_NS_17022020.pdf\" target=\"_blank\"  class=\"inline-block transition font-bold text-xl text-black mb-2 hover:text-blue-primary-brand hover:translate-x-2\">Information relative aux conventions r\u00e9glement\u00e9es NS<\/a>\n  <div class=\"text-sm text-black \"><\/div>\n<\/div>\n<div class=\"flex items-center gap-x-[0.9375rem] mt-1 min-h-[2.5rem]\">\n  <div class=\"w-full h-[1px] bg-black\"><\/div>\n      <a href=\"https:\/\/www.vallourec.com\/app\/uploads\/2020\/02\/Prsentation-des-conventions-rglementes_NS_17022020.pdf\" target=\"_blank\" class=\"btn btn-secondary  flex items-center min-w-fit\"><span class=\"btn-press-release-label-save\">T\u00e9l\u00e9charger<\/span><\/a>\n  <\/div>\n      <\/div>\n            <\/div>\n    \n  \n<\/div>\n\t\t\t\t<\/div>\n\t\t\t\t<\/div>\n\t\t\t\t<div class=\"elementor-element elementor-element-e917b33 elementor-widget elementor-widget-spacer\" data-id=\"e917b33\" data-element_type=\"widget\" data-e-type=\"widget\" data-widget_type=\"spacer.default\">\n\t\t\t\t\t\t\t<div class=\"elementor-spacer\">\n\t\t\t<div class=\"elementor-spacer-inner\"><\/div>\n\t\t<\/div>\n\t\t\t\t\t\t<\/div>\n\t\t\t\t\t<\/div>\n\t\t<\/div>\n\t\t\t\t\t<\/div>\n\t\t<\/section>\n\t\t\t\t<\/div>\n\t\t","protected":false},"excerpt":{"rendered":"","protected":false},"author":1,"featured_media":0,"parent":3546,"menu_order":0,"comment_status":"closed","ping_status":"closed","template":"","meta":{"_acf_changed":false,"footnotes":""},"class_list":["post-10396","page","type-page","status-publish","hentry"],"acf":[],"yoast_head":"<title>Assembl\u00e9es g\u00e9n\u00e9rales - Vallourec<\/title>\n<meta name=\"description\" content=\"L\u2019Assembl\u00e9e G\u00e9n\u00e9rale r\u00e9unit chaque ann\u00e9e actionnaires et dirigeants pour un moment privil\u00e9gi\u00e9 d\u2019information, d\u2019\u00e9changes et de dialogue.\" \/>\n<meta name=\"robots\" content=\"index, follow, max-snippet:-1, max-image-preview:large, max-video-preview:-1\" \/>\n<link rel=\"canonical\" href=\"https:\/\/www.vallourec.com\/fr\/investisseurs\/assemblees-generales\/\" \/>\n<meta property=\"og:locale\" content=\"fr_FR\" \/>\n<meta property=\"og:type\" content=\"article\" \/>\n<meta property=\"og:title\" content=\"Assembl\u00e9es g\u00e9n\u00e9rales - Vallourec\" \/>\n<meta property=\"og:description\" content=\"L\u2019Assembl\u00e9e G\u00e9n\u00e9rale r\u00e9unit chaque ann\u00e9e actionnaires et dirigeants pour un moment privil\u00e9gi\u00e9 d\u2019information, d\u2019\u00e9changes et de dialogue.\" \/>\n<meta property=\"og:url\" content=\"https:\/\/www.vallourec.com\/fr\/investisseurs\/assemblees-generales\/\" \/>\n<meta property=\"og:site_name\" content=\"Vallourec\" \/>\n<meta property=\"article:publisher\" content=\"https:\/\/fr-fr.facebook.com\/Vallourec\/\" \/>\n<meta property=\"article:modified_time\" content=\"2026-04-29T09:04:29+00:00\" \/>\n<meta name=\"twitter:card\" content=\"summary_large_image\" \/>\n<meta name=\"twitter:site\" content=\"@Vallourec\" \/>\n<meta name=\"twitter:label1\" content=\"Dur\u00e9e de lecture estim\u00e9e\" \/>\n\t<meta name=\"twitter:data1\" content=\"3 minutes\" \/>\n<script type=\"application\/ld+json\" class=\"yoast-schema-graph\">{\"@context\":\"https:\\\/\\\/schema.org\",\"@graph\":[{\"@type\":\"WebPage\",\"@id\":\"https:\\\/\\\/www.vallourec.com\\\/fr\\\/investisseurs\\\/assemblees-generales\\\/\",\"url\":\"https:\\\/\\\/www.vallourec.com\\\/fr\\\/investisseurs\\\/assemblees-generales\\\/\",\"name\":\"Assembl\u00e9es g\u00e9n\u00e9rales - Vallourec\",\"isPartOf\":{\"@id\":\"https:\\\/\\\/www.vallourec.com\\\/fr\\\/#website\"},\"datePublished\":\"2023-09-21T12:05:08+00:00\",\"dateModified\":\"2026-04-29T09:04:29+00:00\",\"description\":\"L\u2019Assembl\u00e9e G\u00e9n\u00e9rale r\u00e9unit chaque ann\u00e9e actionnaires et dirigeants pour un moment privil\u00e9gi\u00e9 d\u2019information, d\u2019\u00e9changes et de dialogue.\",\"breadcrumb\":{\"@id\":\"https:\\\/\\\/www.vallourec.com\\\/fr\\\/investisseurs\\\/assemblees-generales\\\/#breadcrumb\"},\"inLanguage\":\"fr-FR\",\"potentialAction\":[{\"@type\":\"ReadAction\",\"target\":[\"https:\\\/\\\/www.vallourec.com\\\/fr\\\/investisseurs\\\/assemblees-generales\\\/\"]}]},{\"@type\":\"BreadcrumbList\",\"@id\":\"https:\\\/\\\/www.vallourec.com\\\/fr\\\/investisseurs\\\/assemblees-generales\\\/#breadcrumb\",\"itemListElement\":[{\"@type\":\"ListItem\",\"position\":1,\"name\":\"Investisseurs\",\"item\":\"https:\\\/\\\/www.vallourec.com\\\/fr\\\/investisseurs\\\/\"},{\"@type\":\"ListItem\",\"position\":2,\"name\":\"Assembl\u00e9es g\u00e9n\u00e9rales\"}]},{\"@type\":\"WebSite\",\"@id\":\"https:\\\/\\\/www.vallourec.com\\\/fr\\\/#website\",\"url\":\"https:\\\/\\\/www.vallourec.com\\\/fr\\\/\",\"name\":\"Vallourec\",\"description\":\"\",\"publisher\":{\"@id\":\"https:\\\/\\\/www.vallourec.com\\\/fr\\\/#organization\"},\"potentialAction\":[{\"@type\":\"SearchAction\",\"target\":{\"@type\":\"EntryPoint\",\"urlTemplate\":\"https:\\\/\\\/www.vallourec.com\\\/fr\\\/?s={search_term_string}\"},\"query-input\":{\"@type\":\"PropertyValueSpecification\",\"valueRequired\":true,\"valueName\":\"search_term_string\"}}],\"inLanguage\":\"fr-FR\"},{\"@type\":\"Organization\",\"@id\":\"https:\\\/\\\/www.vallourec.com\\\/fr\\\/#organization\",\"name\":\"Vallourec\",\"url\":\"https:\\\/\\\/www.vallourec.com\\\/fr\\\/\",\"logo\":{\"@type\":\"ImageObject\",\"inLanguage\":\"fr-FR\",\"@id\":\"https:\\\/\\\/www.vallourec.com\\\/fr\\\/#\\\/schema\\\/logo\\\/image\\\/\",\"url\":\"https:\\\/\\\/www.vallourec.com\\\/app\\\/uploads\\\/2024\\\/11\\\/vallourec_logo.jpg\",\"contentUrl\":\"https:\\\/\\\/www.vallourec.com\\\/app\\\/uploads\\\/2024\\\/11\\\/vallourec_logo.jpg\",\"width\":662,\"height\":500,\"caption\":\"Vallourec\"},\"image\":{\"@id\":\"https:\\\/\\\/www.vallourec.com\\\/fr\\\/#\\\/schema\\\/logo\\\/image\\\/\"},\"sameAs\":[\"https:\\\/\\\/fr-fr.facebook.com\\\/Vallourec\\\/\",\"https:\\\/\\\/x.com\\\/Vallourec\",\"https:\\\/\\\/www.instagram.com\\\/vallourec\\\/\",\"https:\\\/\\\/fr.linkedin.com\\\/company\\\/vallourec\",\"https:\\\/\\\/www.youtube.com\\\/channel\\\/UCgIl0xm1ANwajVkfCFvZr0w\"]}]}<\/script>","yoast_head_json":{"title":"Assembl\u00e9es g\u00e9n\u00e9rales - Vallourec","description":"L\u2019Assembl\u00e9e G\u00e9n\u00e9rale r\u00e9unit chaque ann\u00e9e actionnaires et dirigeants pour un moment privil\u00e9gi\u00e9 d\u2019information, d\u2019\u00e9changes et de dialogue.","robots":{"index":"index","follow":"follow","max-snippet":"max-snippet:-1","max-image-preview":"max-image-preview:large","max-video-preview":"max-video-preview:-1"},"canonical":"https:\/\/www.vallourec.com\/fr\/investisseurs\/assemblees-generales\/","og_locale":"fr_FR","og_type":"article","og_title":"Assembl\u00e9es g\u00e9n\u00e9rales - Vallourec","og_description":"L\u2019Assembl\u00e9e G\u00e9n\u00e9rale r\u00e9unit chaque ann\u00e9e actionnaires et dirigeants pour un moment privil\u00e9gi\u00e9 d\u2019information, d\u2019\u00e9changes et de dialogue.","og_url":"https:\/\/www.vallourec.com\/fr\/investisseurs\/assemblees-generales\/","og_site_name":"Vallourec","article_publisher":"https:\/\/fr-fr.facebook.com\/Vallourec\/","article_modified_time":"2026-04-29T09:04:29+00:00","twitter_card":"summary_large_image","twitter_site":"@Vallourec","twitter_misc":{"Dur\u00e9e de lecture estim\u00e9e":"3 minutes"},"schema":{"@context":"https:\/\/schema.org","@graph":[{"@type":"WebPage","@id":"https:\/\/www.vallourec.com\/fr\/investisseurs\/assemblees-generales\/","url":"https:\/\/www.vallourec.com\/fr\/investisseurs\/assemblees-generales\/","name":"Assembl\u00e9es g\u00e9n\u00e9rales - Vallourec","isPartOf":{"@id":"https:\/\/www.vallourec.com\/fr\/#website"},"datePublished":"2023-09-21T12:05:08+00:00","dateModified":"2026-04-29T09:04:29+00:00","description":"L\u2019Assembl\u00e9e G\u00e9n\u00e9rale r\u00e9unit chaque ann\u00e9e actionnaires et dirigeants pour un moment privil\u00e9gi\u00e9 d\u2019information, d\u2019\u00e9changes et de dialogue.","breadcrumb":{"@id":"https:\/\/www.vallourec.com\/fr\/investisseurs\/assemblees-generales\/#breadcrumb"},"inLanguage":"fr-FR","potentialAction":[{"@type":"ReadAction","target":["https:\/\/www.vallourec.com\/fr\/investisseurs\/assemblees-generales\/"]}]},{"@type":"BreadcrumbList","@id":"https:\/\/www.vallourec.com\/fr\/investisseurs\/assemblees-generales\/#breadcrumb","itemListElement":[{"@type":"ListItem","position":1,"name":"Investisseurs","item":"https:\/\/www.vallourec.com\/fr\/investisseurs\/"},{"@type":"ListItem","position":2,"name":"Assembl\u00e9es g\u00e9n\u00e9rales"}]},{"@type":"WebSite","@id":"https:\/\/www.vallourec.com\/fr\/#website","url":"https:\/\/www.vallourec.com\/fr\/","name":"Vallourec","description":"","publisher":{"@id":"https:\/\/www.vallourec.com\/fr\/#organization"},"potentialAction":[{"@type":"SearchAction","target":{"@type":"EntryPoint","urlTemplate":"https:\/\/www.vallourec.com\/fr\/?s={search_term_string}"},"query-input":{"@type":"PropertyValueSpecification","valueRequired":true,"valueName":"search_term_string"}}],"inLanguage":"fr-FR"},{"@type":"Organization","@id":"https:\/\/www.vallourec.com\/fr\/#organization","name":"Vallourec","url":"https:\/\/www.vallourec.com\/fr\/","logo":{"@type":"ImageObject","inLanguage":"fr-FR","@id":"https:\/\/www.vallourec.com\/fr\/#\/schema\/logo\/image\/","url":"https:\/\/www.vallourec.com\/app\/uploads\/2024\/11\/vallourec_logo.jpg","contentUrl":"https:\/\/www.vallourec.com\/app\/uploads\/2024\/11\/vallourec_logo.jpg","width":662,"height":500,"caption":"Vallourec"},"image":{"@id":"https:\/\/www.vallourec.com\/fr\/#\/schema\/logo\/image\/"},"sameAs":["https:\/\/fr-fr.facebook.com\/Vallourec\/","https:\/\/x.com\/Vallourec","https:\/\/www.instagram.com\/vallourec\/","https:\/\/fr.linkedin.com\/company\/vallourec","https:\/\/www.youtube.com\/channel\/UCgIl0xm1ANwajVkfCFvZr0w"]}]}},"_links":{"self":[{"href":"https:\/\/www.vallourec.com\/fr\/wp-json\/wp\/v2\/pages\/10396","targetHints":{"allow":["GET"]}}],"collection":[{"href":"https:\/\/www.vallourec.com\/fr\/wp-json\/wp\/v2\/pages"}],"about":[{"href":"https:\/\/www.vallourec.com\/fr\/wp-json\/wp\/v2\/types\/page"}],"author":[{"embeddable":true,"href":"https:\/\/www.vallourec.com\/fr\/wp-json\/wp\/v2\/users\/1"}],"replies":[{"embeddable":true,"href":"https:\/\/www.vallourec.com\/fr\/wp-json\/wp\/v2\/comments?post=10396"}],"version-history":[{"count":160,"href":"https:\/\/www.vallourec.com\/fr\/wp-json\/wp\/v2\/pages\/10396\/revisions"}],"predecessor-version":[{"id":26954,"href":"https:\/\/www.vallourec.com\/fr\/wp-json\/wp\/v2\/pages\/10396\/revisions\/26954"}],"up":[{"embeddable":true,"href":"https:\/\/www.vallourec.com\/fr\/wp-json\/wp\/v2\/pages\/3546"}],"wp:attachment":[{"href":"https:\/\/www.vallourec.com\/fr\/wp-json\/wp\/v2\/media?parent=10396"}],"curies":[{"name":"wp","href":"https:\/\/api.w.org\/{rel}","templated":true}]}}